{"id":501,"date":"2021-03-19T10:09:02","date_gmt":"2021-03-19T10:09:02","guid":{"rendered":"https:\/\/asociacioneuc.org\/?page_id=501"},"modified":"2021-10-18T17:52:24","modified_gmt":"2021-10-18T17:52:24","slug":"quienessomos","status":"publish","type":"page","link":"https:\/\/asociacioneuc.org\/index.php\/quienessomos\/","title":{"rendered":"QUI\u00c9NES SOMOS"},"content":{"rendered":"<p>[et_pb_section fb_built=\u00bb1&#8243; admin_label=\u00bbHero\u00bb _builder_version=\u00bb4.9.2&#8243; background_enable_image=\u00bboff\u00bb parallax=\u00bbon\u00bb background_video_mp4=\u00bbhttps:\/\/asociacioneuc.org\/wp-content\/uploads\/2021\/03\/video-chica-quienes-somos.mp4&#8243; min_height=\u00bb100px\u00bb height=\u00bb461px\u00bb custom_padding=\u00bb110px|||\u00bb global_colors_info=\u00bb{}\u00bb][et_pb_row column_structure=\u00bb1_2,1_2&#8243; use_custom_gutter=\u00bbon\u00bb gutter_width=\u00bb1&#8243; module_class=\u00bb et_pb_row_fullwidth\u00bb _builder_version=\u00bb4.9.2&#8243; width=\u00bb100%\u00bb width_tablet=\u00bb100%\u00bb width_phone=\u00bb\u00bb width_last_edited=\u00bbon|desktop\u00bb max_width=\u00bb100%\u00bb max_width_tablet=\u00bb100%\u00bb max_width_phone=\u00bb\u00bb max_width_last_edited=\u00bbon|desktop\u00bb min_height=\u00bb649px\u00bb custom_margin=\u00bb|auto|45px|auto||\u00bb custom_padding=\u00bb||17px|||\u00bb make_fullwidth=\u00bbon\u00bb global_colors_info=\u00bb{}\u00bb][et_pb_column type=\u00bb1_2&#8243; _builder_version=\u00bb3.25&#8243; background_position=\u00bbtop_left\u00bb custom_padding=\u00bb|||\u00bb global_colors_info=\u00bb{}\u00bb custom_padding__hover=\u00bb|||\u00bb][et_pb_image show_bottom_space=\u00bboff\u00bb force_fullwidth=\u00bbon\u00bb align_tablet=\u00bbcenter\u00bb align_phone=\u00bb\u00bb align_last_edited=\u00bbon|desktop\u00bb disabled_on=\u00bbon|on|off\u00bb _builder_version=\u00bb4.9.2&#8243; custom_margin=\u00bb|||\u00bb animation_direction=\u00bb%22fade_in%22&#8243; animation=\u00bbfade_in\u00bb global_colors_info=\u00bb{}\u00bb][\/et_pb_image][\/et_pb_column][et_pb_column type=\u00bb1_2&#8243; _builder_version=\u00bb3.25&#8243; background_position=\u00bbtop_left\u00bb custom_padding=\u00bb|10%||10%\u00bb global_colors_info=\u00bb{}\u00bb custom_padding__hover=\u00bb|||\u00bb][et_pb_text admin_label=\u00bbHero Title\u00bb _builder_version=\u00bb4.11.1&#8243; text_font=\u00bb||||\u00bb text_text_color=\u00bb#1a1a1a\u00bb text_font_size=\u00bb18px\u00bb header_font=\u00bbOswald|on||on|\u00bb header_text_align=\u00bbleft\u00bb header_font_size=\u00bb59px\u00bb header_line_height=\u00bb1.3em\u00bb background_layout=\u00bbdark\u00bb max_width=\u00bb450px\u00bb min_height=\u00bb78px\u00bb custom_margin=\u00bb|||\u00bb custom_margin_tablet=\u00bb\u00bb custom_margin_phone=\u00bb101px||||false|false\u00bb custom_margin_last_edited=\u00bbon|phone\u00bb custom_padding=\u00bb||0px|||\u00bb animation_style=\u00bbslide\u00bb animation_direction=\u00bbtop\u00bb animation_intensity_slide=\u00bb10%\u00bb text_font_size_tablet=\u00bb14px\u00bb text_font_size_phone=\u00bb8px\u00bb text_font_size_last_edited=\u00bbon|phone\u00bb header_font_size_tablet=\u00bb53px\u00bb header_font_size_phone=\u00bb40px\u00bb header_font_size_last_edited=\u00bbon|phone\u00bb header_line_height_tablet=\u00bb\u00bb header_line_height_phone=\u00bb1em\u00bb header_line_height_last_edited=\u00bbon|phone\u00bb locked=\u00bboff\u00bb inline_fonts=\u00bbZeyada\u00bb global_colors_info=\u00bb{}\u00bb]<\/p>\n<h1><strong><span style=\"font-family: Zeyada;\">Qui\u00e9nes somos<\/span><\/strong><\/h1>\n<p>[\/et_pb_text][et_pb_divider color=\u00bb#ff7644&#8243; divider_position=\u00bbcenter\u00bb divider_weight=\u00bb3px\u00bb show_divider_tablet=\u00bb\u00bb show_divider_phone=\u00bbon\u00bb show_divider_last_edited=\u00bbon|phone\u00bb divider_position_tablet=\u00bb\u00bb divider_position_phone=\u00bb\u00bb divider_position_last_edited=\u00bbon|tablet\u00bb disabled_on=\u00bboff|off|off%22&#8243; _builder_version=\u00bb4.11.1&#8243; max_width=\u00bb150px\u00bb height=\u00bbfalse\u00bb custom_margin=\u00bb||||false|false\u00bb custom_margin_tablet=\u00bb\u00bb custom_margin_phone=\u00bb\u00bb custom_margin_last_edited=\u00bbon|desktop\u00bb animation_style=\u00bbslide\u00bb animation_direction=\u00bbtop\u00bb animation_delay=\u00bb100ms\u00bb animation_intensity_slide=\u00bb10%\u00bb locked=\u00bboff\u00bb global_colors_info=\u00bb{}\u00bb][\/et_pb_divider][et_pb_text admin_label=\u00bbHero Sub Title\u00bb _builder_version=\u00bb4.11.1&#8243; text_font=\u00bbMontserrat||||||||\u00bb text_font_size=\u00bb23px\u00bb text_line_height=\u00bb1.4em\u00bb background_size=\u00bbinitial\u00bb background_position=\u00bbtop_left\u00bb background_repeat=\u00bbrepeat\u00bb background_layout=\u00bbdark\u00bb max_width=\u00bb513px\u00bb custom_margin=\u00bb|-59px||||\u00bb custom_margin_tablet=\u00bb\u00bb custom_margin_phone=\u00bb|-59px||-11px|false|false\u00bb custom_margin_last_edited=\u00bbon|phone\u00bb custom_padding=\u00bb30px|||\u00bb custom_padding_tablet=\u00bb\u00bb custom_padding_phone=\u00bb|1px||0px|false|false\u00bb custom_padding_last_edited=\u00bbon|phone\u00bb animation_style=\u00bbslide\u00bb animation_direction=\u00bbtop\u00bb animation_delay=\u00bb200ms\u00bb animation_intensity_slide=\u00bb10%\u00bb text_font_size_tablet=\u00bb20px\u00bb text_font_size_phone=\u00bb17px\u00bb text_font_size_last_edited=\u00bbon|tablet\u00bb header_font_size_tablet=\u00bb28px\u00bb header_font_size_phone=\u00bb26px\u00bb header_font_size_last_edited=\u00bbon|phone\u00bb locked=\u00bboff\u00bb global_colors_info=\u00bb{}\u00bb]<\/p>\n<p>J\u00f3venes que queremos dejar huella&#8230;<\/p>\n<p>[\/et_pb_text][\/et_pb_column][\/et_pb_row][\/et_pb_section][et_pb_section fb_built=\u00bb1&#8243; _builder_version=\u00bb3.22&#8243; min_height=\u00bb1096.4px\u00bb custom_margin=\u00bb-50px||-3px|||\u00bb custom_padding=\u00bb2px||0px|||\u00bb global_colors_info=\u00bb{}\u00bb][et_pb_row _builder_version=\u00bb4.11.1&#8243; background_size=\u00bbinitial\u00bb background_position=\u00bbtop_left\u00bb background_repeat=\u00bbrepeat\u00bb max_width=\u00bb1280px\u00bb hover_enabled=\u00bb0&#8243; use_custom_width=\u00bbon\u00bb custom_width_px=\u00bb1280px\u00bb global_colors_info=\u00bb{}\u00bb width_last_edited=\u00bbon|phone\u00bb width_phone=\u00bb90%\u00bb sticky_enabled=\u00bb0&#8243;][et_pb_column type=\u00bb4_4&#8243; _builder_version=\u00bb3.25&#8243; custom_padding=\u00bb|||\u00bb global_colors_info=\u00bb{}\u00bb custom_padding__hover=\u00bb|||\u00bb][et_pb_text content_tablet=\u00bb<\/p>\n<p style=%22text-align: justify;%22><span style=%22color: #111111;%22>La Universidad y, de modo m\u00e1s amplio, la cultura, constituyen una realidad de importancia decisiva.<\/span><br \/><span style=%22color: #111111;%22>Los Encuentros de Universitarios nacieron de la constataci\u00f3n de una necesidad: la b\u00fasqueda de la verdad realizando la s\u00edntesis de saberes, facilitando una formaci\u00f3n integral que est\u00e9 al servicio del hombre y de la sociedad.<\/span><\/p>\n<p>\u00bb content_phone=\u00bb<\/p>\n<p style=%22text-align: justify;%22><span style=%22color: #111111;%22>La Universidad y, de modo m\u00e1s amplio, la cultura, constituyen una realidad de importancia decisiva.<\/span><br \/><span style=%22color: #111111;%22>Los Encuentros de Universitarios nacieron de la constataci\u00f3n de una necesidad: la b\u00fasqueda de la verdad realizando la s\u00edntesis de saberes, facilitando una formaci\u00f3n integral que est\u00e9 al servicio del hombre y de la sociedad.<\/span><\/p>\n<p>\u00bb content_last_edited=\u00bbon|tablet\u00bb admin_label=\u00bbSection Title\u00bb _builder_version=\u00bb4.11.1&#8243; text_font=\u00bbMontserrat||||||||\u00bb text_text_color=\u00bb#75848f\u00bb text_font_size=\u00bb18px\u00bb text_line_height=\u00bb1.8em\u00bb header_font=\u00bb||||||||\u00bb header_text_align=\u00bbcenter\u00bb header_line_height=\u00bb1.4em\u00bb header_2_font=\u00bbMontserrat||||||||\u00bb header_2_text_align=\u00bbcenter\u00bb header_2_font_size=\u00bb40px\u00bb header_2_line_height=\u00bb1.5em\u00bb text_orientation=\u00bbcenter\u00bb custom_margin=\u00bb|||\u00bb custom_margin_tablet=\u00bb||-54px||false|false\u00bb custom_margin_phone=\u00bb21px||-17px||false|false\u00bb custom_margin_last_edited=\u00bbon|tablet\u00bb custom_padding=\u00bb|||\u00bb hover_enabled=\u00bb0&#8243; text_font_size_tablet=\u00bb16px\u00bb text_font_size_phone=\u00bb14px\u00bb text_font_size_last_edited=\u00bbon|phone\u00bb header_text_align_tablet=\u00bb\u00bb header_text_align_phone=\u00bbjustify\u00bb header_text_align_last_edited=\u00bbon|phone\u00bb header_2_text_align_tablet=\u00bb\u00bb header_2_text_align_phone=\u00bbjustify\u00bb header_2_text_align_last_edited=\u00bbon|phone\u00bb header_2_font_size_tablet=\u00bb35px\u00bb header_2_font_size_phone=\u00bb35px\u00bb header_2_font_size_last_edited=\u00bbon|phone\u00bb text_orientation_tablet=\u00bb\u00bb text_orientation_phone=\u00bbjustified\u00bb text_orientation_last_edited=\u00bbon|phone\u00bb locked=\u00bboff\u00bb global_colors_info=\u00bb{}\u00bb sticky_enabled=\u00bb0&#8243;]<\/p>\n<p style=\"text-align: center;\"><span style=\"color: #111111;\">La Universidad y, de modo m\u00e1s amplio, la cultura, constituyen una realidad de importancia decisiva.<\/span><br \/><span style=\"color: #111111;\">Los Encuentros de Universitarios nacieron de la constataci\u00f3n de una necesidad: la b\u00fasqueda de la verdad realizando la s\u00edntesis de saberes, facilitando una formaci\u00f3n integral que est\u00e9 al servicio del hombre y de la sociedad.<\/span><\/p>\n<p>[\/et_pb_text][\/et_pb_column][\/et_pb_row][et_pb_row column_structure=\u00bb3_5,2_5&#8243; _builder_version=\u00bb4.11.1&#8243; _module_preset=\u00bbdefault\u00bb custom_margin=\u00bb-14px|auto||auto||\u00bb hover_enabled=\u00bb0&#8243; global_colors_info=\u00bb{}\u00bb width_last_edited=\u00bbon|phone\u00bb width_phone=\u00bb90%\u00bb sticky_enabled=\u00bb0&#8243;][et_pb_column type=\u00bb3_5&#8243; _builder_version=\u00bb4.9.2&#8243; _module_preset=\u00bbdefault\u00bb global_colors_info=\u00bb{}\u00bb][et_pb_code _builder_version=\u00bb4.9.2&#8243; _module_preset=\u00bbdefault\u00bb global_colors_info=\u00bb{}\u00bb]<script type=\"text\/javascript\"> <!-- [et_pb_line_break_holder] -->jQuery(document).ready(function() {<!-- [et_pb_line_break_holder] -->\/\/ ocultar el contenido<!-- [et_pb_line_break_holder] -->jQuery('#mostrar').hide();<!-- [et_pb_line_break_holder] -->jQuery('.botoncillo').click(function(e){<!-- [et_pb_line_break_holder] -->e.preventDefault();jQuery(\"#mostrar\").slideToggle();<!-- [et_pb_line_break_holder] -->jQuery('.botoncillo').toggleClass('opened closed');<!-- [et_pb_line_break_holder] -->});<!-- [et_pb_line_break_holder] -->});<!-- [et_pb_line_break_holder] --><\/script>[\/et_pb_code][et_pb_text admin_label=\u00bbTitle\u00bb _builder_version=\u00bb4.11.1&#8243; text_font=\u00bb||||\u00bb text_text_color=\u00bb#1a1a1a\u00bb text_font_size=\u00bb1px\u00bb header_font=\u00bbOswald|on||on|\u00bb header_text_align=\u00bbleft\u00bb header_font_size=\u00bb52px\u00bb header_line_height=\u00bb1.3em\u00bb max_width=\u00bb736px\u00bb min_height=\u00bb92px\u00bb custom_margin=\u00bb|-16px|4px|||\u00bb custom_padding=\u00bb||0px|||\u00bb animation_style=\u00bbslide\u00bb animation_direction=\u00bbtop\u00bb animation_intensity_slide=\u00bb10%\u00bb text_font_size_tablet=\u00bb0px\u00bb text_font_size_phone=\u00bb-1px\u00bb text_font_size_last_edited=\u00bbon|phone\u00bb header_font_size_tablet=\u00bb43px\u00bb header_font_size_phone=\u00bb36px\u00bb header_font_size_last_edited=\u00bbon|phone\u00bb locked=\u00bboff\u00bb inline_fonts=\u00bbZeyada\u00bb global_colors_info=\u00bb{}\u00bb]<\/p>\n<h1><strong><span style=\"font-family: Zeyada;\"><span style=\"font-family: Alegreya; font-weight: normal;\">\u00bf<\/span><\/span><\/strong><strong><span style=\"font-family: Zeyada;\">Qu\u00e9 son los EUC?<\/span><\/strong><\/h1>\n<p>[\/et_pb_text][et_pb_divider color=\u00bb#ff6600&#8243; divider_position=\u00bbcenter\u00bb divider_weight=\u00bb3px\u00bb disabled_on=\u00bboff|off|off\u00bb _builder_version=\u00bb4.11.1&#8243; max_width=\u00bb150px\u00bb module_alignment=\u00bbleft\u00bb height=\u00bbfalse\u00bb custom_margin=\u00bb-18px|-623px|21px|||\u00bb custom_margin_tablet=\u00bb\u00bb custom_margin_phone=\u00bb-30px|-623px|20px||false|false\u00bb custom_margin_last_edited=\u00bbon|phone\u00bb animation_style=\u00bbslide\u00bb animation_direction=\u00bbtop\u00bb animation_delay=\u00bb100ms\u00bb animation_intensity_slide=\u00bb10%\u00bb locked=\u00bboff\u00bb global_colors_info=\u00bb{}\u00bb][\/et_pb_divider][et_pb_text admin_label=\u00bbSub Title\u00bb _builder_version=\u00bb4.11.1&#8243; text_font=\u00bbMontserrat||||||||\u00bb text_text_color=\u00bb#1a1a1a\u00bb text_font_size=\u00bb18px\u00bb text_line_height=\u00bb1.4em\u00bb background_size=\u00bbinitial\u00bb background_position=\u00bbtop_left\u00bb background_repeat=\u00bbrepeat\u00bb width=\u00bb99.6%\u00bb max_width=\u00bb621px\u00bb custom_margin=\u00bb|-29px|-13px|||\u00bb custom_padding=\u00bb1px|||0px||\u00bb animation_style=\u00bbslide\u00bb animation_direction=\u00bbtop\u00bb animation_delay=\u00bb200ms\u00bb animation_intensity_slide=\u00bb10%\u00bb text_font_size_tablet=\u00bb16px\u00bb text_font_size_phone=\u00bb14px\u00bb text_font_size_last_edited=\u00bbon|phone\u00bb locked=\u00bboff\u00bb global_colors_info=\u00bb{}\u00bb]<\/p>\n<p style=\"text-align: justify;\">Los EUC son Encuentros de alumnos y profesores universitarios que buscan alcanzar juntos el ideal de \u201cser universitario\u201d: buscar la verdad en todos los saberes y especialmente la verdad propia de la persona humana.<em><\/em><\/p>\n<p>[\/et_pb_text][et_pb_button button_url=\u00bb#\u00bb button_text=\u00bbLeer m\u00e1s\u00bb button_alignment=\u00bbleft\u00bb module_class=\u00bbbotoncillo\u00bb _builder_version=\u00bb4.9.2&#8243; _module_preset=\u00bbdefault\u00bb custom_button=\u00bbon\u00bb button_text_size=\u00bb14px\u00bb button_text_color=\u00bb#a5b9cc\u00bb button_border_width=\u00bb0px\u00bb button_border_radius=\u00bb0px\u00bb button_font=\u00bbMontserrat|700||on|||||\u00bb button_use_icon=\u00bboff\u00bb custom_margin=\u00bb19px|20px|20px|-1px||\u00bb custom_padding=\u00bb0px|0px|5px|0px||\u00bb global_colors_info=\u00bb{}\u00bb button_text_color__hover=\u00bb#e09900&#8243; button_text_color__hover_enabled=\u00bbon\u00bb button_bg_color__hover=\u00bbrgba(0,0,0,0)\u00bb button_bg_color__hover_enabled=\u00bbon\u00bb][\/et_pb_button][et_pb_cta module_id=\u00bbmostrar\u00bb _builder_version=\u00bb4.11.1&#8243; _module_preset=\u00bbdefault\u00bb header_font=\u00bbMontserrat||||||||\u00bb header_text_align=\u00bbjustify\u00bb body_font=\u00bbMontserrat||||||||\u00bb body_text_color=\u00bb#FFFFFF\u00bb body_font_size=\u00bb18px\u00bb background_color=\u00bbrgba(247,123,0,0.7)\u00bb text_orientation=\u00bbjustified\u00bb custom_margin=\u00bb-15px|||||\u00bb custom_padding=\u00bb24px|20px|1px|21px||\u00bb header_font_size_tablet=\u00bb20px\u00bb header_font_size_phone=\u00bb14px\u00bb header_font_size_last_edited=\u00bbon|tablet\u00bb body_font_size_tablet=\u00bb16px\u00bb body_font_size_phone=\u00bb14px\u00bb body_font_size_last_edited=\u00bbon|tablet\u00bb global_colors_info=\u00bb{}\u00bb]<\/p>\n<p>Los frutos de vivir as\u00ed la Universidad no s\u00f3lo se refieren a la formaci\u00f3n de una personalidad madura en cada uno de los alumnos, sino que estos generan a su alrededor, adem\u00e1s, peque\u00f1as \u201cminor\u00edas creativas\u201d, con una presencia responsable en la Universidad y en la sociedad.<\/p>\n<p>Los Encuentros de Universitarios:<\/p>\n<p>&#8211; Nos alientan a vivir en nuestro entorno las exigencias de la verdad y de una actitud de servicio, conforme al humanismo cristiano.<\/p>\n<p>&#8211; Nos ayudan a concebir la Universidad \u201ccomo una forma de convivencia intelectual y no como una mera expedidora de t\u00edtulos profesionales\u201d, como dir\u00eda D\u2019Ors.<\/p>\n<p>&#8211; Nos impulsan a defender desde todos los \u00e1mbitos la colaboraci\u00f3n mutua entre fe y raz\u00f3n.<\/p>\n<p>&#8211; Nos invitan a comprender que tambi\u00e9n es necesario y razonable interrogarse sobre Dios por medio de la raz\u00f3n, y esto es importante tambi\u00e9n en el contexto universitario<\/p>\n<p>[\/et_pb_cta][\/et_pb_column][et_pb_column type=\u00bb2_5&#8243; _builder_version=\u00bb4.9.2&#8243; _module_preset=\u00bbdefault\u00bb global_colors_info=\u00bb{}\u00bb][et_pb_image src=\u00bbhttps:\/\/asociacioneuc.org\/wp-content\/uploads\/2021\/10\/3-1.png\u00bb title_text=\u00bb3 (1)\u00bb _builder_version=\u00bb4.11.1&#8243; _module_preset=\u00bbdefault\u00bb global_colors_info=\u00bb{}\u00bb][\/et_pb_image][\/et_pb_column][\/et_pb_row][et_pb_row column_structure=\u00bb2_5,3_5&#8243; _builder_version=\u00bb4.11.1&#8243; _module_preset=\u00bbdefault\u00bb custom_margin=\u00bb-15px|auto||auto||\u00bb hover_enabled=\u00bb0&#8243; global_colors_info=\u00bb{}\u00bb width_last_edited=\u00bbon|phone\u00bb width_phone=\u00bb90%\u00bb sticky_enabled=\u00bb0&#8243;][et_pb_column type=\u00bb2_5&#8243; _builder_version=\u00bb4.9.2&#8243; _module_preset=\u00bbdefault\u00bb global_colors_info=\u00bb{}\u00bb][et_pb_image src=\u00bbhttps:\/\/asociacioneuc.org\/wp-content\/uploads\/2021\/10\/EUC-JAVIER-OCT-06-068-1-1.jpg\u00bb title_text=\u00bbEUC-JAVIER-OCT-06-068-1&#8243; _builder_version=\u00bb4.11.1&#8243; _module_preset=\u00bbdefault\u00bb custom_padding=\u00bb21px|||||\u00bb global_colors_info=\u00bb{}\u00bb][\/et_pb_image][\/et_pb_column][et_pb_column type=\u00bb3_5&#8243; _builder_version=\u00bb4.9.2&#8243; _module_preset=\u00bbdefault\u00bb global_colors_info=\u00bb{}\u00bb][et_pb_code _builder_version=\u00bb4.9.2&#8243; _module_preset=\u00bbdefault\u00bb custom_margin=\u00bb||1px|||\u00bb custom_padding=\u00bb3px|||||\u00bb global_colors_info=\u00bb{}\u00bb]<script type=\"text\/javascript\"> <!-- [et_pb_line_break_holder] -->jQuery(document).ready(function() {<!-- [et_pb_line_break_holder] -->\/\/ ocultar el contenido<!-- [et_pb_line_break_holder] -->jQuery('#mostrar1').hide();<!-- [et_pb_line_break_holder] -->jQuery('.botoncillo1').click(function(e){<!-- [et_pb_line_break_holder] -->e.preventDefault();jQuery(\"#mostrar1\").slideToggle();<!-- [et_pb_line_break_holder] -->jQuery('.botoncillo1').toggleClass('opened closed');<!-- [et_pb_line_break_holder] -->});<!-- [et_pb_line_break_holder] -->});<!-- [et_pb_line_break_holder] --><\/script>[\/et_pb_code][et_pb_text admin_label=\u00bbTitle\u00bb _builder_version=\u00bb4.11.1&#8243; text_font=\u00bb||||\u00bb text_text_color=\u00bb#1a1a1a\u00bb text_font_size=\u00bb1px\u00bb header_font=\u00bbOswald|on||on|\u00bb header_text_align=\u00bbleft\u00bb header_font_size=\u00bb52px\u00bb header_line_height=\u00bb1.3em\u00bb max_width=\u00bb736px\u00bb min_height=\u00bb92px\u00bb custom_margin=\u00bb|-16px|4px|||\u00bb custom_padding=\u00bb||0px|||\u00bb animation_style=\u00bbslide\u00bb animation_direction=\u00bbtop\u00bb animation_intensity_slide=\u00bb10%\u00bb header_font_size_tablet=\u00bb43px\u00bb header_font_size_phone=\u00bb36px\u00bb header_font_size_last_edited=\u00bbon|phone\u00bb locked=\u00bboff\u00bb inline_fonts=\u00bbZeyada\u00bb global_colors_info=\u00bb{}\u00bb]<\/p>\n<h1><strong><span style=\"font-family: Zeyada;\"><span style=\"font-family: Alegreya; font-weight: normal;\">\u00bf<\/span><\/span><\/strong><strong><span style=\"font-family: Zeyada;\">C\u00f3mo nacieron?<\/span><\/strong><\/h1>\n<p>[\/et_pb_text][et_pb_divider color=\u00bb#ff6600&#8243; divider_position=\u00bbcenter\u00bb divider_weight=\u00bb3px\u00bb disabled_on=\u00bboff|off|off\u00bb _builder_version=\u00bb4.11.1&#8243; max_width=\u00bb150px\u00bb module_alignment=\u00bbleft\u00bb height=\u00bbfalse\u00bb custom_margin=\u00bb-18px|-623px|21px|||\u00bb custom_margin_tablet=\u00bb\u00bb custom_margin_phone=\u00bb-28px|-623px|21px||false|false\u00bb custom_margin_last_edited=\u00bbon|phone\u00bb animation_style=\u00bbslide\u00bb animation_direction=\u00bbtop\u00bb animation_delay=\u00bb100ms\u00bb animation_intensity_slide=\u00bb10%\u00bb locked=\u00bboff\u00bb global_colors_info=\u00bb{}\u00bb][\/et_pb_divider][et_pb_text admin_label=\u00bbSub Title\u00bb _builder_version=\u00bb4.11.1&#8243; text_font=\u00bbMontserrat||||||||\u00bb text_text_color=\u00bb#1a1a1a\u00bb text_font_size=\u00bb18px\u00bb text_line_height=\u00bb1.4em\u00bb background_size=\u00bbinitial\u00bb background_position=\u00bbtop_left\u00bb background_repeat=\u00bbrepeat\u00bb width=\u00bb117.2%\u00bb width_tablet=\u00bb117.2%\u00bb width_phone=\u00bb\u00bb width_last_edited=\u00bbon|tablet\u00bb max_width=\u00bb605px\u00bb max_width_tablet=\u00bb106%\u00bb max_width_phone=\u00bb110%\u00bb max_width_last_edited=\u00bbon|phone\u00bb custom_margin=\u00bb|-107px|-3px|||\u00bb custom_padding=\u00bb1px|38px||0px||\u00bb animation_style=\u00bbslide\u00bb animation_direction=\u00bbtop\u00bb animation_delay=\u00bb200ms\u00bb animation_intensity_slide=\u00bb10%\u00bb text_font_size_tablet=\u00bb16px\u00bb text_font_size_phone=\u00bb14px\u00bb text_font_size_last_edited=\u00bbon|phone\u00bb locked=\u00bboff\u00bb global_colors_info=\u00bb{}\u00bb]<\/p>\n<p style=\"text-align: justify;\">La Universidad y, de modo m\u00e1s amplio, la cultura, constituyen una realidad de importancia decisiva. Los Encuentros de Universitarios nacieron de la constataci\u00f3n de una necesidad: la b\u00fasqueda de la verdad realizando la s\u00edntesis de saberes, facilitando una formaci\u00f3n integral que est\u00e9 al servicio del hombre y de la sociedad. En 1977 dieron comienzo en Javier (Navarra) estas reuniones de universitarios -profesores y alumnos-, con el fin de alcanzar juntos el ideal de contribuir a una presencia activa y responsable en la Universidad.<\/p>\n<p>[\/et_pb_text][et_pb_button button_url=\u00bb#\u00bb button_text=\u00bbLeer m\u00e1s\u00bb button_alignment=\u00bbleft\u00bb module_class=\u00bbbotoncillo1&#8243; _builder_version=\u00bb4.9.2&#8243; _module_preset=\u00bbdefault\u00bb custom_button=\u00bbon\u00bb button_text_size=\u00bb14px\u00bb button_text_color=\u00bb#a5b9cc\u00bb button_border_width=\u00bb0px\u00bb button_border_radius=\u00bb0px\u00bb button_font=\u00bbMontserrat|700||on|||||\u00bb button_use_icon=\u00bboff\u00bb custom_margin=\u00bb10px|20px|20px|0px||\u00bb custom_padding=\u00bb0px|0px|0px|0px||\u00bb global_colors_info=\u00bb{}\u00bb button_text_color__hover=\u00bb#e09900&#8243; button_text_color__hover_enabled=\u00bbon\u00bb button_bg_color__hover=\u00bbrgba(0,0,0,0)\u00bb button_bg_color__hover_enabled=\u00bbon\u00bb][\/et_pb_button][et_pb_cta module_id=\u00bbmostrar1&#8243; _builder_version=\u00bb4.11.1&#8243; _module_preset=\u00bbdefault\u00bb header_font=\u00bbMontserrat||||||||\u00bb header_text_align=\u00bbjustify\u00bb body_font=\u00bbMontserrat||||||||\u00bb body_text_color=\u00bb#FFFFFF\u00bb body_font_size=\u00bb18px\u00bb background_color=\u00bbrgba(247,123,0,0.7)\u00bb text_orientation=\u00bbjustified\u00bb custom_margin=\u00bb-10px|||||\u00bb custom_padding=\u00bb26px|17px|1px|20px||\u00bb body_font_size_tablet=\u00bb16px\u00bb body_font_size_phone=\u00bb14px\u00bb body_font_size_last_edited=\u00bbon|phone\u00bb global_colors_info=\u00bb{}\u00bb]<\/p>\n<p>La primera convocatoria reuni\u00f3 a ciento cincuenta profesores y alumnos de Madrid, Barcelona, Granada, Valladolid, Sevilla, M\u00e1laga, Salamanca, etc. Desde entonces, se han celebrado dos Encuentros anuales en distintas ciudades espa\u00f1olas. En los a\u00f1os 90 los EUC comenzaron a celebrarse en Dubl\u00edn (Irlanda), Munich (Alemania), Lima (Per\u00fa), Bogot\u00e1 (Colombia) y Guadalajara (M\u00e9jico); siguen extendi\u00e9ndose por diferentes pa\u00edses, contribuyendo a que la Universidad vuelva a ser una comunidad de estudiantes y maestros en b\u00fasqueda de la Verdad.<\/p>\n<p>Un conjunto de conferencias, mesas redondas, comunicaciones de alumnos, tertulias, asambleas y veladas son algunas de las actividades que se desarrollan en los Encuentros. Todo ello, impregnado de lo que precisamente le da el nombre de Encuentro, el \u00abcalor humano\u00bb que ayuda a concebir la Universidad como una forma de convivencia intelectual y de palestra en defensa de la verdad.<\/p>\n<p>\u201cLos Mass Media\u201d,\u00a0 \u201cLa evangelizaci\u00f3n de la cultura\u201d, \u201cEcolog\u00eda humana\u201d, \u201cLa era del vac\u00edo\u201d, \u201cHombre, mujer. identidad sexual\u201d, \u201cBio\u00e9tica\u201d, \u201cJavier, universitario y misionero\u201d, \u201cDe la raz\u00f3n a la fe\u201d, \u00ab\u00bfReinventar lo humano?\u00bb, \u00abDel<em>\u00a0homo sapiens\u00a0<\/em>al\u00a0<em>homo virtualis<\/em>\u00ab, \u00abLa pobreza tiene un rostro\u00bb, \u00abLlamados a amar\u00bb, \u00abIntelectuales del siglo XX\u00bb, \u201cAsombrados por la diferencia\u201d, son algunos de los t\u00edtulos de estos Encuentros, celebrados desde hace algo m\u00e1s de cincuenta a\u00f1os en distintas ciudades universitarias.<\/p>\n<p>[\/et_pb_cta][\/et_pb_column][\/et_pb_row][et_pb_row column_structure=\u00bb3_5,2_5&#8243; _builder_version=\u00bb4.11.1&#8243; _module_preset=\u00bbdefault\u00bb custom_padding=\u00bb2px|||||\u00bb hover_enabled=\u00bb0&#8243; global_colors_info=\u00bb{}\u00bb width_last_edited=\u00bbon|phone\u00bb width_phone=\u00bb90%\u00bb sticky_enabled=\u00bb0&#8243;][et_pb_column type=\u00bb3_5&#8243; _builder_version=\u00bb4.9.2&#8243; _module_preset=\u00bbdefault\u00bb global_colors_info=\u00bb{}\u00bb][et_pb_code admin_label=\u00bbC\u00f3digo\u00bb _builder_version=\u00bb4.11.1&#8243; _module_preset=\u00bbdefault\u00bb custom_margin=\u00bb||-6px|||\u00bb global_colors_info=\u00bb{}\u00bb]<script type=\"text\/javascript\"> <!-- [et_pb_line_break_holder] -->jQuery(document).ready(function() {<!-- [et_pb_line_break_holder] -->\/\/ ocultar el contenido<!-- [et_pb_line_break_holder] -->jQuery('#mostrar2').hide();<!-- [et_pb_line_break_holder] -->jQuery('.botoncillo2').click(function(e){<!-- [et_pb_line_break_holder] -->e.preventDefault();jQuery(\"#mostrar2\").slideToggle();<!-- [et_pb_line_break_holder] -->jQuery('.botoncillo2').toggleClass('opened closed');<!-- [et_pb_line_break_holder] -->});<!-- [et_pb_line_break_holder] -->});<!-- [et_pb_line_break_holder] --><\/script>[\/et_pb_code][et_pb_text admin_label=\u00bbTitle\u00bb _builder_version=\u00bb4.11.1&#8243; text_font=\u00bb||||\u00bb text_text_color=\u00bb#1a1a1a\u00bb text_font_size=\u00bb1px\u00bb header_font=\u00bbOswald|on||on|\u00bb header_text_align=\u00bbleft\u00bb header_font_size=\u00bb52px\u00bb header_line_height=\u00bb1.3em\u00bb max_width=\u00bb736px\u00bb min_height=\u00bb92px\u00bb custom_margin=\u00bb|-16px|4px|||\u00bb custom_margin_tablet=\u00bb\u00bb custom_margin_phone=\u00bb21px||-4px||false|false\u00bb custom_margin_last_edited=\u00bbon|phone\u00bb custom_padding=\u00bb||0px|||\u00bb animation_style=\u00bbslide\u00bb animation_direction=\u00bbtop\u00bb animation_intensity_slide=\u00bb10%\u00bb header_font_size_tablet=\u00bb44px\u00bb header_font_size_phone=\u00bb36px\u00bb header_font_size_last_edited=\u00bbon|phone\u00bb locked=\u00bboff\u00bb inline_fonts=\u00bbZeyada\u00bb global_colors_info=\u00bb{}\u00bb]<\/p>\n<h1><strong><span style=\"font-family: Zeyada;\"><span style=\"font-family: Alegreya; font-weight: normal;\">\u00bf<\/span><\/span><\/strong><strong><span style=\"font-family: Zeyada;\">Por qu\u00e9 nacieron?<\/span><\/strong><\/h1>\n<p>[\/et_pb_text][et_pb_divider color=\u00bb#ff6600&#8243; divider_position=\u00bbcenter\u00bb divider_weight=\u00bb3px\u00bb disabled_on=\u00bboff|off|off\u00bb _builder_version=\u00bb4.11.1&#8243; max_width=\u00bb150px\u00bb module_alignment=\u00bbleft\u00bb height=\u00bbfalse\u00bb custom_margin=\u00bb-16px|||||\u00bb custom_margin_tablet=\u00bb\u00bb custom_margin_phone=\u00bb-21px||17px||false|false\u00bb custom_margin_last_edited=\u00bbon|phone\u00bb animation_style=\u00bbslide\u00bb animation_direction=\u00bbtop\u00bb animation_delay=\u00bb100ms\u00bb animation_intensity_slide=\u00bb10%\u00bb locked=\u00bboff\u00bb global_colors_info=\u00bb{}\u00bb][\/et_pb_divider][et_pb_text admin_label=\u00bbSub Title\u00bb _builder_version=\u00bb4.11.1&#8243; text_font=\u00bbMontserrat||||||||\u00bb text_text_color=\u00bb#1a1a1a\u00bb text_font_size=\u00bb18px\u00bb text_line_height=\u00bb1.4em\u00bb background_size=\u00bbinitial\u00bb background_position=\u00bbtop_left\u00bb background_repeat=\u00bbrepeat\u00bb max_width=\u00bb559px\u00bb custom_padding=\u00bb3px|||||\u00bb animation_style=\u00bbslide\u00bb animation_direction=\u00bbtop\u00bb animation_delay=\u00bb200ms\u00bb animation_intensity_slide=\u00bb10%\u00bb text_font_size_tablet=\u00bb16px\u00bb text_font_size_phone=\u00bb14px\u00bb text_font_size_last_edited=\u00bbon|phone\u00bb header_font_size_tablet=\u00bb30px\u00bb header_font_size_phone=\u00bb\u00bb header_font_size_last_edited=\u00bbon|tablet\u00bb locked=\u00bboff\u00bb global_colors_info=\u00bb{}\u00bb]<\/p>\n<p>Surgieron de una <strong>necesidad <\/strong>y de una <strong>convicci\u00f3n.<\/strong><\/p>\n<p>[\/et_pb_text][et_pb_button button_url=\u00bb#\u00bb button_text=\u00bbLeer m\u00e1s\u00bb button_alignment=\u00bbleft\u00bb module_class=\u00bbbotoncillo2&#8243; _builder_version=\u00bb4.11.1&#8243; _module_preset=\u00bbdefault\u00bb custom_button=\u00bbon\u00bb button_text_size=\u00bb14px\u00bb button_text_color=\u00bb#a5b9cc\u00bb button_border_width=\u00bb0px\u00bb button_border_radius=\u00bb0px\u00bb button_font=\u00bbMontserrat|700||on|||||\u00bb button_use_icon=\u00bboff\u00bb custom_margin=\u00bb-18px|20px|20px|0px||\u00bb custom_padding=\u00bb0px|0px|0px|0px||\u00bb global_colors_info=\u00bb{}\u00bb button_text_color__hover=\u00bb#e09900&#8243; button_text_color__hover_enabled=\u00bbon\u00bb button_bg_color__hover=\u00bbrgba(0,0,0,0)\u00bb button_bg_color__hover_enabled=\u00bbon\u00bb][\/et_pb_button][et_pb_cta module_id=\u00bbmostrar2&#8243; _builder_version=\u00bb4.11.1&#8243; _module_preset=\u00bbdefault\u00bb header_font=\u00bbMontserrat||||||||\u00bb header_text_align=\u00bbjustify\u00bb body_font=\u00bbMontserrat||||||||\u00bb body_text_color=\u00bb#FFFFFF\u00bb body_font_size=\u00bb18px\u00bb background_color=\u00bbrgba(247,123,0,0.7)\u00bb text_orientation=\u00bbjustified\u00bb custom_padding=\u00bb19px|17px|1px|20px||\u00bb header_font_size_tablet=\u00bb\u00bb header_font_size_phone=\u00bb25px\u00bb header_font_size_last_edited=\u00bbon|phone\u00bb body_font_size_tablet=\u00bb16px\u00bb body_font_size_phone=\u00bb14px\u00bb body_font_size_last_edited=\u00bbon|tablet\u00bb global_colors_info=\u00bb{}\u00bb]<\/p>\n<p>Muchos estudiantes frecuentamos la Universidad sin encontrar en ella una formaci\u00f3n humana capaz de ayudarnos en el necesario discernimiento del sentido de la vida. A veces echamos de menos estructuras de acogida, de acompa\u00f1amiento y de vida comunitaria. La formaci\u00f3n utilitaria se impone sobre el humanismo integral, llevando a considerar las necesidades y expectativas de la persona como algo sin sentido ni importancia. De ah\u00ed la importancia de estos Encuentros, en los que se facilita una formaci\u00f3n integral al servicio del hombre y de la sociedad.<\/p>\n<p>Surgieron, pues, de una <strong>necesidad:<\/strong> la \u201cdictadura del relativismo\u201d, que impone una vida superficial y utilitarista, y la crisis de sentido de la vida, que invade las mentes y corazones de la mayor\u00eda de los hombres, mujeres y j\u00f3venes que nos rodean, se extiende de forma abrumadora y triste. Y de una <strong>convicci\u00f3n:<\/strong> la Universidad puede transformarse, puede convertirse en el lugar de la b\u00fasqueda de la verdad, si unos cuantos se deciden firmemente a transformarla.<\/p>\n<p>[\/et_pb_cta][\/et_pb_column][et_pb_column type=\u00bb2_5&#8243; _builder_version=\u00bb4.9.2&#8243; _module_preset=\u00bbdefault\u00bb global_colors_info=\u00bb{}\u00bb][et_pb_image src=\u00bbhttps:\/\/asociacioneuc.org\/wp-content\/uploads\/2021\/10\/eucavilasaragallardo-scaled-1.jpg\u00bb title_text=\u00bbeucavila\u00bb _builder_version=\u00bb4.11.1&#8243; _module_preset=\u00bbdefault\u00bb global_colors_info=\u00bb{}\u00bb][\/et_pb_image][\/et_pb_column][\/et_pb_row][et_pb_row column_structure=\u00bb2_5,3_5&#8243; _builder_version=\u00bb4.11.1&#8243; _module_preset=\u00bbdefault\u00bb custom_padding=\u00bb9px|||||\u00bb hover_enabled=\u00bb0&#8243; global_colors_info=\u00bb{}\u00bb width_last_edited=\u00bbon|phone\u00bb width_phone=\u00bb90%\u00bb sticky_enabled=\u00bb0&#8243;][et_pb_column type=\u00bb2_5&#8243; _builder_version=\u00bb4.9.2&#8243; _module_preset=\u00bbdefault\u00bb global_colors_info=\u00bb{}\u00bb][et_pb_image src=\u00bbhttps:\/\/asociacioneuc.org\/wp-content\/uploads\/2021\/10\/UCAV-euc-1.jpg\u00bb title_text=\u00bbUCAV-euc\u00bb _builder_version=\u00bb4.11.1&#8243; _module_preset=\u00bbdefault\u00bb global_colors_info=\u00bb{}\u00bb][\/et_pb_image][\/et_pb_column][et_pb_column type=\u00bb3_5&#8243; _builder_version=\u00bb4.9.2&#8243; _module_preset=\u00bbdefault\u00bb global_colors_info=\u00bb{}\u00bb][et_pb_code admin_label=\u00bbC\u00f3digo\u00bb _builder_version=\u00bb4.9.2&#8243; _module_preset=\u00bbdefault\u00bb global_colors_info=\u00bb{}\u00bb]<script type=\"text\/javascript\"> <!-- [et_pb_line_break_holder] -->jQuery(document).ready(function() {<!-- [et_pb_line_break_holder] -->\/\/ ocultar el contenido<!-- [et_pb_line_break_holder] -->jQuery('#mostrar3').hide();<!-- [et_pb_line_break_holder] -->jQuery('.botoncillo3').click(function(e){<!-- [et_pb_line_break_holder] -->e.preventDefault();jQuery(\"#mostrar3\").slideToggle();<!-- [et_pb_line_break_holder] -->jQuery('.botoncillo3').toggleClass('opened closed');<!-- [et_pb_line_break_holder] -->});<!-- [et_pb_line_break_holder] -->});<!-- [et_pb_line_break_holder] --><\/script>[\/et_pb_code][et_pb_text admin_label=\u00bbTitle\u00bb _builder_version=\u00bb4.11.1&#8243; text_font=\u00bb||||\u00bb text_text_color=\u00bb#1a1a1a\u00bb text_font_size=\u00bb1px\u00bb header_font=\u00bbOswald|on||on|\u00bb header_text_align=\u00bbleft\u00bb header_font_size=\u00bb52px\u00bb header_line_height=\u00bb1.3em\u00bb max_width=\u00bb736px\u00bb min_height=\u00bb92px\u00bb custom_margin=\u00bb-30px|-16px|4px|||\u00bb custom_padding=\u00bb||0px|||\u00bb custom_padding_tablet=\u00bb\u00bb custom_padding_phone=\u00bb0px||16px||false|false\u00bb custom_padding_last_edited=\u00bbon|phone\u00bb animation_style=\u00bbslide\u00bb animation_direction=\u00bbtop\u00bb animation_intensity_slide=\u00bb10%\u00bb header_font_size_tablet=\u00bb44px\u00bb header_font_size_phone=\u00bb36px\u00bb header_font_size_last_edited=\u00bbon|phone\u00bb header_line_height_tablet=\u00bb\u00bb header_line_height_phone=\u00bb0.6em\u00bb header_line_height_last_edited=\u00bbon|phone\u00bb locked=\u00bboff\u00bb inline_fonts=\u00bbZeyada,Alegreya\u00bb global_colors_info=\u00bb{}\u00bb]<\/p>\n<h1><strong><span style=\"font-family: Zeyada;\"><span style=\"font-family: Alegreya; font-weight: normal;\">\u00bf<\/span>A qu\u00e9 han dado lugar?<\/span><\/strong><\/h1>\n<p>[\/et_pb_text][et_pb_divider color=\u00bb#ff6600&#8243; divider_position=\u00bbcenter\u00bb divider_weight=\u00bb3px\u00bb disabled_on=\u00bboff|off|off\u00bb _builder_version=\u00bb4.9.2&#8243; max_width=\u00bb150px\u00bb module_alignment=\u00bbleft\u00bb height=\u00bbfalse\u00bb custom_margin=\u00bb-18px|-623px||||\u00bb animation_style=\u00bbslide\u00bb animation_direction=\u00bbtop\u00bb animation_delay=\u00bb100ms\u00bb animation_intensity_slide=\u00bb10%\u00bb locked=\u00bboff\u00bb global_colors_info=\u00bb{}\u00bb][\/et_pb_divider][et_pb_text admin_label=\u00bbSub Title\u00bb _builder_version=\u00bb4.11.1&#8243; text_font=\u00bbMontserrat||||||||\u00bb text_text_color=\u00bb#1a1a1a\u00bb text_font_size=\u00bb18px\u00bb text_line_height=\u00bb1.4em\u00bb background_size=\u00bbinitial\u00bb background_position=\u00bbtop_left\u00bb background_repeat=\u00bbrepeat\u00bb max_width=\u00bb605px\u00bb max_width_tablet=\u00bb\u00bb max_width_phone=\u00bb100%\u00bb max_width_last_edited=\u00bbon|phone\u00bb custom_margin=\u00bb-11px|-107px|12px|||\u00bb custom_padding=\u00bb1px|||||\u00bb animation_style=\u00bbslide\u00bb animation_direction=\u00bbtop\u00bb animation_delay=\u00bb200ms\u00bb animation_intensity_slide=\u00bb10%\u00bb text_font_size_tablet=\u00bb16px\u00bb text_font_size_phone=\u00bb14px\u00bb text_font_size_last_edited=\u00bbon|tablet\u00bb header_font_size_tablet=\u00bb\u00bb header_font_size_phone=\u00bb29px\u00bb header_font_size_last_edited=\u00bbon|phone\u00bb locked=\u00bboff\u00bb global_colors_info=\u00bb{}\u00bb]<\/p>\n<p style=\"text-align: justify;\">Los EUC, desarrollados en distintos pa\u00edses, se sienten gozosos por la labor realizada. Han visto nacer de su misma entra\u00f1a numerosos frutos.<\/p>\n<p>[\/et_pb_text][et_pb_button button_url=\u00bb#\u00bb button_text=\u00bbLeer m\u00e1s\u00bb button_alignment=\u00bbleft\u00bb module_class=\u00bbbotoncillo3&#8243; _builder_version=\u00bb4.9.2&#8243; _module_preset=\u00bbdefault\u00bb custom_button=\u00bbon\u00bb button_text_size=\u00bb14px\u00bb button_text_color=\u00bb#a5b9cc\u00bb button_border_width=\u00bb0px\u00bb button_border_radius=\u00bb0px\u00bb button_font=\u00bbMontserrat|700||on|||||\u00bb button_use_icon=\u00bboff\u00bb custom_margin=\u00bb10px|20px|20px|0px||\u00bb custom_padding=\u00bb0px|0px|0px|0px||\u00bb global_colors_info=\u00bb{}\u00bb button_text_color__hover=\u00bb#e09900&#8243; button_text_color__hover_enabled=\u00bbon\u00bb button_bg_color__hover=\u00bbrgba(0,0,0,0)\u00bb button_bg_color__hover_enabled=\u00bbon\u00bb][\/et_pb_button][et_pb_cta module_id=\u00bbmostrar3&#8243; _builder_version=\u00bb4.11.1&#8243; _module_preset=\u00bbdefault\u00bb header_font=\u00bbMontserrat||||||||\u00bb header_text_align=\u00bbjustify\u00bb body_font=\u00bbMontserrat||||||||\u00bb body_text_color=\u00bb#FFFFFF\u00bb body_font_size=\u00bb18px\u00bb background_color=\u00bbrgba(247,123,0,0.7)\u00bb text_orientation=\u00bbjustified\u00bb custom_margin=\u00bb-8px|||||\u00bb custom_margin_tablet=\u00bb\u00bb custom_margin_phone=\u00bb||18px||false|false\u00bb custom_margin_last_edited=\u00bbon|phone\u00bb custom_padding=\u00bb23px|19px|1px|18px||\u00bb body_font_size_tablet=\u00bb16px\u00bb body_font_size_phone=\u00bb14px\u00bb body_font_size_last_edited=\u00bbon|tablet\u00bb global_colors_info=\u00bb{}\u00bb]<\/p>\n<p>De estos Encuentros han surgido en Espa\u00f1a Asociaciones Universitarias y de car\u00e1cter extrauniversitario: \u201cT\u00e9cnica y humanismo\u201d, en la UPM, \u201cAsociaci\u00f3n EUC\u201d, en la UCM y en la UAM, ONG como \u201cVoluntarios sin fronteras\u201d o \u201cSolidarios para el Desarrollo\u201d y el \u201cForo Cervantes\u201d. Otras iniciativas han sido ciclos de conferencias en muchas facultades, decenas de art\u00edculos en la prensa, seminarios de pensamiento y actividades extrauniversitarias, como \u201cAulas de verano\u201d o \u201cCampos de trabajo\u201d en Espa\u00f1a y en pa\u00edses hispanoamericanos. Sus objetivos se concretan en organizar programas de formaci\u00f3n, para poder estar presentes en los ambientes de investigaci\u00f3n cient\u00edfica y t\u00e9cnica, de creaci\u00f3n art\u00edstica y de reflexi\u00f3n humanista. Asimismo, en profundizar en los valores humanos, intelectuales y religiosos mediante programas de acogida y acompa\u00f1amiento personal de los universitarios.<\/p>\n<p>[\/et_pb_cta][\/et_pb_column][\/et_pb_row][\/et_pb_section]<\/p>\n","protected":false},"excerpt":{"rendered":"<p>Qui\u00e9nes somosJ\u00f3venes que queremos dejar huella&#8230;La Universidad y, de modo m\u00e1s amplio, la cultura, constituyen una realidad de importancia decisiva.Los Encuentros de Universitarios nacieron de la constataci\u00f3n de una necesidad: la b\u00fasqueda de la verdad realizando la s\u00edntesis de saberes, facilitando una formaci\u00f3n integral que est\u00e9 al servicio del hombre y de la sociedad.\u00bfQu\u00e9 son [&hellip;]<\/p>\n","protected":false},"author":2,"featured_media":0,"parent":0,"menu_order":0,"comment_status":"closed","ping_status":"closed","template":"","meta":{"_et_pb_use_builder":"on","_et_pb_old_content":"","_et_gb_content_width":""},"_links":{"self":[{"href":"https:\/\/asociacioneuc.org\/index.php\/wp-json\/wp\/v2\/pages\/501"}],"collection":[{"href":"https:\/\/asociacioneuc.org\/index.php\/wp-json\/wp\/v2\/pages"}],"about":[{"href":"https:\/\/asociacioneuc.org\/index.php\/wp-json\/wp\/v2\/types\/page"}],"author":[{"embeddable":true,"href":"https:\/\/asociacioneuc.org\/index.php\/wp-json\/wp\/v2\/users\/2"}],"replies":[{"embeddable":true,"href":"https:\/\/asociacioneuc.org\/index.php\/wp-json\/wp\/v2\/comments?post=501"}],"version-history":[{"count":100,"href":"https:\/\/asociacioneuc.org\/index.php\/wp-json\/wp\/v2\/pages\/501\/revisions"}],"predecessor-version":[{"id":2020,"href":"https:\/\/asociacioneuc.org\/index.php\/wp-json\/wp\/v2\/pages\/501\/revisions\/2020"}],"wp:attachment":[{"href":"https:\/\/asociacioneuc.org\/index.php\/wp-json\/wp\/v2\/media?parent=501"}],"curies":[{"name":"wp","href":"https:\/\/api.w.org\/{rel}","templated":true}]}}