{"id":2188,"date":"2022-11-28T08:53:43","date_gmt":"2022-11-28T08:53:43","guid":{"rendered":"https:\/\/asociacioneuc.org\/?page_id=2188"},"modified":"2026-03-11T11:23:55","modified_gmt":"2026-03-11T11:23:55","slug":"anterioreseucaudios","status":"publish","type":"page","link":"https:\/\/asociacioneuc.org\/index.php\/anterioreseucaudios\/","title":{"rendered":"Anteriores EUC audios"},"content":{"rendered":"<p>[et_pb_section fb_built=\u00bb1&#8243; custom_padding_last_edited=\u00bbon|tablet\u00bb admin_label=\u00bbPackages\u00bb _builder_version=\u00bb4.15&#8243; custom_padding=\u00bb16px||23px|0px||\u00bb custom_padding_tablet=\u00bb0px||0px|\u00bb custom_padding_phone=\u00bb\u00bb global_colors_info=\u00bb{}\u00bb][et_pb_row column_structure=\u00bb3_4,1_4&#8243; _builder_version=\u00bb4.15&#8243; _module_preset=\u00bbdefault\u00bb custom_padding=\u00bb48px|||||\u00bb global_colors_info=\u00bb{}\u00bb][et_pb_column type=\u00bb3_4&#8243; _builder_version=\u00bb4.15&#8243; _module_preset=\u00bbdefault\u00bb global_colors_info=\u00bb{}\u00bb][et_pb_text _builder_version=\u00bb4.15&#8243; text_font=\u00bb||||\u00bb text_text_color=\u00bb#1a1a1a\u00bb header_font=\u00bbOswald|on||on|\u00bb header_text_align=\u00bbcenter\u00bb header_font_size=\u00bb60px\u00bb header_line_height=\u00bb1.3em\u00bb module_alignment=\u00bbcenter\u00bb min_height=\u00bb63px\u00bb custom_margin=\u00bb-71px||-13px|||\u00bb custom_padding=\u00bb32px||0px|||\u00bb animation_style=\u00bbslide\u00bb animation_direction=\u00bbtop\u00bb animation_intensity_slide=\u00bb10%\u00bb header_font_size_tablet=\u00bb50px\u00bb header_font_size_phone=\u00bb35px\u00bb header_font_size_last_edited=\u00bbon|phone\u00bb header_line_height_tablet=\u00bb\u00bb header_line_height_phone=\u00bb0.8em\u00bb header_line_height_last_edited=\u00bbon|phone\u00bb locked=\u00bboff\u00bb inline_fonts=\u00bbZeyada\u00bb global_colors_info=\u00bb{}\u00bb]<\/p>\n<h1><strong><span style=\"font-family: Zeyada;\">Anteriores EUC Audios<\/span><\/strong><\/h1>\n<p>[\/et_pb_text][et_pb_image src=\u00bbhttps:\/\/asociacioneuc.org\/wp-content\/uploads\/2022\/11\/EVENTOS-4.jpg\u00bb title_text=\u00bbEVENTOS (4)\u00bb _builder_version=\u00bb4.15.1&#8243; _module_preset=\u00bbdefault\u00bb locked=\u00bboff\u00bb global_colors_info=\u00bb{}\u00bb][\/et_pb_image][et_pb_divider color=\u00bb#ff6600&#8243; divider_position=\u00bbcenter\u00bb divider_weight=\u00bb3px\u00bb disabled_on=\u00bboff|off|off\u00bb _builder_version=\u00bb4.15&#8243; max_width=\u00bb150px\u00bb module_alignment=\u00bbcenter\u00bb height=\u00bbfalse\u00bb custom_margin=\u00bb30px|||\u00bb custom_margin_tablet=\u00bb\u00bb custom_margin_phone=\u00bb17px||-13px||false|false\u00bb custom_margin_last_edited=\u00bbon|phone\u00bb animation_style=\u00bbslide\u00bb animation_direction=\u00bbtop\u00bb animation_delay=\u00bb100ms\u00bb animation_intensity_slide=\u00bb10%\u00bb locked=\u00bboff\u00bb global_colors_info=\u00bb{}\u00bb][\/et_pb_divider][\/et_pb_column][et_pb_column type=\u00bb1_4&#8243; _builder_version=\u00bb4.15&#8243; _module_preset=\u00bbdefault\u00bb global_colors_info=\u00bb{}\u00bb][et_pb_button button_url=\u00bb@ET-DC@eyJkeW5hbWljIjp0cnVlLCJjb250ZW50IjoicG9zdF9saW5rX3VybF9wYWdlIiwic2V0dGluZ3MiOnsicG9zdF9pZCI6IjU0MSJ9fQ==@\u00bb button_text=\u00bbAudios de anteriores EUC por temas\u00bb button_alignment=\u00bbcenter\u00bb disabled_on=\u00bbon|on|off\u00bb _builder_version=\u00bb4.15.1&#8243; _dynamic_attributes=\u00bbbutton_url\u00bb _module_preset=\u00bbdefault\u00bb custom_button=\u00bbon\u00bb button_text_size=\u00bb14px\u00bb button_text_color=\u00bb#ff6600&#8243; custom_margin=\u00bb|21px|9px|29px||\u00bb custom_padding=\u00bb|||18px||\u00bb global_colors_info=\u00bb{}\u00bb][\/et_pb_button][et_pb_button button_url=\u00bb@ET-DC@eyJkeW5hbWljIjp0cnVlLCJjb250ZW50IjoicG9zdF9saW5rX3VybF9wYWdlIiwic2V0dGluZ3MiOnsicG9zdF9pZCI6IjExMTEifX0=@\u00bb button_text=\u00bbLista de documentos\u00bb button_alignment=\u00bbcenter\u00bb disabled_on=\u00bbon|on|off\u00bb _builder_version=\u00bb4.11.1&#8243; _dynamic_attributes=\u00bbbutton_url\u00bb _module_preset=\u00bbdefault\u00bb custom_button=\u00bbon\u00bb button_text_size=\u00bb14px\u00bb button_text_color=\u00bb#ff6600&#8243; custom_margin=\u00bb||11px|||\u00bb global_colors_info=\u00bb{}\u00bb][\/et_pb_button][et_pb_button button_url=\u00bb@ET-DC@eyJkeW5hbWljIjp0cnVlLCJjb250ZW50IjoicG9zdF9saW5rX3VybF9wYWdlIiwic2V0dGluZ3MiOnsicG9zdF9pZCI6IjQ3NiJ9fQ==@\u00bb button_text=\u00bbLista de audios\u00bb button_alignment=\u00bbcenter\u00bb disabled_on=\u00bbon|on|off\u00bb _builder_version=\u00bb4.15.1&#8243; _dynamic_attributes=\u00bbbutton_url\u00bb _module_preset=\u00bbdefault\u00bb custom_button=\u00bbon\u00bb button_text_size=\u00bb14px\u00bb button_text_color=\u00bb#ff6600&#8243; custom_margin=\u00bb||11px|||\u00bb global_colors_info=\u00bb{}\u00bb][\/et_pb_button][\/et_pb_column][\/et_pb_row][et_pb_row column_structure=\u00bb1_2,1_2&#8243; _builder_version=\u00bb4.15.1&#8243; _module_preset=\u00bbdefault\u00bb custom_margin=\u00bb-15px|auto||auto||\u00bb global_colors_info=\u00bb{}\u00bb][et_pb_column type=\u00bb1_2&#8243; _builder_version=\u00bb4.15.1&#8243; _module_preset=\u00bbdefault\u00bb global_colors_info=\u00bb{}\u00bb][et_pb_accordion icon_color=\u00bb#D87818&#8243; _builder_version=\u00bb4.15.1&#8243; _module_preset=\u00bbdefault\u00bb hover_enabled=\u00bb0&#8243; global_colors_info=\u00bb{}\u00bb sticky_enabled=\u00bb0&#8243;][et_pb_accordion_item title=\u00bb87\u00ba EUC %22Voces femeninas por un mundo m\u00e1s aut\u00e9ntico%22&#8243; open=\u00bbon\u00bb _builder_version=\u00bb4.15.1&#8243; _module_preset=\u00bbdefault\u00bb hover_enabled=\u00bb0&#8243; global_colors_info=\u00bb{}\u00bb sticky_enabled=\u00bb0&#8243;]<iframe src=\"https:\/\/www.ivoox.com\/player_es_podcast_3127378_zp_1.html?c1=db5d0f\" width=\"100%\" height=\"400\" frameborder=\"0\" allowfullscreen=\"\" scrolling=\"no\" loading=\"lazy\"><\/iframe>[\/et_pb_accordion_item][et_pb_accordion_item title=\u00bb86\u00ba EUC %22\u00a1Despierta de la cultura Woke!%22&#8243; open=\u00bbon\u00bb _builder_version=\u00bb4.15.1&#8243; _module_preset=\u00bbdefault\u00bb hover_enabled=\u00bb0&#8243; global_colors_info=\u00bb{}\u00bb sticky_enabled=\u00bb0&#8243;]<\/p>\n<p><iframe src=\"https:\/\/www.ivoox.com\/player_es_podcast_2834177_zp_1.html?c1=db5d0f\" width=\"100%\" height=\"400\" frameborder=\"0\" allowfullscreen=\"\" scrolling=\"no\" loading=\"lazy\"><\/iframe><\/p>\n<p>[\/et_pb_accordion_item][et_pb_accordion_item title=\u00bb85\u00ba EUC %22Por qu\u00e9 lo cl\u00e1sico es siempre trending%22&#8243; _builder_version=\u00bb4.15.1&#8243; _module_preset=\u00bbdefault\u00bb global_colors_info=\u00bb{}\u00bb open=\u00bboff\u00bb]<\/p>\n<p><iframe src=\"https:\/\/www.ivoox.com\/player_es_podcast_2531190_zp_1.html?c1=ea833e\" width=\"100%\" height=\"400\" frameborder=\"0\" allowfullscreen=\"\" scrolling=\"no\" loading=\"lazy\"><\/iframe><\/p>\n<p>[\/et_pb_accordion_item][et_pb_accordion_item title=\u00bb84\u00ba EUC %22Maternidad y paternidad. \u00bfCuesti\u00f3n de modas?%22&#8243; _builder_version=\u00bb4.15.1&#8243; _module_preset=\u00bbdefault\u00bb global_colors_info=\u00bb{}\u00bb open=\u00bboff\u00bb]<iframe src=\"https:\/\/www.ivoox.com\/player_es_podcast_2482110_zp_1.html?c1=ea833e\" width=\"100%\" height=\"400\" frameborder=\"0\" allowfullscreen=\"\" scrolling=\"no\" loading=\"lazy\"><\/iframe>[\/et_pb_accordion_item][et_pb_accordion_item title=\u00bb83\u00ba EUC %22La diferencia tiene un plus%22&#8243; _builder_version=\u00bb4.15.1&#8243; _module_preset=\u00bbdefault\u00bb global_colors_info=\u00bb{}\u00bb open=\u00bboff\u00bb]<iframe src=\"https:\/\/www.ivoox.com\/player_es_podcast_2386391_zp_1.html?c1=ea833e\" width=\"100%\" height=\"400\" frameborder=\"0\" allowfullscreen=\"\" scrolling=\"no\" loading=\"lazy\"><\/iframe>[\/et_pb_accordion_item][et_pb_accordion_item title=\u00bb82\u00ba EUC %22Agenda 2030: en el punto de mira%22&#8243; _builder_version=\u00bb4.15.1&#8243; _module_preset=\u00bbdefault\u00bb global_colors_info=\u00bb{}\u00bb open=\u00bboff\u00bb]<iframe src=\"https:\/\/www.ivoox.com\/player_es_podcast_2313677_zp_1.html?c1=ea833e\" width=\"100%\" height=\"400\" frameborder=\"0\" allowfullscreen=\"\" scrolling=\"no\" loading=\"lazy\"><\/iframe>[\/et_pb_accordion_item][et_pb_accordion_item title=\u00bb81\u00ba EUC %22Buscadores de la Verdad%22&#8243; _builder_version=\u00bb4.15.1&#8243; _module_preset=\u00bbdefault\u00bb global_colors_info=\u00bb{}\u00bb open=\u00bboff\u00bb]<iframe frameborder=\"0\" allowfullscreen=\"\" scrolling=\"no\" height=\"200\" style=\"width: 100%;\" src=\"https:\/\/www.ivoox.com\/player_ej_103914096_6_1.html?c1=ec7c26\" loading=\"lazy\"><\/iframe><\/p>\n<p><iframe frameborder=\"0\" allowfullscreen=\"\" scrolling=\"no\" height=\"200\" style=\"width: 100%;\" src=\"https:\/\/www.ivoox.com\/player_ej_103914636_6_1.html?c1=ec7c26\" loading=\"lazy\"><\/iframe><\/p>\n<p><iframe frameborder=\"0\" allowfullscreen=\"\" scrolling=\"no\" height=\"200\" style=\"width: 100%;\" src=\"https:\/\/www.ivoox.com\/player_ej_103914868_6_1.html?c1=ec7c26\" loading=\"lazy\"><\/iframe>[\/et_pb_accordion_item][et_pb_accordion_item title=\u00bb80\u00ba EUC %22\u00bfTu verdad? \u00bfMi verdad? \u00a1La Verdad!%22&#8243; _builder_version=\u00bb4.15.1&#8243; _module_preset=\u00bbdefault\u00bb global_colors_info=\u00bb{}\u00bb open=\u00bboff\u00bb]<iframe id='audio_96645904' frameborder='0' allowfullscreen='' scrolling='no' height='200' style='border:1px solid #EEE; box-sizing:border-box; width:100%;' src=\"https:\/\/www.ivoox.com\/player_ej_96645904_4_1.html?c1=ff6600\" loading='lazy'><\/iframe><\/p>\n<p><iframe id='audio_96645896' frameborder='0' allowfullscreen='' scrolling='no' height='200' style='border:1px solid #EEE; box-sizing:border-box; width:100%;' src=\"https:\/\/www.ivoox.com\/player_ej_96645896_4_1.html?c1=ff6600\" loading='lazy'><\/iframe><\/p>\n<p><iframe id='audio_96645881' frameborder='0' allowfullscreen='' scrolling='no' height='200' style='border:1px solid #EEE; box-sizing:border-box; width:100%;' src=\"https:\/\/www.ivoox.com\/player_ej_96645881_4_1.html?c1=ff6600\" loading='lazy'><\/iframe>[\/et_pb_accordion_item][et_pb_accordion_item title=\u00bb79\u00ba EUC %22Verdad y Libertad: equilibrio en la balanza%22&#8243; _builder_version=\u00bb4.15.1&#8243; _module_preset=\u00bbdefault\u00bb global_colors_info=\u00bb{}\u00bb open=\u00bboff\u00bb]<iframe id='audio_82814742' frameborder='0' allowfullscreen='' scrolling='no' height='200' style='border:1px solid #EEE; box-sizing:border-box; width:100%;' src=\"https:\/\/www.ivoox.com\/player_ej_82814742_4_1.html?c1=ff6600\" loading='lazy'><\/iframe><\/p>\n<p><iframe id='audio_82815149' frameborder='0' allowfullscreen='' scrolling='no' height='200' style='border:1px solid #EEE; box-sizing:border-box; width:100%;' src=\"https:\/\/www.ivoox.com\/player_ej_82815149_4_1.html?c1=ff6600\" loading='lazy'><\/iframe><\/p>\n<p><iframe id='audio_82815409' frameborder='0' allowfullscreen='' scrolling='no' height='200' style='border:1px solid #EEE; box-sizing:border-box; width:100%;' src=\"https:\/\/www.ivoox.com\/player_ej_82815409_4_1.html?c1=ff6600\" loading='lazy'><\/iframe>[\/et_pb_accordion_item][et_pb_accordion_item title=\u00bb78\u00ba EUC %22Asombrados por la diferencia IV%22&#8243; _builder_version=\u00bb4.15.1&#8243; _module_preset=\u00bbdefault\u00bb global_colors_info=\u00bb{}\u00bb open=\u00bboff\u00bb]<iframe id='audio_77287488' frameborder='0' allowfullscreen='' scrolling='no' height='200' style='border:1px solid #EEE; box-sizing:border-box; width:100%;' src=\"https:\/\/www.ivoox.com\/player_ej_77287488_4_1.html?c1=ff6600\" loading='lazy'><\/iframe><\/p>\n<p><iframe id='audio_77286960' frameborder='0' allowfullscreen='' scrolling='no' height='200' style='border:1px solid #EEE; box-sizing:border-box; width:100%;' src=\"https:\/\/www.ivoox.com\/player_ej_77286960_4_1.html?c1=ff6600\" loading='lazy'><\/iframe><\/p>\n<p><iframe id='audio_77287085' frameborder='0' allowfullscreen='' scrolling='no' height='200' style='border:1px solid #EEE; box-sizing:border-box; width:100%;' src=\"https:\/\/www.ivoox.com\/player_ej_77287085_4_1.html?c1=ff6600\" loading='lazy'><\/iframe>[\/et_pb_accordion_item][et_pb_accordion_item title=\u00bb77\u00ba EUC %22Asombrados por la diferencia III%22&#8243; _builder_version=\u00bb4.15.1&#8243; _module_preset=\u00bbdefault\u00bb global_colors_info=\u00bb{}\u00bb open=\u00bboff\u00bb]<iframe id='audio_66763870' frameborder='0' allowfullscreen='' scrolling='no' height='200' style='border:1px solid #EEE; box-sizing:border-box; width:100%;' src=\"https:\/\/www.ivoox.com\/player_ej_66763870_4_1.html?c1=ff6600\" loading='lazy'><\/iframe><\/p>\n<p><iframe id='audio_66763834' frameborder='0' allowfullscreen='' scrolling='no' height='200' style='border:1px solid #EEE; box-sizing:border-box; width:100%;' src=\"https:\/\/www.ivoox.com\/player_ej_66763834_4_1.html?c1=ff6600\" loading='lazy'><\/iframe><\/p>\n<p><iframe id='audio_66763079' frameborder='0' allowfullscreen='' scrolling='no' height='200' style='border:1px solid #EEE; box-sizing:border-box; width:100%;' src=\"https:\/\/www.ivoox.com\/player_ej_66763079_4_1.html?c1=ff6600\" loading='lazy'><\/iframe>[\/et_pb_accordion_item][et_pb_accordion_item title=\u00bb76\u00ba EUC %22Asombrados por la diferencia II%22&#8243; _builder_version=\u00bb4.15.1&#8243; _module_preset=\u00bbdefault\u00bb global_colors_info=\u00bb{}\u00bb open=\u00bboff\u00bb]<iframe id='audio_66764228' frameborder='0' allowfullscreen='' scrolling='no' height='200' style='border:1px solid #EEE; box-sizing:border-box; width:100%;' src=\"https:\/\/www.ivoox.com\/player_ej_66764228_4_1.html?c1=ff6600\" loading='lazy'><\/iframe><\/p>\n<p><iframe id='audio_66764266' frameborder='0' allowfullscreen='' scrolling='no' height='200' style='border:1px solid #EEE; box-sizing:border-box; width:100%;' src=\"https:\/\/www.ivoox.com\/player_ej_66764266_4_1.html?c1=ff6600\" loading='lazy'><\/iframe><\/p>\n<p><iframe id='audio_66764288' frameborder='0' allowfullscreen='' scrolling='no' height='200' style='border:1px solid #EEE; box-sizing:border-box; width:100%;' src=\"https:\/\/www.ivoox.com\/player_ej_66764288_4_1.html?c1=ff6600\" loading='lazy'><\/iframe>[\/et_pb_accordion_item][et_pb_accordion_item title=\u00bb75\u00ba EUC %22Asombrados por la diferencia I%22&#8243; _builder_version=\u00bb4.15.1&#8243; _module_preset=\u00bbdefault\u00bb global_colors_info=\u00bb{}\u00bb open=\u00bboff\u00bb]<iframe id='audio_67011932' frameborder='0' allowfullscreen='' scrolling='no' height='200' style='border:1px solid #EEE; box-sizing:border-box; width:100%;' src=\"https:\/\/www.ivoox.com\/player_ej_67011932_4_1.html?c1=ff6600\" loading='lazy'><\/iframe><\/p>\n<p><iframe id='audio_67452978' frameborder='0' allowfullscreen='' scrolling='no' height='200' style='border:1px solid #EEE; box-sizing:border-box; width:100%;' src=\"https:\/\/www.ivoox.com\/player_ej_67452978_4_1.html?c1=ff6600\" loading='lazy'><\/iframe><\/p>\n<p><iframe id='audio_67453006' frameborder='0' allowfullscreen='' scrolling='no' height='200' style='border:1px solid #EEE; box-sizing:border-box; width:100%;' src=\"https:\/\/www.ivoox.com\/player_ej_67453006_4_1.html?c1=ff6600\" loading='lazy'><\/iframe><\/p>\n<p><iframe id='audio_67453045' frameborder='0' allowfullscreen='' scrolling='no' height='200' style='border:1px solid #EEE; box-sizing:border-box; width:100%;' src=\"https:\/\/www.ivoox.com\/player_ej_67453045_4_1.html?c1=ff6600\" loading='lazy'><\/iframe>[\/et_pb_accordion_item][et_pb_accordion_item title=\u00bb74\u00ba EUC %22Una Espa\u00f1a por descubrir III%22&#8243; _builder_version=\u00bb4.15.1&#8243; _module_preset=\u00bbdefault\u00bb global_colors_info=\u00bb{}\u00bb open=\u00bboff\u00bb]<iframe id='audio_67008275' frameborder='0' allowfullscreen='' scrolling='no' height='200' style='border:1px solid #EEE; box-sizing:border-box; width:100%;' src=\"https:\/\/www.ivoox.com\/player_ej_67008275_4_1.html?c1=ff6600\" loading='lazy'><\/iframe><\/p>\n<p><iframe id='audio_67010901' frameborder='0' allowfullscreen='' scrolling='no' height='200' style='border:1px solid #EEE; box-sizing:border-box; width:100%;' src=\"https:\/\/www.ivoox.com\/player_ej_67010901_4_1.html?c1=ff6600\" loading='lazy'><\/iframe><\/p>\n<p><iframe id='audio_67009632' frameborder='0' allowfullscreen='' scrolling='no' height='200' style='border:1px solid #EEE; box-sizing:border-box; width:100%;' src=\"https:\/\/www.ivoox.com\/player_ej_67009632_4_1.html?c1=ff6600\" loading='lazy'><\/iframe>[\/et_pb_accordion_item][et_pb_accordion_item title=\u00bb73\u00ba EUC %22Una Espa\u00f1a por descubrir II%22&#8243; _builder_version=\u00bb4.15.1&#8243; _module_preset=\u00bbdefault\u00bb global_colors_info=\u00bb{}\u00bb open=\u00bboff\u00bb]<iframe id='audio_66802975' frameborder='0' allowfullscreen='' scrolling='no' height='200' style='border:1px solid #EEE; box-sizing:border-box; width:100%;' src=\"https:\/\/www.ivoox.com\/player_ej_66802975_4_1.html?c1=ff6600\" loading='lazy'><\/iframe><\/p>\n<p><iframe id='audio_66803002' frameborder='0' allowfullscreen='' scrolling='no' height='200' style='border:1px solid #EEE; box-sizing:border-box; width:100%;' src=\"https:\/\/www.ivoox.com\/player_ej_66803002_4_1.html?c1=ff6600\" loading='lazy'><\/iframe><\/p>\n<p><iframe id='audio_66803050' frameborder='0' allowfullscreen='' scrolling='no' height='200' style='border:1px solid #EEE; box-sizing:border-box; width:100%;' src=\"https:\/\/www.ivoox.com\/player_ej_66803050_4_1.html?c1=ff6600\" loading='lazy'><\/iframe>[\/et_pb_accordion_item][et_pb_accordion_item title=\u00bb72\u00ba EUC %22Una Espa\u00f1a por descubrir%22&#8243; _builder_version=\u00bb4.15.1&#8243; _module_preset=\u00bbdefault\u00bb global_colors_info=\u00bb{}\u00bb open=\u00bboff\u00bb]<iframe id='audio_66802830' frameborder='0' allowfullscreen='' scrolling='no' height='200' style='border:1px solid #EEE; box-sizing:border-box; width:100%;' src=\"https:\/\/www.ivoox.com\/player_ej_66802830_4_1.html?c1=ff6600\" loading='lazy'><\/iframe><\/p>\n<p><iframe id='audio_66802868' frameborder='0' allowfullscreen='' scrolling='no' height='200' style='border:1px solid #EEE; box-sizing:border-box; width:100%;' src=\"https:\/\/www.ivoox.com\/player_ej_66802868_4_1.html?c1=ff6600\" loading='lazy'><\/iframe><\/p>\n<p><iframe id='audio_66802895' frameborder='0' allowfullscreen='' scrolling='no' height='200' style='border:1px solid #EEE; box-sizing:border-box; width:100%;' src=\"https:\/\/www.ivoox.com\/player_ej_66802895_4_1.html?c1=ff6600\" loading='lazy'><\/iframe>[\/et_pb_accordion_item][et_pb_accordion_item title=\u00bb71\u00ba EUC %22Minor\u00edas creativas para una nueva Europa II%22&#8243; _builder_version=\u00bb4.15.1&#8243; _module_preset=\u00bbdefault\u00bb global_colors_info=\u00bb{}\u00bb open=\u00bboff\u00bb]<iframe id='audio_66802610' frameborder='0' allowfullscreen='' scrolling='no' height='200' style='border:1px solid #EEE; box-sizing:border-box; width:100%;' src=\"https:\/\/www.ivoox.com\/player_ej_66802610_4_1.html?c1=ff6600\" loading='lazy'><\/iframe><\/p>\n<p><iframe id='audio_66802644' frameborder='0' allowfullscreen='' scrolling='no' height='200' style='border:1px solid #EEE; box-sizing:border-box; width:100%;' src=\"https:\/\/www.ivoox.com\/player_ej_66802644_4_1.html?c1=ff6600\" loading='lazy'><\/iframe><\/p>\n<p><iframe id='audio_66802664' frameborder='0' allowfullscreen='' scrolling='no' height='200' style='border:1px solid #EEE; box-sizing:border-box; width:100%;' src=\"https:\/\/www.ivoox.com\/player_ej_66802664_4_1.html?c1=ff6600\" loading='lazy'><\/iframe><\/p>\n<p><iframe id='audio_66802705' frameborder='0' allowfullscreen='' scrolling='no' height='200' style='border:1px solid #EEE; box-sizing:border-box; width:100%;' src=\"https:\/\/www.ivoox.com\/player_ej_66802705_4_1.html?c1=ff6600\" loading='lazy'><\/iframe><\/p>\n<p><iframe id='audio_66802757' frameborder='0' allowfullscreen='' scrolling='no' height='200' style='border:1px solid #EEE; box-sizing:border-box; width:100%;' src=\"https:\/\/www.ivoox.com\/player_ej_66802757_4_1.html?c1=ff6600\" loading='lazy'><\/iframe>[\/et_pb_accordion_item][et_pb_accordion_item title=\u00bb70\u00ba EUC %22Minor\u00edas creativas para una nueva Europa I%22&#8243; _builder_version=\u00bb4.15.1&#8243; _module_preset=\u00bbdefault\u00bb global_colors_info=\u00bb{}\u00bb open=\u00bboff\u00bb]<iframe id='audio_66802275' frameborder='0' allowfullscreen='' scrolling='no' height='200' style='border:1px solid #EEE; box-sizing:border-box; width:100%;' src=\"https:\/\/www.ivoox.com\/player_ej_66802275_4_1.html?c1=ff6600\" loading='lazy'><\/iframe><\/p>\n<p><iframe id='audio_66802352' frameborder='0' allowfullscreen='' scrolling='no' height='200' style='border:1px solid #EEE; box-sizing:border-box; width:100%;' src=\"https:\/\/www.ivoox.com\/player_ej_66802352_4_1.html?c1=ff6600\" loading='lazy'><\/iframe><\/p>\n<p><iframe id='audio_66802373' frameborder='0' allowfullscreen='' scrolling='no' height='200' style='border:1px solid #EEE; box-sizing:border-box; width:100%;' src=\"https:\/\/www.ivoox.com\/player_ej_66802373_4_1.html?c1=ff6600\" loading='lazy'><\/iframe><\/p>\n<p><iframe id='audio_66802413' frameborder='0' allowfullscreen='' scrolling='no' height='200' style='border:1px solid #EEE; box-sizing:border-box; width:100%;' src=\"https:\/\/www.ivoox.com\/player_ej_66802413_4_1.html?c1=ff6600\" loading='lazy'><\/iframe><\/p>\n<p><iframe id='audio_66802443' frameborder='0' allowfullscreen='' scrolling='no' height='200' style='border:1px solid #EEE; box-sizing:border-box; width:100%;' src=\"https:\/\/www.ivoox.com\/player_ej_66802443_4_1.html?c1=ff6600\" loading='lazy'><\/iframe>[\/et_pb_accordion_item][et_pb_accordion_item title=\u00bb69\u00ba EUC %22Siglo XX, \u00bf\u00e9poca de cambios o cambio de \u00e9poca?%22&#8243; _builder_version=\u00bb4.15.1&#8243; _module_preset=\u00bbdefault\u00bb global_colors_info=\u00bb{}\u00bb open=\u00bboff\u00bb]<iframe id='audio_66802088' frameborder='0' allowfullscreen='' scrolling='no' height='200' style='border:1px solid #EEE; box-sizing:border-box; width:100%;' src=\"https:\/\/www.ivoox.com\/player_ej_66802088_4_1.html?c1=ff6600\" loading='lazy'><\/iframe><\/p>\n<p><iframe id='audio_66802118' frameborder='0' allowfullscreen='' scrolling='no' height='200' style='border:1px solid #EEE; box-sizing:border-box; width:100%;' src=\"https:\/\/www.ivoox.com\/player_ej_66802118_4_1.html?c1=ff6600\" loading='lazy'><\/iframe><\/p>\n<p><iframe id='audio_66802163' frameborder='0' allowfullscreen='' scrolling='no' height='200' style='border:1px solid #EEE; box-sizing:border-box; width:100%;' src=\"https:\/\/www.ivoox.com\/player_ej_66802163_4_1.html?c1=ff6600\" loading='lazy'><\/iframe>[\/et_pb_accordion_item][et_pb_accordion_item title=\u00bb68\u00ba EUC %22Intelectuales ante Dios I%22&#8243; _builder_version=\u00bb4.15.1&#8243; _module_preset=\u00bbdefault\u00bb global_colors_info=\u00bb{}\u00bb open=\u00bboff\u00bb]<iframe id='audio_66801627' frameborder='0' allowfullscreen='' scrolling='no' height='200' style='border:1px solid #EEE; box-sizing:border-box; width:100%;' src=\"https:\/\/www.ivoox.com\/player_ej_66801627_4_1.html?c1=ff6600\" loading='lazy'><\/iframe><\/p>\n<p><iframe id='audio_66801681' frameborder='0' allowfullscreen='' scrolling='no' height='200' style='border:1px solid #EEE; box-sizing:border-box; width:100%;' src=\"https:\/\/www.ivoox.com\/player_ej_66801681_4_1.html?c1=ff6600\" loading='lazy'><\/iframe><\/p>\n<p><iframe id='audio_66801735' frameborder='0' allowfullscreen='' scrolling='no' height='200' style='border:1px solid #EEE; box-sizing:border-box; width:100%;' src=\"https:\/\/www.ivoox.com\/player_ej_66801735_4_1.html?c1=ff6600\" loading='lazy'><\/iframe>[\/et_pb_accordion_item][et_pb_accordion_item title=\u00bb67\u00ba EUC %22Llamados a amar II%22&#8243; _builder_version=\u00bb4.15.1&#8243; _module_preset=\u00bbdefault\u00bb global_colors_info=\u00bb{}\u00bb open=\u00bboff\u00bb]<iframe id='audio_66801420' frameborder='0' allowfullscreen='' scrolling='no' height='200' style='border:1px solid #EEE; box-sizing:border-box; width:100%;' src=\"https:\/\/www.ivoox.com\/player_ej_66801420_4_1.html?c1=ff6600\" loading='lazy'><\/iframe>[\/et_pb_accordion_item][et_pb_accordion_item title=\u00bb66\u00ba EUC %22Llamados a amar I%22&#8243; _builder_version=\u00bb4.15.1&#8243; _module_preset=\u00bbdefault\u00bb global_colors_info=\u00bb{}\u00bb open=\u00bboff\u00bb]<iframe id='audio_66793311' frameborder='0' allowfullscreen='' scrolling='no' height='200' style='border:1px solid #EEE; box-sizing:border-box; width:100%;' src=\"https:\/\/www.ivoox.com\/player_ej_66793311_4_1.html?c1=ff6600\" loading='lazy'><\/iframe><\/p>\n<p><iframe id='audio_66793350' frameborder='0' allowfullscreen='' scrolling='no' height='200' style='border:1px solid #EEE; box-sizing:border-box; width:100%;' src=\"https:\/\/www.ivoox.com\/player_ej_66793350_4_1.html?c1=ff6600\" loading='lazy'><\/iframe><\/p>\n<p><iframe id='audio_66793387' frameborder='0' allowfullscreen='' scrolling='no' height='200' style='border:1px solid #EEE; box-sizing:border-box; width:100%;' src=\"https:\/\/www.ivoox.com\/player_ej_66793387_4_1.html?c1=ff6600\" loading='lazy'><\/iframe><\/p>\n<p><iframe id='audio_66793433' frameborder='0' allowfullscreen='' scrolling='no' height='200' style='border:1px solid #EEE; box-sizing:border-box; width:100%;' src=\"https:\/\/www.ivoox.com\/player_ej_66793433_4_1.html?c1=ff6600\" loading='lazy'><\/iframe>[\/et_pb_accordion_item][et_pb_accordion_item title=\u00bb65\u00ba EUC %22La pobreza tiene un rostro II%22&#8243; _builder_version=\u00bb4.15.1&#8243; _module_preset=\u00bbdefault\u00bb global_colors_info=\u00bb{}\u00bb open=\u00bboff\u00bb]<iframe id='audio_66793113' frameborder='0' allowfullscreen='' scrolling='no' height='200' style='border:1px solid #EEE; box-sizing:border-box; width:100%;' src=\"https:\/\/www.ivoox.com\/player_ej_66793113_4_1.html?c1=ff6600\" loading='lazy'><\/iframe><\/p>\n<p><iframe id='audio_66793160' frameborder='0' allowfullscreen='' scrolling='no' height='200' style='border:1px solid #EEE; box-sizing:border-box; width:100%;' src=\"https:\/\/www.ivoox.com\/player_ej_66793160_4_1.html?c1=ff6600\" loading='lazy'><\/iframe><\/p>\n<p><iframe id='audio_66793186' frameborder='0' allowfullscreen='' scrolling='no' height='200' style='border:1px solid #EEE; box-sizing:border-box; width:100%;' src=\"https:\/\/www.ivoox.com\/player_ej_66793186_4_1.html?c1=ff6600\" loading='lazy'><\/iframe>[\/et_pb_accordion_item][et_pb_accordion_item title=\u00bb64\u00ba EUC %22La pobreza tiene un rostro I%22&#8243; _builder_version=\u00bb4.15.1&#8243; _module_preset=\u00bbdefault\u00bb global_colors_info=\u00bb{}\u00bb open=\u00bboff\u00bb]<iframe id='audio_66792858' frameborder='0' allowfullscreen='' scrolling='no' height='200' style='border:1px solid #EEE; box-sizing:border-box; width:100%;' src=\"https:\/\/www.ivoox.com\/player_ej_66792858_4_1.html?c1=ff6600\" loading='lazy'><\/iframe><\/p>\n<p><iframe id='audio_66792960' frameborder='0' allowfullscreen='' scrolling='no' height='200' style='border:1px solid #EEE; box-sizing:border-box; width:100%;' src=\"https:\/\/www.ivoox.com\/player_ej_66792960_4_1.html?c1=ff6600\" loading='lazy'><\/iframe><\/p>\n<p><iframe id='audio_66793005' frameborder='0' allowfullscreen='' scrolling='no' height='200' style='border:1px solid #EEE; box-sizing:border-box; width:100%;' src=\"https:\/\/www.ivoox.com\/player_ej_66793005_4_1.html?c1=ff6600\" loading='lazy'><\/iframe>[\/et_pb_accordion_item][et_pb_accordion_item title=\u00bb63\u00ba EUC %22Del Homo sapiens al Homo virtualis II%22&#8243; _builder_version=\u00bb4.15.1&#8243; _module_preset=\u00bbdefault\u00bb global_colors_info=\u00bb{}\u00bb open=\u00bboff\u00bb]<iframe id='audio_66780064' frameborder='0' allowfullscreen='' scrolling='no' height='200' style='border:1px solid #EEE; box-sizing:border-box; width:100%;' src=\"https:\/\/www.ivoox.com\/player_ej_66780064_4_1.html?c1=ff6600\" loading='lazy'><\/iframe><\/p>\n<p><iframe id='audio_66780158' frameborder='0' allowfullscreen='' scrolling='no' height='200' style='border:1px solid #EEE; box-sizing:border-box; width:100%;' src=\"https:\/\/www.ivoox.com\/player_ej_66780158_4_1.html?c1=ff6600\" loading='lazy'><\/iframe><\/p>\n<p><iframe id='audio_66780188' frameborder='0' allowfullscreen='' scrolling='no' height='200' style='border:1px solid #EEE; box-sizing:border-box; width:100%;' src=\"https:\/\/www.ivoox.com\/player_ej_66780188_4_1.html?c1=ff6600\" loading='lazy'><\/iframe><\/p>\n<p><iframe id='audio_66780264' frameborder='0' allowfullscreen='' scrolling='no' height='200' style='border:1px solid #EEE; box-sizing:border-box; width:100%;' src=\"https:\/\/www.ivoox.com\/player_ej_66780264_4_1.html?c1=ff6600\" loading='lazy'><\/iframe><\/p>\n<p><iframe id='audio_66780314' frameborder='0' allowfullscreen='' scrolling='no' height='200' style='border:1px solid #EEE; box-sizing:border-box; width:100%;' src=\"https:\/\/www.ivoox.com\/player_ej_66780314_4_1.html?c1=ff6600\" loading='lazy'><\/iframe>[\/et_pb_accordion_item][et_pb_accordion_item title=\u00bb62\u00ba EUC %22Del Homo sapiens al Homo virtualis I%22&#8243; _builder_version=\u00bb4.15.1&#8243; _module_preset=\u00bbdefault\u00bb global_colors_info=\u00bb{}\u00bb open=\u00bboff\u00bb]<\/p>\n<p><iframe id=\"audio_66779302\" frameborder=\"0\" allowfullscreen=\"\" scrolling=\"no\" height=\"200\" style=\"border: 1px solid #EEE; box-sizing: border-box; width: 100%;\" src=\"https:\/\/www.ivoox.com\/player_ej_66779302_4_1.html?c1=ff6600\" loading=\"lazy\"><\/iframe><\/p>\n<p><iframe id=\"audio_66779438\" frameborder=\"0\" allowfullscreen=\"\" scrolling=\"no\" height=\"200\" style=\"border: 1px solid #EEE; box-sizing: border-box; width: 100%;\" src=\"https:\/\/www.ivoox.com\/player_ej_66779438_4_1.html?c1=ff6600\" loading=\"lazy\"><\/iframe><\/p>\n<p><iframe id=\"audio_66779701\" frameborder=\"0\" allowfullscreen=\"\" scrolling=\"no\" height=\"200\" style=\"border: 1px solid #EEE; box-sizing: border-box; width: 100%;\" src=\"https:\/\/www.ivoox.com\/player_ej_66779701_4_1.html?c1=ff6600\" loading=\"lazy\"><\/iframe><\/p>\n<p><iframe id=\"audio_66779795\" frameborder=\"0\" allowfullscreen=\"\" scrolling=\"no\" height=\"200\" style=\"border: 1px solid #EEE; box-sizing: border-box; width: 100%;\" src=\"https:\/\/www.ivoox.com\/player_ej_66779795_4_1.html?c1=ff6600\" loading=\"lazy\"><\/iframe><\/p>\n<p>[\/et_pb_accordion_item][et_pb_accordion_item title=\u00bb61\u00ba EUC %22\u00bfReiventar lo humano? IV%22&#8243; _builder_version=\u00bb4.15.1&#8243; _module_preset=\u00bbdefault\u00bb global_colors_info=\u00bb{}\u00bb open=\u00bboff\u00bb]<iframe id='audio_61389929' frameborder='0' allowfullscreen='' scrolling='no' height='200' style='border:1px solid #EEE; box-sizing:border-box; width:100%;' src=\"https:\/\/www.ivoox.com\/player_ej_61389929_4_1.html?c1=ff6600\" loading='lazy'><\/iframe><\/p>\n<p><iframe id='audio_61390505' frameborder='0' allowfullscreen='' scrolling='no' height='200' style='border:1px solid #EEE; box-sizing:border-box; width:100%;' src=\"https:\/\/www.ivoox.com\/player_ej_61390505_4_1.html?c1=ff6600\" loading='lazy'><\/iframe><\/p>\n<p><iframe id='audio_61390590' frameborder='0' allowfullscreen='' scrolling='no' height='200' style='border:1px solid #EEE; box-sizing:border-box; width:100%;' src=\"https:\/\/www.ivoox.com\/player_ej_61390590_4_1.html?c1=ff6600\" loading='lazy'><\/iframe>[\/et_pb_accordion_item][et_pb_accordion_item title=\u00bb60\u00ba EUC %22\u00bfReiventar lo humano? III%22&#8243; _builder_version=\u00bb4.15.1&#8243; _module_preset=\u00bbdefault\u00bb global_colors_info=\u00bb{}\u00bb open=\u00bboff\u00bb]<iframe id='audio_61388513' frameborder='0' allowfullscreen='' scrolling='no' height='200' style='border:1px solid #EEE; box-sizing:border-box; width:100%;' src=\"https:\/\/www.ivoox.com\/player_ej_61388513_4_1.html?c1=ff6600\" loading='lazy'><\/iframe><\/p>\n<p><iframe id='audio_61388800' frameborder='0' allowfullscreen='' scrolling='no' height='200' style='border:1px solid #EEE; box-sizing:border-box; width:100%;' src=\"https:\/\/www.ivoox.com\/player_ej_61388800_4_1.html?c1=ff6600\" loading='lazy'><\/iframe><\/p>\n<p><iframe id='audio_61388947' frameborder='0' allowfullscreen='' scrolling='no' height='200' style='border:1px solid #EEE; box-sizing:border-box; width:100%;' src=\"https:\/\/www.ivoox.com\/player_ej_61388947_4_1.html?c1=ff6600\" loading='lazy'><\/iframe>[\/et_pb_accordion_item][et_pb_accordion_item title=\u00bb59\u00ba EUC %22\u00bfReiventar lo humano? II%22&#8243; _builder_version=\u00bb4.15.1&#8243; _module_preset=\u00bbdefault\u00bb global_colors_info=\u00bb{}\u00bb open=\u00bboff\u00bb]<iframe id='audio_61362340' frameborder='0' allowfullscreen='' scrolling='no' height='200' style='border:1px solid #EEE; box-sizing:border-box; width:100%;' src=\"https:\/\/www.ivoox.com\/player_ej_61362340_4_1.html?c1=ff6600\" loading='lazy'><\/iframe><\/p>\n<p><iframe id='audio_61362655' frameborder='0' allowfullscreen='' scrolling='no' height='200' style='border:1px solid #EEE; box-sizing:border-box; width:100%;' src=\"https:\/\/www.ivoox.com\/player_ej_61362655_4_1.html?c1=ff6600\" loading='lazy'><\/iframe><\/p>\n<p><iframe id='audio_61362564' frameborder='0' allowfullscreen='' scrolling='no' height='200' style='border:1px solid #EEE; box-sizing:border-box; width:100%;' src=\"https:\/\/www.ivoox.com\/player_ej_61362564_4_1.html?c1=ff6600\" loading='lazy'><\/iframe>[\/et_pb_accordion_item][et_pb_accordion_item title=\u00bb58\u00ba EUC %22\u00bfReiventar lo humano? I%22&#8243; _builder_version=\u00bb4.15.1&#8243; _module_preset=\u00bbdefault\u00bb global_colors_info=\u00bb{}\u00bb open=\u00bboff\u00bb]<iframe id='audio_61338981' frameborder='0' allowfullscreen='' scrolling='no' height='200' style='border:1px solid #EEE; box-sizing:border-box; width:100%;' src=\"https:\/\/www.ivoox.com\/player_ej_61338981_4_1.html?c1=ff6600\" loading='lazy'><\/iframe><\/p>\n<p><iframe id='audio_61339402' frameborder='0' allowfullscreen='' scrolling='no' height='200' style='border:1px solid #EEE; box-sizing:border-box; width:100%;' src=\"https:\/\/www.ivoox.com\/player_ej_61339402_4_1.html?c1=ff6600\" loading='lazy'><\/iframe><\/p>\n<p><iframe id='audio_61339546' frameborder='0' allowfullscreen='' scrolling='no' height='200' style='border:1px solid #EEE; box-sizing:border-box; width:100%;' src=\"https:\/\/www.ivoox.com\/player_ej_61339546_4_1.html?c1=ff6600\" loading='lazy'><\/iframe><\/p>\n<p><iframe id='audio_61339870' frameborder='0' allowfullscreen='' scrolling='no' height='200' style='border:1px solid #EEE; box-sizing:border-box; width:100%;' src=\"https:\/\/www.ivoox.com\/player_ej_61339870_4_1.html?c1=ff6600\" loading='lazy'><\/iframe>[\/et_pb_accordion_item][et_pb_accordion_item title=\u00bb57\u00ba EUC %22Una verdad para vivir III: Intelectuales conversos del s.XX%22&#8243; _builder_version=\u00bb4.15.1&#8243; _module_preset=\u00bbdefault\u00bb global_colors_info=\u00bb{}\u00bb open=\u00bboff\u00bb]<iframe id='audio_61336698' frameborder='0' allowfullscreen='' scrolling='no' height='200' style='border:1px solid #EEE; box-sizing:border-box; width:100%;' src=\"https:\/\/www.ivoox.com\/player_ej_61336698_4_1.html?c1=ff6600\" loading='lazy'><\/iframe><\/p>\n<p><iframe id='audio_61337202' frameborder='0' allowfullscreen='' scrolling='no' height='200' style='border:1px solid #EEE; box-sizing:border-box; width:100%;' src=\"https:\/\/www.ivoox.com\/player_ej_61337202_4_1.html?c1=ff6600\" loading='lazy'><\/iframe><\/p>\n<p><iframe id='audio_61337980' frameborder='0' allowfullscreen='' scrolling='no' height='200' style='border:1px solid #EEE; box-sizing:border-box; width:100%;' src=\"https:\/\/www.ivoox.com\/player_ej_61337980_4_1.html?c1=ff6600\" loading='lazy'><\/iframe><\/p>\n<p><iframe id='audio_61338382' frameborder='0' allowfullscreen='' scrolling='no' height='200' style='border:1px solid #EEE; box-sizing:border-box; width:100%;' src=\"https:\/\/www.ivoox.com\/player_ej_61338382_4_1.html?c1=ff6600\" loading='lazy'><\/iframe>[\/et_pb_accordion_item][et_pb_accordion_item title=\u00bb56\u00ba EUC %22Una verdad para vivir II: Intelectuales conversos del s.XX%22&#8243; _builder_version=\u00bb4.15.1&#8243; _module_preset=\u00bbdefault\u00bb global_colors_info=\u00bb{}\u00bb open=\u00bboff\u00bb]<iframe id='audio_61335720' frameborder='0' allowfullscreen='' scrolling='no' height='200' style='border:1px solid #EEE; box-sizing:border-box; width:100%;' src=\"https:\/\/www.ivoox.com\/player_ej_61335720_4_1.html?c1=ff6600\" loading='lazy'><\/iframe><\/p>\n<p><iframe id='audio_61336000' frameborder='0' allowfullscreen='' scrolling='no' height='200' style='border:1px solid #EEE; box-sizing:border-box; width:100%;' src=\"https:\/\/www.ivoox.com\/player_ej_61336000_4_1.html?c1=ff6600\" loading='lazy'><\/iframe><\/p>\n<p><iframe id='audio_61336121' frameborder='0' allowfullscreen='' scrolling='no' height='200' style='border:1px solid #EEE; box-sizing:border-box; width:100%;' src=\"https:\/\/www.ivoox.com\/player_ej_61336121_4_1.html?c1=ff6600\" loading='lazy'><\/iframe><\/p>\n<p><iframe id='audio_61336266' frameborder='0' allowfullscreen='' scrolling='no' height='200' style='border:1px solid #EEE; box-sizing:border-box; width:100%;' src=\"https:\/\/www.ivoox.com\/player_ej_61336266_4_1.html?c1=ff6600\" loading='lazy'><\/iframe>[\/et_pb_accordion_item][et_pb_accordion_item title=\u00bb55\u00ba EUC %22Una verdad para vivir I: Intelectuales conversos del s.XX%22&#8243; _builder_version=\u00bb4.15.1&#8243; _module_preset=\u00bbdefault\u00bb global_colors_info=\u00bb{}\u00bb open=\u00bboff\u00bb]<iframe id='audio_61331532' frameborder='0' allowfullscreen='' scrolling='no' height='200' style='border:1px solid #EEE; box-sizing:border-box; width:100%;' src=\"https:\/\/www.ivoox.com\/player_ej_61331532_4_1.html?c1=ff6600\" loading='lazy'><\/iframe><\/p>\n<p><iframe id='audio_61331630' frameborder='0' allowfullscreen='' scrolling='no' height='200' style='border:1px solid #EEE; box-sizing:border-box; width:100%;' src=\"https:\/\/www.ivoox.com\/player_ej_61331630_4_1.html?c1=ff6600\" loading='lazy'><\/iframe><\/p>\n<p><iframe id='audio_61331739' frameborder='0' allowfullscreen='' scrolling='no' height='200' style='border:1px solid #EEE; box-sizing:border-box; width:100%;' src=\"https:\/\/www.ivoox.com\/player_ej_61331739_4_1.html?c1=ff6600\" loading='lazy'><\/iframe>[\/et_pb_accordion_item][et_pb_accordion_item title=\u00bb54\u00ba EUC %22Ciencia y fe, cuando los clich\u00e9s no dejan ver la realidad%22&#8243; _builder_version=\u00bb4.15.1&#8243; _module_preset=\u00bbdefault\u00bb global_colors_info=\u00bb{}\u00bb open=\u00bboff\u00bb]<iframe id='audio_68008818' frameborder='0' allowfullscreen='' scrolling='no' height='200' style='border:1px solid #EEE; box-sizing:border-box; width:100%;' src=\"https:\/\/www.ivoox.com\/player_ej_68008818_4_1.html?c1=ff6600\" loading='lazy'><\/iframe><\/p>\n<p><iframe id=\"audio_68008869\" frameborder=\"0\" allowfullscreen=\"\" scrolling=\"no\" height=\"200\" style=\"border: 1px solid #EEE; box-sizing: border-box; width: 100%;\" src=\"https:\/\/www.ivoox.com\/player_ej_68008869_4_1.html?c1=ff6600\" loading=\"lazy\"><\/iframe><\/p>\n<p><iframe id=\"audio_68381902\" frameborder=\"0\" allowfullscreen=\"\" scrolling=\"no\" height=\"200\" style=\"border: 1px solid #EEE; box-sizing: border-box; width: 100%;\" src=\"https:\/\/www.ivoox.com\/player_ej_68381902_4_1.html?c1=ff6600\" loading=\"lazy\"><\/iframe><\/p>\n<p><iframe id=\"audio_68382012\" frameborder=\"0\" allowfullscreen=\"\" scrolling=\"no\" height=\"200\" style=\"border: 1px solid #EEE; box-sizing: border-box; width: 100%;\" src=\"https:\/\/www.ivoox.com\/player_ej_68382012_4_1.html?c1=ff6600\" loading=\"lazy\"><\/iframe><\/p>\n<p><iframe id=\"audio_68382106\" frameborder=\"0\" allowfullscreen=\"\" scrolling=\"no\" height=\"200\" style=\"border: 1px solid #EEE; box-sizing: border-box; width: 100%;\" src=\"https:\/\/www.ivoox.com\/player_ej_68382106_4_1.html?c1=ff6600\" loading=\"lazy\"><\/iframe><\/p>\n<p><iframe id=\"audio_68382600\" frameborder=\"0\" allowfullscreen=\"\" scrolling=\"no\" height=\"200\" style=\"border: 1px solid #EEE; box-sizing: border-box; width: 100%;\" src=\"https:\/\/www.ivoox.com\/player_ej_68382600_4_1.html?c1=ff6600\" loading=\"lazy\"><\/iframe>[\/et_pb_accordion_item][et_pb_accordion_item title=\u00bb53\u00ba EUC %22Tom\u00e1s Morales, una pedagog\u00eda realista%22&#8243; _builder_version=\u00bb4.15.1&#8243; _module_preset=\u00bbdefault\u00bb global_colors_info=\u00bb{}\u00bb open=\u00bboff\u00bb]<iframe id='audio_61011294' frameborder='0' allowfullscreen='' scrolling='no' height='200' style='border:1px solid #EEE; box-sizing:border-box; width:100%;' src=\"https:\/\/www.ivoox.com\/player_ej_61011294_4_1.html?c1=ff6600\" loading='lazy'><\/iframe><\/p>\n<p><iframe id='audio_61011576' frameborder='0' allowfullscreen='' scrolling='no' height='200' style='border:1px solid #EEE; box-sizing:border-box; width:100%;' src=\"https:\/\/www.ivoox.com\/player_ej_61011576_4_1.html?c1=ff6600\" loading='lazy'><\/iframe><\/p>\n<p><iframe id='audio_61340339' frameborder='0' allowfullscreen='' scrolling='no' height='200' style='border:1px solid #EEE; box-sizing:border-box; width:100%;' src=\"https:\/\/www.ivoox.com\/player_ej_61340339_4_1.html?c1=ff6600\" loading='lazy'><\/iframe><\/p>\n<p><iframe id='audio_61330880' frameborder='0' allowfullscreen='' scrolling='no' height='200' style='border:1px solid #EEE; box-sizing:border-box; width:100%;' src=\"https:\/\/www.ivoox.com\/player_ej_61330880_4_1.html?c1=ff6600\" loading='lazy'><\/iframe>[\/et_pb_accordion_item][et_pb_accordion_item title=\u00bb52\u00ba EUC %22El Cristianismo \u00bfla religi\u00f3n verdadera? II%22 \u00bb _builder_version=\u00bb4.15.1&#8243; _module_preset=\u00bbdefault\u00bb global_colors_info=\u00bb{}\u00bb open=\u00bboff\u00bb]<iframe id='audio_61010503' frameborder='0' allowfullscreen='' scrolling='no' height='200' style='border:1px solid #EEE; box-sizing:border-box; width:100%;' src=\"https:\/\/www.ivoox.com\/player_ej_61010503_4_1.html?c1=ff6600\" loading='lazy'><\/iframe><\/p>\n<p><iframe id='audio_61010875' frameborder='0' allowfullscreen='' scrolling='no' height='200' style='border:1px solid #EEE; box-sizing:border-box; width:100%;' src=\"https:\/\/www.ivoox.com\/player_ej_61010875_4_1.html?c1=ff6600\" loading='lazy'><\/iframe><\/p>\n<p><iframe id='audio_61011017' frameborder='0' allowfullscreen='' scrolling='no' height='200' style='border:1px solid #EEE; box-sizing:border-box; width:100%;' src=\"https:\/\/www.ivoox.com\/player_ej_61011017_4_1.html?c1=ff6600\" loading='lazy'><\/iframe><\/p>\n<p><iframe id='audio_61010951' frameborder='0' allowfullscreen='' scrolling='no' height='200' style='border:1px solid #EEE; box-sizing:border-box; width:100%;' src=\"https:\/\/www.ivoox.com\/player_ej_61010951_4_1.html?c1=ff6600\" loading='lazy'><\/iframe><\/p>\n<p><iframe id='audio_61011074' frameborder='0' allowfullscreen='' scrolling='no' height='200' style='border:1px solid #EEE; box-sizing:border-box; width:100%;' src=\"https:\/\/www.ivoox.com\/player_ej_61011074_4_1.html?c1=ff6600\" loading='lazy'><\/iframe>[\/et_pb_accordion_item][et_pb_accordion_item title=\u00bb51\u00ba EUC %22El Cristianismo \u00bfla religi\u00f3n verdadera?%22&#8243; _builder_version=\u00bb4.15.1&#8243; _module_preset=\u00bbdefault\u00bb global_colors_info=\u00bb{}\u00bb open=\u00bboff\u00bb]<iframe id='audio_60879950' frameborder='0' allowfullscreen='' scrolling='no' height='200' style='border:1px solid #EEE; box-sizing:border-box; width:100%;' src=\"https:\/\/www.ivoox.com\/player_ej_60879950_4_1.html?c1=ff6600\" loading='lazy'><\/iframe><\/p>\n<p><iframe id='audio_60880205' frameborder='0' allowfullscreen='' scrolling='no' height='200' style='border:1px solid #EEE; box-sizing:border-box; width:100%;' src=\"https:\/\/www.ivoox.com\/player_ej_60880205_4_1.html?c1=ff6600\" loading='lazy'><\/iframe><\/p>\n<p><iframe id='audio_60880247' frameborder='0' allowfullscreen='' scrolling='no' height='200' style='border:1px solid #EEE; box-sizing:border-box; width:100%;' src=\"https:\/\/www.ivoox.com\/player_ej_60880247_4_1.html?c1=ff6600\" loading='lazy'><\/iframe><\/p>\n<p><iframe id='audio_60880271' frameborder='0' allowfullscreen='' scrolling='no' height='200' style='border:1px solid #EEE; box-sizing:border-box; width:100%;' src=\"https:\/\/www.ivoox.com\/player_ej_60880271_4_1.html?c1=ff6600\" loading='lazy'><\/iframe>[\/et_pb_accordion_item][et_pb_accordion_item title=\u00bb50\u00ba EUC %22De la Fe a la Raz\u00f3n%22 \u00bb _builder_version=\u00bb4.15.1&#8243; _module_preset=\u00bbdefault\u00bb global_colors_info=\u00bb{}\u00bb open=\u00bboff\u00bb]<iframe id='audio_60863600' frameborder='0' allowfullscreen='' scrolling='no' height='200' style='border:1px solid #EEE; box-sizing:border-box; width:100%;' src=\"https:\/\/www.ivoox.com\/player_ej_60863600_4_1.html?c1=ff6600\" loading='lazy'><\/iframe><\/p>\n<p><iframe id='audio_60864570' frameborder='0' allowfullscreen='' scrolling='no' height='200' style='border:1px solid #EEE; box-sizing:border-box; width:100%;' src=\"https:\/\/www.ivoox.com\/player_ej_60864570_4_1.html?c1=ff6600\" loading='lazy'><\/iframe><\/p>\n<p><iframe id='audio_60864790' frameborder='0' allowfullscreen='' scrolling='no' height='200' style='border:1px solid #EEE; box-sizing:border-box; width:100%;' src=\"https:\/\/www.ivoox.com\/player_ej_60864790_4_1.html?c1=ff6600\" loading='lazy'><\/iframe><\/p>\n<p><iframe id='audio_60865207' frameborder='0' allowfullscreen='' scrolling='no' height='200' style='border:1px solid #EEE; box-sizing:border-box; width:100%;' src=\"https:\/\/www.ivoox.com\/player_ej_60865207_4_1.html?c1=ff6600\" loading='lazy'><\/iframe>[\/et_pb_accordion_item][et_pb_accordion_item title=\u00bb49\u00ba EUC %22De la Fe a la Raz\u00f3n%22 \u00bb _builder_version=\u00bb4.15.1&#8243; _module_preset=\u00bbdefault\u00bb global_colors_info=\u00bb{}\u00bb open=\u00bboff\u00bb]<iframe id='audio_60855520' frameborder='0' allowfullscreen='' scrolling='no' height='200' style='border:1px solid #EEE; box-sizing:border-box; width:100%;' src=\"https:\/\/www.ivoox.com\/player_ej_60855520_4_1.html?c1=ff6600\" loading='lazy'><\/iframe>[\/et_pb_accordion_item][et_pb_accordion_item title=\u00bb48\u00ba EUC %22Javier: Universidad y Misi\u00f3n%22 \u00bb _builder_version=\u00bb4.15.1&#8243; _module_preset=\u00bbdefault\u00bb global_colors_info=\u00bb{}\u00bb open=\u00bboff\u00bb]<iframe id='audio_60742729' frameborder='0' allowfullscreen='' scrolling='no' height='200' style='border:1px solid #EEE; box-sizing:border-box; width:100%;' src=\"https:\/\/www.ivoox.com\/player_ej_60742729_4_1.html?c1=ff6600\" loading='lazy'><\/iframe><\/p>\n<p><iframe id='audio_60743058' frameborder='0' allowfullscreen='' scrolling='no' height='200' style='border:1px solid #EEE; box-sizing:border-box; width:100%;' src=\"https:\/\/www.ivoox.com\/player_ej_60743058_4_1.html?c1=ff6600\" loading='lazy'><\/iframe>[\/et_pb_accordion_item][\/et_pb_accordion][\/et_pb_column][et_pb_column type=\u00bb1_2&#8243; _builder_version=\u00bb4.15.1&#8243; _module_preset=\u00bbdefault\u00bb global_colors_info=\u00bb{}\u00bb][et_pb_image src=\u00bbhttps:\/\/asociacioneuc.org\/wp-content\/uploads\/2022\/11\/EVENTOS-1.jpg\u00bb title_text=\u00bbEVENTOS (1)\u00bb _builder_version=\u00bb4.15.1&#8243; _module_preset=\u00bbdefault\u00bb custom_margin=\u00bb||6px|||\u00bb global_colors_info=\u00bb{}\u00bb][\/et_pb_image][et_pb_text _builder_version=\u00bb4.15.1&#8243; _module_preset=\u00bbdefault\u00bb text_font=\u00bbMontserrat|800|||||||\u00bb min_height=\u00bb57.3px\u00bb custom_margin=\u00bb||23px|||\u00bb custom_padding=\u00bb11px||6px|||\u00bb global_colors_info=\u00bb{}\u00bb]<\/p>\n<p>El amor humano, ideolog\u00eda de g\u00e9nero<\/p>\n<p>[\/et_pb_text][et_pb_accordion icon_color=\u00bb#ff6600&#8243; _builder_version=\u00bb4.15&#8243; _module_preset=\u00bbdefault\u00bb background_color=\u00bb#ff6600&#8243; custom_margin=\u00bb-21px|||||\u00bb link_option_url=\u00bbhttps:\/\/asociacioneuc.org\/wp-content\/uploads\/2021\/03\/75EUC_Genes_NicolasJouve.pdf\u00bb link_option_url_new_window=\u00bbon\u00bb locked=\u00bboff\u00bb global_colors_info=\u00bb{}\u00bb][et_pb_accordion_item title=\u00bb%22\u00bfQu\u00e9 dictan nuestro genes?&#8230; No todo es cuesti\u00f3n de genes%22&#8243; open=\u00bbon\u00bb _builder_version=\u00bb4.15&#8243; _module_preset=\u00bbdefault\u00bb link_option_url=\u00bbhttps:\/\/asociacioneuc.org\/wp-content\/uploads\/2021\/03\/75EUC_Genes_NicolasJouve.pdf\u00bb link_option_url_new_window=\u00bbon\u00bb global_colors_info=\u00bb{}\u00bb]<\/p>\n<p><img src=\"https:\/\/asociacioneuc.org\/wp-content\/uploads\/2021\/03\/pdf-naranja-e1616760795694.jpg\" width=\"25\" height=\"25\" alt=\"\" class=\"wp-image-909 alignnone size-full\" \/> D. Nicol\u00e1s Jouve de la Barreda,<br \/>Conferencia en la Universidad de Alcal\u00e1, 18 noviembre 2016<\/p>\n<p>[\/et_pb_accordion_item][et_pb_accordion_item title=\u00bb%22La Ideolog\u00eda de g\u00e9nero y sus consecuencias sobre la relaci\u00f3n paterno-filial%22&#8243; _builder_version=\u00bb4.15&#8243; _module_preset=\u00bbdefault\u00bb link_option_url=\u00bbhttps:\/\/asociacioneuc.org\/wp-content\/uploads\/2021\/03\/75EUC_IdeologiaGenero_MariaCalvoCharro.pdf\u00bb global_colors_info=\u00bb{}\u00bb open=\u00bboff\u00bb]<\/p>\n<p><img src=\"https:\/\/asociacioneuc.org\/wp-content\/uploads\/2021\/03\/pdf-naranja-e1616760795694.jpg\" width=\"25\" height=\"25\" alt=\"\" class=\"wp-image-909 alignnone size-full\" \/> <span>D\u00aa Mar\u00eda Calvo Charro, 20 febrero 2012<\/span><\/p>\n<p>[\/et_pb_accordion_item][et_pb_accordion_item title=\u00bb%22Comentario al art\u00edculo %22The Vatican on gender theory and the responsabilities of Medicine%22 firmado por Timothy F. Murphy el 21 octubre 2019%22&#8243; _builder_version=\u00bb4.15&#8243; _module_preset=\u00bbdefault\u00bb link_option_url=\u00bbhttps:\/\/asociacioneuc.org\/wp-content\/uploads\/2021\/03\/75EUC_ComentarioVaticanGenderTheory.pdf\u00bb global_colors_info=\u00bb{}\u00bb open=\u00bboff\u00bb]<\/p>\n<p><img src=\"https:\/\/asociacioneuc.org\/wp-content\/uploads\/2021\/03\/pdf-naranja-e1616760795694.jpg\" width=\"25\" height=\"25\" alt=\"\" class=\"wp-image-909 alignnone size-full\" \/> <span>D. Justo Aznar, D. Julio Tudela, D. Enrique Burguete, Observatorio de Bio\u00e9tica de la Universidad Cat\u00f3lica de Valencia, 2020<\/span><\/p>\n<p>[\/et_pb_accordion_item][et_pb_accordion_item title=\u00bb%22\u00bfQu\u00e9 dictan nuestro genes?&#8230; No todo es cuesti\u00f3n de genes%22&#8243; _builder_version=\u00bb4.15&#8243; _module_preset=\u00bbdefault\u00bb global_colors_info=\u00bb{}\u00bb open=\u00bboff\u00bb]<\/p>\n<p><img src=\"https:\/\/asociacioneuc.org\/wp-content\/uploads\/2021\/03\/pdf-naranja-e1616760795694.jpg\" width=\"25\" height=\"25\" alt=\"\" class=\"wp-image-909 alignnone size-full\" \/> D. Nicol\u00e1s Jouve de la Barreda,<br \/>Conferencia en la Universidad de Alcal\u00e1, 18 noviembre 2016<\/p>\n<p>[\/et_pb_accordion_item][et_pb_accordion_item title=\u00bb%22Fundamentos antropol\u00f3gicos de la \u00e9tica de la sexualidad%22 \u00bb _builder_version=\u00bb4.15&#8243; _module_preset=\u00bbdefault\u00bb link_option_url=\u00bbhttps:\/\/asociacioneuc.org\/wp-content\/uploads\/2021\/03\/75EUC_FundamentosAntropologicos_Caffarra.pdf\u00bb global_colors_info=\u00bb{}\u00bb open=\u00bboff\u00bb]<\/p>\n<p><img src=\"https:\/\/asociacioneuc.org\/wp-content\/uploads\/2021\/03\/pdf-naranja-e1616760795694.jpg\" width=\"25\" height=\"25\" alt=\"\" class=\"wp-image-909 alignnone size-full\" \/> <span>Carlos Caffarra, Instituto Berit de la Familia, 22 enero 1994<\/span><\/p>\n<p>[\/et_pb_accordion_item][\/et_pb_accordion][et_pb_text _builder_version=\u00bb4.15.1&#8243; _module_preset=\u00bbdefault\u00bb text_font=\u00bbMontserrat|800|||||||\u00bb custom_margin=\u00bb||0px|||\u00bb custom_padding=\u00bb0px||14px|||\u00bb global_colors_info=\u00bb{}\u00bb]<\/p>\n<p>Protagonistas de la Historia<\/p>\n<p>[\/et_pb_text][et_pb_accordion icon_color=\u00bb#ff6600&#8243; _builder_version=\u00bb4.15&#8243; _module_preset=\u00bbdefault\u00bb background_color=\u00bb#ff6600&#8243; min_height=\u00bb1032.8px\u00bb link_option_url=\u00bbhttps:\/\/asociacioneuc.org\/wp-content\/uploads\/2021\/03\/75EUC_Genes_NicolasJouve.pdf\u00bb link_option_url_new_window=\u00bbon\u00bb locked=\u00bboff\u00bb global_colors_info=\u00bb{}\u00bb][et_pb_accordion_item title=\u00bb%22Thanksgiving vs Columbus Day%22 \u00bb open=\u00bbon\u00bb _builder_version=\u00bb4.15&#8243; _module_preset=\u00bbdefault\u00bb link_option_url=\u00bbhttps:\/\/asociacioneuc.org\/wp-content\/uploads\/2021\/03\/74EUCElviraRoca_EEUU_Espana.pdf\u00bb link_option_url_new_window=\u00bbon\u00bb global_colors_info=\u00bb{}\u00bb]<\/p>\n<p><img src=\"https:\/\/asociacioneuc.org\/wp-content\/uploads\/2021\/03\/pdf-naranja-e1616760795694.jpg\" width=\"25\" height=\"25\" alt=\"\" class=\"wp-image-909 alignnone size-full\" \/> <span>D\u00aa Mar\u00eda Elvira Roca Barea, El Mundo Tribuna, 12 octubre 2019<\/span><\/p>\n<p>[\/et_pb_accordion_item][et_pb_accordion_item title=\u00bb%22Venezuela: Bol\u00edvar no, Espa\u00f1a s\u00ed%22&#8243; _builder_version=\u00bb4.15&#8243; _module_preset=\u00bbdefault\u00bb link_option_url=\u00bbhttps:\/\/asociacioneuc.org\/wp-content\/uploads\/2021\/03\/74EUC_Venezuela_BolivarNo_EspanaSi.pdf\u00bb link_option_url_new_window=\u00bbon\u00bb global_colors_info=\u00bb{}\u00bb open=\u00bboff\u00bb]<\/p>\n<p><img src=\"https:\/\/asociacioneuc.org\/wp-content\/uploads\/2021\/03\/pdf-naranja-e1616760795694.jpg\" width=\"25\" height=\"25\" alt=\"\" class=\"wp-image-909 alignnone size-full\" \/> <span>D. Carlos Le\u00e1\u00f1ez Aristimu\u00f1o, El Mundo Tribuna, 10 octubre 2019<\/span><\/p>\n<p>[\/et_pb_accordion_item][et_pb_accordion_item title=\u00bb%22\u00bfEs Espa\u00f1a un pa\u00eds atrasado? Las 63 expediciones cient\u00edficas que desmienten otra leyenda negra%22&#8243; _builder_version=\u00bb4.15&#8243; _module_preset=\u00bbdefault\u00bb link_option_url=\u00bbhttps:\/\/asociacioneuc.org\/wp-content\/uploads\/2021\/03\/74EUC_EsEspanaunpaisatrasado.pdf\u00bb link_option_url_new_window=\u00bbon\u00bb global_colors_info=\u00bb{}\u00bb open=\u00bboff\u00bb]<\/p>\n<p><img src=\"https:\/\/asociacioneuc.org\/wp-content\/uploads\/2021\/03\/pdf-naranja-e1616760795694.jpg\" width=\"25\" height=\"25\" alt=\"\" class=\"wp-image-909 alignnone size-full\" \/><span>D. C\u00e9sar Cervera, Peri\u00f3dico ABC, 4 junio 2019<\/span><\/p>\n<p>[\/et_pb_accordion_item][et_pb_accordion_item title=\u00bb%22Saludo del papa Benedicto XVI en la Vigilia de oraci\u00f3n por la beatificaci\u00f3n del cardenal John Henry Newman%22&#8243; _builder_version=\u00bb4.15&#8243; _module_preset=\u00bbdefault\u00bb link_option_url=\u00bbhttps:\/\/asociacioneuc.org\/wp-content\/uploads\/2021\/03\/BXVINewman.pdf\u00bb link_option_url_new_window=\u00bbon\u00bb global_colors_info=\u00bb{}\u00bb open=\u00bboff\u00bb]<\/p>\n<p><img src=\"https:\/\/asociacioneuc.org\/wp-content\/uploads\/2021\/03\/pdf-naranja-e1616760795694.jpg\" width=\"25\" height=\"25\" alt=\"\" class=\"wp-image-909 alignnone size-full\" \/> <span>Hyde Park Londres, 18 septiembre 2010<\/span><\/p>\n<p>[\/et_pb_accordion_item][et_pb_accordion_item title=\u00bb%22El ind\u00edgena americano, sujeto y proyecci\u00f3n de la modernidad catellana%22, Isabel la cat\u00f3lica, Homenage en el V centenario de su muerte\u00bb _builder_version=\u00bb4.15&#8243; _module_preset=\u00bbdefault\u00bb link_option_url=\u00bbhttps:\/\/asociacioneuc.org\/wp-content\/uploads\/2021\/03\/73EUC_Saavedra.pdf\u00bb link_option_url_new_window=\u00bbon\u00bb global_colors_info=\u00bb{}\u00bb open=\u00bboff\u00bb]<\/p>\n<p><img src=\"https:\/\/asociacioneuc.org\/wp-content\/uploads\/2021\/03\/pdf-naranja-e1616760795694.jpg\" width=\"25\" height=\"25\" alt=\"\" class=\"wp-image-909 alignnone size-full\" \/> <span>Mar\u00eda Saavedra Inaraja, 2005<\/span><\/p>\n<p>[\/et_pb_accordion_item][et_pb_accordion_item title=\u00bb%22Centenario de la conquista de M\u00e9jico por Hern\u00e1n Cort\u00e9s%22&#8243; _builder_version=\u00bb4.15&#8243; _module_preset=\u00bbdefault\u00bb link_option_url=\u00bbJes\u00fas Garc\u00eda Calero, ABC. Cultura, 29 de enero de 2019)\u00bb link_option_url_new_window=\u00bbon\u00bb global_colors_info=\u00bb{}\u00bb open=\u00bboff\u00bb]<\/p>\n<p><span>Jes\u00fas Garc\u00eda Calero, ABC. Cultura, 29 de enero de 2019<\/span><\/p>\n<p>[\/et_pb_accordion_item][et_pb_accordion_item title=\u00bb Documentos varios de D\u00aa Mar\u00eda Elvira Roca Barea\u00bb _builder_version=\u00bb4.15&#8243; _module_preset=\u00bbdefault\u00bb link_option_url=\u00bbhttps:\/\/asociacioneuc.org\/wp-content\/uploads\/2021\/03\/73EUC_ElviraRoca_2016.pdf\u00bb link_option_url_new_window=\u00bbon\u00bb global_colors_info=\u00bb{}\u00bb open=\u00bboff\u00bb]<\/p>\n<p><img src=\"https:\/\/asociacioneuc.org\/wp-content\/uploads\/2021\/03\/pdf-naranja-e1616760795694.jpg\" width=\"25\" height=\"25\" alt=\"\" class=\"wp-image-909 alignnone size-full\" \/> <span>\u00a02016<\/span><\/p>\n<p>[\/et_pb_accordion_item][et_pb_accordion_item title=\u00bb%22Panorama de la evangelizaci\u00f3n Hispanoamericana (1492-1824)%22 Carthaginensia VII\u00bb _builder_version=\u00bb4.15&#8243; _module_preset=\u00bbdefault\u00bb link_option_url=\u00bbhttps:\/\/asociacioneuc.org\/wp-content\/uploads\/2021\/03\/73EUC_BORGES_panoramaevangelizacion.pdf\u00bb link_option_url_new_window=\u00bbon\u00bb global_colors_info=\u00bb{}\u00bb open=\u00bboff\u00bb]<\/p>\n<p><img src=\"https:\/\/asociacioneuc.org\/wp-content\/uploads\/2021\/03\/pdf-naranja-e1616760795694.jpg\" width=\"25\" height=\"25\" alt=\"\" class=\"wp-image-909 alignnone size-full\" \/><span>Pedro Borges, 1991\u00a0 \u00a0 \u00a0 415-451.<\/span><\/p>\n<p>[\/et_pb_accordion_item][et_pb_accordion_item title=\u00bb%22Seraf\u00edn Fanjul: Al-Andalus no es un modelo aceptable hoy para Europa%22&#8243; _builder_version=\u00bb4.15&#8243; _module_preset=\u00bbdefault\u00bb link_option_url=\u00bbhttps:\/\/asociacioneuc.org\/wp-content\/uploads\/2021\/03\/72EUCFanjulAlAndalus.pdf\u00bb link_option_url_new_window=\u00bbon\u00bb global_colors_info=\u00bb{}\u00bb open=\u00bboff\u00bb]<\/p>\n<p><img src=\"https:\/\/asociacioneuc.org\/wp-content\/uploads\/2021\/03\/pdf-naranja-e1616760795694.jpg\" width=\"25\" height=\"25\" alt=\"\" class=\"wp-image-909 alignnone size-full\" \/> <span>junio 2017<\/span><\/p>\n<p>[\/et_pb_accordion_item][et_pb_accordion_item title=\u00bb %22Historia y ficci\u00f3n%22 \u00bb _builder_version=\u00bb4.15&#8243; _module_preset=\u00bbdefault\u00bb link_option_url=\u00bbhttps:\/\/asociacioneuc.org\/wp-content\/uploads\/2021\/03\/72EUChistoriayficcion.pdf\u00bb link_option_url_new_window=\u00bbon\u00bb global_colors_info=\u00bb{}\u00bb open=\u00bboff\u00bb]<\/p>\n<p><img src=\"https:\/\/asociacioneuc.org\/wp-content\/uploads\/2021\/03\/pdf-naranja-e1616760795694.jpg\" width=\"25\" height=\"25\" alt=\"\" class=\"wp-image-909 alignnone size-full\" \/> <span>septiembre 2018<\/span><\/p>\n<p>[\/et_pb_accordion_item][\/et_pb_accordion][et_pb_text _builder_version=\u00bb4.15.1&#8243; _module_preset=\u00bbdefault\u00bb text_font=\u00bbMontserrat|800|||||||\u00bb custom_margin=\u00bb||0px|||\u00bb custom_padding=\u00bb0px|||||\u00bb global_colors_info=\u00bb{}\u00bb]<\/p>\n<p>Verdad &#8211; Belleza &#8211; Bien<\/p>\n<p>[\/et_pb_text][et_pb_accordion icon_color=\u00bb#ff6600&#8243; _builder_version=\u00bb4.15.1&#8243; _module_preset=\u00bbdefault\u00bb background_color=\u00bb#ff6600&#8243; min_height=\u00bb1013.2px\u00bb custom_margin=\u00bb9px|||||\u00bb link_option_url=\u00bbhttps:\/\/asociacioneuc.org\/wp-content\/uploads\/2021\/03\/75EUC_Genes_NicolasJouve.pdf\u00bb link_option_url_new_window=\u00bbon\u00bb locked=\u00bboff\u00bb global_colors_info=\u00bb{}\u00bb][et_pb_accordion_item title=\u00bb%22J\u00e9r\u00f4me Lejeune: una raz\u00f3n que ama%22&#8243; open=\u00bbon\u00bb _builder_version=\u00bb4.15&#8243; _module_preset=\u00bbdefault\u00bb link_option_url=\u00bbhttps:\/\/asociacioneuc.org\/wp-content\/uploads\/2021\/03\/63EUCmensajepapa48jornadaMCS.pdf\u00bb link_option_url_new_window=\u00bbon\u00bb global_colors_info=\u00bb{}\u00bb]<\/p>\n<p><img src=\"https:\/\/asociacioneuc.org\/wp-content\/uploads\/2021\/03\/pdf-naranja-e1616760795694.jpg\" width=\"25\" height=\"25\" alt=\"\" class=\"wp-image-909 alignnone size-full\" \/>\u00a0<\/p>\n<p>[\/et_pb_accordion_item][et_pb_accordion_item title=\u00bb%22Padre de la gen\u00e9tica: J\u00e9r\u00f4me Lejeune%22 \u00bb _builder_version=\u00bb4.15&#8243; _module_preset=\u00bbdefault\u00bb link_option_url=\u00bbhttps:\/\/asociacioneuc.org\/wp-content\/uploads\/2021\/03\/68euc2016LejeunePadredeGenetica.pdf\u00bb link_option_url_new_window=\u00bbon\u00bb global_colors_info=\u00bb{}\u00bb open=\u00bboff\u00bb]<\/p>\n<p><img src=\"https:\/\/asociacioneuc.org\/wp-content\/uploads\/2021\/03\/pdf-naranja-e1616760795694.jpg\" width=\"25\" height=\"25\" alt=\"\" class=\"wp-image-909 alignnone size-full\" \/> <span> Fundaci\u00f3n J\u00e9r\u00f4me Lejeune<\/span><\/p>\n<p>[\/et_pb_accordion_item][et_pb_accordion_item title=\u00bb%22Padre de la gen\u00e9tica moderna, J\u00e9r\u00f4me Lejeune: En el principio est\u00e1 la vida%22&#8243; _builder_version=\u00bb4.15&#8243; _module_preset=\u00bbdefault\u00bb link_option_url=\u00bbhttps:\/\/asociacioneuc.org\/wp-content\/uploads\/2021\/03\/68euc2016EscritodeLejeune.pdf\u00bb link_option_url_new_window=\u00bbon\u00bb global_colors_info=\u00bb{}\u00bb open=\u00bboff\u00bb]<\/p>\n<p><img src=\"https:\/\/asociacioneuc.org\/wp-content\/uploads\/2021\/03\/pdf-naranja-e1616760795694.jpg\" width=\"25\" height=\"25\" alt=\"\" class=\"wp-image-909 alignnone size-full\" \/> <span>Clara Lejeune, 2011<\/span><\/p>\n<p>[\/et_pb_accordion_item][et_pb_accordion_item title=\u00bbCarta de San Juan Pablo II al Cardenal Lustiger con motivo de la muerte de J\u00e9r\u00f4me Lejeune\u00bb _builder_version=\u00bb4.15.1&#8243; _module_preset=\u00bbdefault\u00bb link_option_url=\u00bbhttps:\/\/asociacioneuc.org\/wp-content\/uploads\/2021\/03\/68euc2016EscritodeLejeune.pdf\u00bb link_option_url_new_window=\u00bbon\u00bb global_colors_info=\u00bb{}\u00bb open=\u00bboff\u00bb]<\/p>\n<p><a href=\"https:\/\/asociacioneuc.org\/wp-content\/uploads\/2023\/03\/Carta-Juan-Pablo-II-sobre-Lejeune.pdf\" rel=\"attachment wp-att-2373\">Carta Juan Pablo II sobre Lejeune<\/a><\/p>\n<p>[\/et_pb_accordion_item][et_pb_accordion_item title=\u00bb%22Antonio Gaud\u00ed: Un hombre fascinado por la belleza%22&#8243; _builder_version=\u00bb4.15&#8243; _module_preset=\u00bbdefault\u00bb link_option_url=\u00bbhttps:\/\/asociacioneuc.org\/wp-content\/uploads\/2021\/03\/68euc2016AntonioGaudi_MariaRodriguezVelasco.pdf\u00bb link_option_url_new_window=\u00bbon\u00bb global_colors_info=\u00bb{}\u00bb open=\u00bboff\u00bb]<\/p>\n<p><img src=\"https:\/\/asociacioneuc.org\/wp-content\/uploads\/2021\/03\/pdf-naranja-e1616760795694.jpg\" width=\"25\" height=\"25\" alt=\"\" class=\"wp-image-909 alignnone size-full\" \/> <span>Mar\u00eda Rodr\u00edguez Velasco, 29 octubre 2016<\/span><\/p>\n<p>[\/et_pb_accordion_item][et_pb_accordion_item title=\u00bb%22La belleza es el resplandor de la verdad: Antonio Gaud\u00ed%22&#8243; _builder_version=\u00bb4.15&#8243; _module_preset=\u00bbdefault\u00bb link_option_url=\u00bbhttps:\/\/asociacioneuc.org\/wp-content\/uploads\/2021\/03\/68euc2016Gaudi.pdf\u00bb link_option_url_new_window=\u00bbon\u00bb global_colors_info=\u00bb{}\u00bb open=\u00bboff\u00bb]<\/p>\n<p><img src=\"https:\/\/asociacioneuc.org\/wp-content\/uploads\/2021\/03\/pdf-naranja-e1616760795694.jpg\" width=\"25\" height=\"25\" alt=\"\" class=\"wp-image-909 alignnone size-full\" \/>\u00a0<\/p>\n<p>[\/et_pb_accordion_item][et_pb_accordion_item title=\u00bb%22Catequesis: El deseo de Dios%22&#8243; _builder_version=\u00bb4.15&#8243; _module_preset=\u00bbdefault\u00bb link_option_url=\u00bbhttps:\/\/asociacioneuc.org\/wp-content\/uploads\/2021\/03\/68euc2016BXVICatequesis2012EldeseodeDios.pdf\u00bb link_option_url_new_window=\u00bbon\u00bb global_colors_info=\u00bb{}\u00bb open=\u00bboff\u00bb]<\/p>\n<p><img src=\"https:\/\/asociacioneuc.org\/wp-content\/uploads\/2021\/03\/pdf-naranja-e1616760795694.jpg\" width=\"25\" height=\"25\" alt=\"\" class=\"wp-image-909 alignnone size-full\" \/> <span>Benedicto XVI, 7 noviembre 2012<\/span><\/p>\n<p>[\/et_pb_accordion_item][et_pb_accordion_item title=\u00bb %22Homilia durante la consagraci\u00f3n de la Iglesia de la Sagrada Familia y del altar%22&#8243; _builder_version=\u00bb4.15&#8243; _module_preset=\u00bbdefault\u00bb link_option_url=\u00bbhttps:\/\/asociacioneuc.org\/wp-content\/uploads\/2021\/03\/68euc2016BXVIhomiliaSagradaFamilia.pdf\u00bb link_option_url_new_window=\u00bbon\u00bb global_colors_info=\u00bb{}\u00bb open=\u00bboff\u00bb]<\/p>\n<p><img src=\"https:\/\/asociacioneuc.org\/wp-content\/uploads\/2021\/03\/pdf-naranja-e1616760795694.jpg\" width=\"25\" height=\"25\" alt=\"\" class=\"wp-image-909 alignnone size-full\" \/><span>Benedicto XVI, Barcelona 7 noviembre 2010<\/span><\/p>\n<p>[\/et_pb_accordion_item][et_pb_accordion_item title=\u00bbBreves biograf\u00edas de conversos: Robert Hugh Benson, Cristopher Dawson, Manuel Garc\u00eda Morente, Narciso Yepes, John Henry Newman\u00bb _builder_version=\u00bb4.15&#8243; _module_preset=\u00bbdefault\u00bb link_option_url=\u00bbhttps:\/\/asociacioneuc.org\/wp-content\/uploads\/2021\/03\/56EUCBiografiasConversos.pdf\u00bb link_option_url_new_window=\u00bbon\u00bb global_colors_info=\u00bb{}\u00bb open=\u00bboff\u00bb]<\/p>\n<p><img src=\"https:\/\/asociacioneuc.org\/wp-content\/uploads\/2021\/03\/pdf-naranja-e1616760795694.jpg\" width=\"25\" height=\"25\" alt=\"\" class=\"wp-image-909 alignnone size-full\" \/>\u00a0<\/p>\n<p>[\/et_pb_accordion_item][et_pb_accordion_item title=\u00bbDiscurso del papa Benedicto XVI en la vigilia de oraci\u00f3n para la beatificaci\u00f3n de John Henry Newman\u00bb _builder_version=\u00bb4.15.1&#8243; _module_preset=\u00bbdefault\u00bb link_option_url=\u00bbhttps:\/\/asociacioneuc.org\/wp-content\/uploads\/2021\/03\/56EUCBiografiasConversos.pdf\u00bb link_option_url_new_window=\u00bbon\u00bb global_colors_info=\u00bb{}\u00bb open=\u00bboff\u00bb]<\/p>\n<p><a href=\"https:\/\/asociacioneuc.org\/wp-content\/uploads\/2023\/03\/Discurso-beatificacion-Newman.pdf\" rel=\"attachment wp-att-2372\">Discurso beatificaci\u00f3n Newman<\/a><\/p>\n<p>[\/et_pb_accordion_item][et_pb_accordion_item title=\u00bbEntrevista con el padre Ian Boyd, especialista en Chesterton\u00bb _builder_version=\u00bb4.15&#8243; _module_preset=\u00bbdefault\u00bb link_option_url=\u00bbhttps:\/\/asociacioneuc.org\/wp-content\/uploads\/2021\/03\/56EUCChesterton.pdf\u00bb link_option_url_new_window=\u00bbon\u00bb global_colors_info=\u00bb{}\u00bb open=\u00bboff\u00bb]<\/p>\n<p><span>16 septiembre 2010<\/span><\/p>\n<p>[\/et_pb_accordion_item][\/et_pb_accordion][et_pb_text _builder_version=\u00bb4.15.1&#8243; _module_preset=\u00bbdefault\u00bb text_font=\u00bbMontserrat|800|||||||\u00bb custom_margin=\u00bb23px||0px|||\u00bb custom_padding=\u00bb0px||0px|||\u00bb global_colors_info=\u00bb{}\u00bb]<\/p>\n<p>Religi\u00f3n y religiones<\/p>\n<p>[\/et_pb_text][et_pb_accordion icon_color=\u00bb#ff6600&#8243; _builder_version=\u00bb4.15&#8243; _module_preset=\u00bbdefault\u00bb background_color=\u00bb#ff6600&#8243; min_height=\u00bb521.5px\u00bb custom_margin=\u00bb16px|||||\u00bb link_option_url=\u00bbhttps:\/\/asociacioneuc.org\/wp-content\/uploads\/2021\/03\/75EUC_Genes_NicolasJouve.pdf\u00bb link_option_url_new_window=\u00bbon\u00bb locked=\u00bboff\u00bb global_colors_info=\u00bb{}\u00bb][et_pb_accordion_item title=\u00bb\u201cMax Scheler y la posibilidad de una \u2018teolog\u00eda fenomenol\u00f3gica&#8217;%22&#8243; open=\u00bbon\u00bb _builder_version=\u00bb4.15&#8243; _module_preset=\u00bbdefault\u00bb link_option_url=\u00bbhttps:\/\/asociacioneuc.org\/wp-content\/uploads\/2021\/03\/FdezBeites.pdf\u00bb link_option_url_new_window=\u00bbon\u00bb global_colors_info=\u00bb{}\u00bb]<\/p>\n<p><img src=\"https:\/\/asociacioneuc.org\/wp-content\/uploads\/2021\/03\/pdf-naranja-e1616760795694.jpg\" width=\"25\" height=\"25\" alt=\"\" class=\"wp-image-909 alignnone size-full\" \/> \u00a0<span>D\u00aa. Pilar Fern\u00e1ndez Beites<\/span><\/p>\n<p>[\/et_pb_accordion_item][et_pb_accordion_item title=\u00bb\u201cLa relaci\u00f3n originaria entre filosof\u00eda y religi\u00f3n. Visi\u00f3n de Josef Pieper\u201d\u00bb _builder_version=\u00bb4.15&#8243; _module_preset=\u00bbdefault\u00bb link_option_url=\u00bbhttps:\/\/asociacioneuc.org\/wp-content\/uploads\/2021\/03\/SaraGallardo.pdf\u00bb link_option_url_new_window=\u00bbon\u00bb global_colors_info=\u00bb{}\u00bb open=\u00bboff\u00bb]<\/p>\n<p><img src=\"https:\/\/asociacioneuc.org\/wp-content\/uploads\/2021\/03\/pdf-naranja-e1616760795694.jpg\" width=\"25\" height=\"25\" alt=\"\" class=\"wp-image-909 alignnone size-full\" \/> <span>D\u00aa. Sara Gallardo Gonz\u00e1lez<\/span><\/p>\n<p>[\/et_pb_accordion_item][et_pb_accordion_item title=\u00bb %22Las patolog\u00edas de la religi\u00f3n y de la raz\u00f3n%22&#8243; _builder_version=\u00bb4.15&#8243; _module_preset=\u00bbdefault\u00bb link_option_url=\u00bbhttps:\/\/asociacioneuc.org\/wp-content\/uploads\/2021\/03\/50EUCPatologiasReligionyRazon.pdf\u00bb link_option_url_new_window=\u00bbon\u00bb global_colors_info=\u00bb{}\u00bb open=\u00bboff\u00bb]<\/p>\n<p><img src=\"https:\/\/asociacioneuc.org\/wp-content\/uploads\/2021\/03\/pdf-naranja-e1616760795694.jpg\" width=\"25\" height=\"25\" alt=\"\" class=\"wp-image-909 alignnone size-full\" \/> <span>Publicaciones de Joseph Card. Ratzinger:\u00a0 (2004)<\/span><\/p>\n<p>[\/et_pb_accordion_item][et_pb_accordion_item title=\u00bb%22Patolog\u00edas de la raz\u00f3n%22&#8243; _builder_version=\u00bb4.15&#8243; _module_preset=\u00bbdefault\u00bb link_option_url=\u00bbhttps:\/\/asociacioneuc.org\/wp-content\/uploads\/2021\/03\/50EUCPatologiasdelaRazon.pdf\u00bb link_option_url_new_window=\u00bbon\u00bb global_colors_info=\u00bb{}\u00bb open=\u00bboff\u00bb]<\/p>\n<p><img src=\"https:\/\/asociacioneuc.org\/wp-content\/uploads\/2021\/03\/pdf-naranja-e1616760795694.jpg\" width=\"25\" height=\"25\" alt=\"\" class=\"wp-image-909 alignnone size-full\" \/> \u00a0<span>D. Eduardo Ortiz<\/span><\/p>\n<p>[\/et_pb_accordion_item][et_pb_accordion_item title=\u00bb %22Por una alianza entre fe y raz\u00f3n%22&#8243; _builder_version=\u00bb4.15&#8243; _module_preset=\u00bbdefault\u00bb link_option_url=\u00bbhttps:\/\/asociacioneuc.org\/wp-content\/uploads\/2021\/03\/49EUCBenedictoXVIAlianzaFeRazon.pdf\u00bb link_option_url_new_window=\u00bbon\u00bb global_colors_info=\u00bb{}\u00bb open=\u00bboff\u00bb]<\/p>\n<p><img src=\"https:\/\/asociacioneuc.org\/wp-content\/uploads\/2021\/03\/pdf-naranja-e1616760795694.jpg\" width=\"25\" height=\"25\" alt=\"\" class=\"wp-image-909 alignnone size-full\" \/> <span> Benedicto XVI: discurso en la Fiesta de Santo Tom\u00e1s, 28-01-2007<\/span><\/p>\n<p>[\/et_pb_accordion_item][\/et_pb_accordion][et_pb_accordion icon_color=\u00bb#ff6600&#8243; _builder_version=\u00bb4.15&#8243; _module_preset=\u00bbdefault\u00bb background_color=\u00bb#ff6600&#8243; link_option_url=\u00bbhttps:\/\/asociacioneuc.org\/wp-content\/uploads\/2021\/03\/75EUC_Genes_NicolasJouve.pdf\u00bb link_option_url_new_window=\u00bbon\u00bb locked=\u00bboff\u00bb global_colors_info=\u00bb{}\u00bb][et_pb_accordion_item title=\u00bbEl acceso a Jes\u00fas: la cuesti\u00f3n de las fuentes \u00bb open=\u00bbon\u00bb _builder_version=\u00bb4.15&#8243; _module_preset=\u00bbdefault\u00bb link_option_url=\u00bbhttps:\/\/asociacioneuc.org\/wp-content\/uploads\/2021\/03\/51EUCAccesoaJesus.pdf\u00bb link_option_url_new_window=\u00bbon\u00bb global_colors_info=\u00bb{}\u00bb]<\/p>\n<p><img src=\"https:\/\/asociacioneuc.org\/wp-content\/uploads\/2021\/03\/pdf-naranja-e1616760795694.jpg\" width=\"25\" height=\"25\" alt=\"\" class=\"wp-image-909 alignnone size-full\" \/> <span>D. Jorge Juan Fern\u00e1ndez Sangrador<\/span><\/p>\n<p>[\/et_pb_accordion_item][\/et_pb_accordion][et_pb_text _builder_version=\u00bb4.15.1&#8243; _module_preset=\u00bbdefault\u00bb text_font=\u00bbMontserrat|800|||||||\u00bb custom_margin=\u00bb||0px|||\u00bb custom_padding=\u00bb0px|||||\u00bb global_colors_info=\u00bb{}\u00bb]<\/p>\n<p>Nuevas formas de comunicar<\/p>\n<p>[\/et_pb_text][et_pb_accordion icon_color=\u00bb#ff6600&#8243; _builder_version=\u00bb4.15&#8243; _module_preset=\u00bbdefault\u00bb background_color=\u00bb#ff6600&#8243; custom_margin=\u00bb14px|||||\u00bb link_option_url=\u00bbhttps:\/\/asociacioneuc.org\/wp-content\/uploads\/2021\/03\/75EUC_Genes_NicolasJouve.pdf\u00bb link_option_url_new_window=\u00bbon\u00bb locked=\u00bboff\u00bb global_colors_info=\u00bb{}\u00bb][et_pb_accordion_item title=\u00bb%22La Comunicaci\u00f3n al servicio de una aut\u00e9ntica cultura del encuentro\u00bb open=\u00bbon\u00bb _builder_version=\u00bb4.15&#8243; _module_preset=\u00bbdefault\u00bb link_option_url=\u00bbhttps:\/\/asociacioneuc.org\/wp-content\/uploads\/2021\/03\/63EUCmensajepapa48jornadaMCS.pdf\u00bb link_option_url_new_window=\u00bbon\u00bb global_colors_info=\u00bb{}\u00bb]<\/p>\n<p><img src=\"https:\/\/asociacioneuc.org\/wp-content\/uploads\/2021\/03\/pdf-naranja-e1616760795694.jpg\" width=\"25\" height=\"25\" alt=\"\" class=\"wp-image-909 alignnone size-full\" \/> <span>Mensaje del Papa Francisco para la 48\u00aa Jornada de las Comunicaciones Sociales<\/span><\/p>\n<p>[\/et_pb_accordion_item][et_pb_accordion_item title=\u00bb%22Nuevas tecnolog\u00edas en la promoci\u00f3n tur\u00edstica del arte sacro%22&#8243; _builder_version=\u00bb4.15&#8243; _module_preset=\u00bbdefault\u00bb link_option_url=\u00bbhttps:\/\/asociacioneuc.org\/wp-content\/uploads\/2021\/03\/63EUCArtesacro.pdf\u00bb global_colors_info=\u00bb{}\u00bb open=\u00bboff\u00bb]<\/p>\n<p><img src=\"https:\/\/asociacioneuc.org\/wp-content\/uploads\/2021\/03\/pdf-naranja-e1616760795694.jpg\" width=\"25\" height=\"25\" alt=\"\" class=\"wp-image-909 alignnone size-full\" \/> <span>Comunicaciones de alumnos: Victoria Lamas<\/span><\/p>\n<p>[\/et_pb_accordion_item][et_pb_accordion_item title=\u00bb%22La culpa fue del WhatsApp%22&#8243; _builder_version=\u00bb4.15&#8243; _module_preset=\u00bbdefault\u00bb link_option_url=\u00bbhttps:\/\/asociacioneuc.org\/wp-content\/uploads\/2021\/03\/63EUCwhatsapp.pdf\u00bb global_colors_info=\u00bb{}\u00bb open=\u00bboff\u00bb]<\/p>\n<p><img src=\"https:\/\/asociacioneuc.org\/wp-content\/uploads\/2021\/03\/pdf-naranja-e1616760795694.jpg\" width=\"25\" height=\"25\" alt=\"\" class=\"wp-image-909 alignnone size-full\" \/> <span>art\u00edculo de Pilar Guembe y Carlos Go\u00f1i, octubre 2013<\/span><\/p>\n<p>[\/et_pb_accordion_item][et_pb_accordion_item title=\u00bb%22Las nuevas adicciones%22 \u00bb _builder_version=\u00bb4.15&#8243; _module_preset=\u00bbdefault\u00bb link_option_url=\u00bbhttps:\/\/asociacioneuc.org\/wp-content\/uploads\/2021\/03\/62EUCnuevasadiccionesAyO.pdf\u00bb global_colors_info=\u00bb{}\u00bb open=\u00bboff\u00bb]<\/p>\n<p><img src=\"https:\/\/asociacioneuc.org\/wp-content\/uploads\/2021\/03\/pdf-naranja-e1616760795694.jpg\" width=\"25\" height=\"25\" alt=\"\" class=\"wp-image-909 alignnone size-full\" \/> <span>Semanario Cat\u00f3lico Alfa y Omega, n\u00ba 454, 9 Junio 2205<\/span><\/p>\n<p>[\/et_pb_accordion_item][et_pb_accordion_item title=\u00bb%22Usos de internet y factores asociados en adolescentes de la Comunidad de Madrid%22 \u00bb _builder_version=\u00bb4.15&#8243; _module_preset=\u00bbdefault\u00bb link_option_url=\u00bbhttps:\/\/asociacioneuc.org\/wp-content\/uploads\/2021\/03\/62EUCUsoInternetAdolescentes.pdf\u00bb global_colors_info=\u00bb{}\u00bb open=\u00bboff\u00bb]<\/p>\n<p><img src=\"https:\/\/asociacioneuc.org\/wp-content\/uploads\/2021\/03\/pdf-naranja-e1616760795694.jpg\" width=\"25\" height=\"25\" alt=\"\" class=\"wp-image-909 alignnone size-full\" \/> <span>D\u00aa. Mercedes S\u00e1nchez-Mart\u00ednez y D. \u00c1ngel Otero Puime, enero 2009<\/span><\/p>\n<p>[\/et_pb_accordion_item][et_pb_accordion_item title=\u00bb%22En las Redes Sociales hay hambre de Dios%22&#8243; _builder_version=\u00bb4.15&#8243; _module_preset=\u00bbdefault\u00bb link_option_url=\u00bbhttps:\/\/asociacioneuc.org\/wp-content\/uploads\/2021\/03\/62EUCRedesSocialesHambredeDios.pdf\u00bb global_colors_info=\u00bb{}\u00bb open=\u00bboff\u00bb]<\/p>\n<p><img src=\"https:\/\/asociacioneuc.org\/wp-content\/uploads\/2021\/03\/pdf-naranja-e1616760795694.jpg\" width=\"25\" height=\"25\" alt=\"\" class=\"wp-image-909 alignnone size-full\" \/> <span>(Di\u00e1logo con el obispo Adalberto Mart\u00ednez, presidente de comunicaciones del Celam, por Jos\u00e9 Antonio Varela Vidal, 22 Mayo 2013<\/span><\/p>\n<p>[\/et_pb_accordion_item][et_pb_accordion_item title=\u00bb%22Internet, periferia existencial &#8211; Nada de los humano es ajeno a la Iglesia%22&#8243; _builder_version=\u00bb4.15&#8243; _module_preset=\u00bbdefault\u00bb link_option_url=\u00bbhttps:\/\/asociacioneuc.org\/wp-content\/uploads\/2021\/03\/67eucComunicacionPerpetuidadanimal.doc\u00bb global_colors_info=\u00bb{}\u00bb open=\u00bboff\u00bb]<\/p>\n<p><img src=\"https:\/\/asociacioneuc.org\/wp-content\/uploads\/2021\/03\/pdf-naranja-e1616760795694.jpg\" width=\"25\" height=\"25\" alt=\"\" class=\"wp-image-909 alignnone size-full\" \/> <span>P. Juan Antonio Ruiz J., L.C., 22 Mayo 2013<\/span><\/p>\n<p>[\/et_pb_accordion_item][et_pb_accordion_item title=\u00bb%22Redes Sociales: portales de verdad y de fe; nuevos espacios para la evangelizaci\u00f3n%22&#8243; _builder_version=\u00bb4.15&#8243; _module_preset=\u00bbdefault\u00bb link_option_url=\u00bbhttps:\/\/asociacioneuc.org\/wp-content\/uploads\/2021\/03\/62EUCBXVIRedesSociales.pdf\u00bb global_colors_info=\u00bb{}\u00bb open=\u00bboff\u00bb]<\/p>\n<p><img src=\"https:\/\/asociacioneuc.org\/wp-content\/uploads\/2021\/03\/pdf-naranja-e1616760795694.jpg\" width=\"25\" height=\"25\" alt=\"\" class=\"wp-image-909 alignnone size-full\" \/> <span>(Mensaje de Benedicto XVI para la XLVII Jornada Mundial de las Comunicaciones Sociales, 24 Enero 2013<\/span><\/p>\n<p>[\/et_pb_accordion_item][et_pb_accordion_item title=\u00bb%22\u00bfQu\u00e9 le est\u00e1 haciendo Internet a nuestros cerebros?%22&#8243; _builder_version=\u00bb4.15&#8243; _module_preset=\u00bbdefault\u00bb link_option_url=\u00bbhttps:\/\/asociacioneuc.org\/wp-content\/uploads\/2021\/03\/62EUCNicholasCarr.pdf\u00bb global_colors_info=\u00bb{}\u00bb open=\u00bboff\u00bb]<\/p>\n<p><img src=\"https:\/\/asociacioneuc.org\/wp-content\/uploads\/2021\/03\/pdf-naranja-e1616760795694.jpg\" width=\"25\" height=\"25\" alt=\"\" class=\"wp-image-909 alignnone size-full\" \/> <span>Nicholas Carr, 2008<\/span><\/p>\n<p>[\/et_pb_accordion_item][et_pb_accordion_item title=\u00bb%22\u00bfSomos adictos a WhatsApp?%22&#8243; _builder_version=\u00bb4.15&#8243; _module_preset=\u00bbdefault\u00bb link_option_url=\u00bbhttps:\/\/asociacioneuc.org\/wp-content\/uploads\/2021\/03\/62EUCNoticiaParaulaWhatsapp.pdf\u00bb global_colors_info=\u00bb{}\u00bb open=\u00bboff\u00bb]<\/p>\n<p><img src=\"https:\/\/asociacioneuc.org\/wp-content\/uploads\/2021\/03\/pdf-naranja-e1616760795694.jpg\" width=\"25\" height=\"25\" alt=\"\" class=\"wp-image-909 alignnone size-full\" \/> <span>Noticia Paraula, 10 Marzo 2013<\/span><\/p>\n<p>[\/et_pb_accordion_item][\/et_pb_accordion][et_pb_text _builder_version=\u00bb4.15.1&#8243; _module_preset=\u00bbdefault\u00bb text_font=\u00bbMontserrat|800|||||||\u00bb custom_margin=\u00bb||0px|||\u00bb custom_padding=\u00bb0px||20px|||\u00bb global_colors_info=\u00bb{}\u00bb]<\/p>\n<p>Verdad que hace libres<\/p>\n<p>[\/et_pb_text][et_pb_accordion icon_color=\u00bb#ff6600&#8243; _builder_version=\u00bb4.15&#8243; _module_preset=\u00bbdefault\u00bb background_color=\u00bb#ff6600&#8243; min_height=\u00bb367.1px\u00bb custom_margin=\u00bb4px|||||\u00bb link_option_url=\u00bbhttps:\/\/asociacioneuc.org\/wp-content\/uploads\/2021\/03\/75EUC_Genes_NicolasJouve.pdf\u00bb link_option_url_new_window=\u00bbon\u00bb locked=\u00bboff\u00bb global_colors_info=\u00bb{}\u00bb][et_pb_accordion_item title=\u00bbEnc\u00edclica %22Veritatis Splendor%22 n\u00ba54-64. San Juan Pablo II\u00bb open=\u00bbon\u00bb _builder_version=\u00bb4.15&#8243; _module_preset=\u00bbdefault\u00bb global_colors_info=\u00bb{}\u00bb]<\/p>\n<p><a href=\"https:\/\/asociacioneuc.org\/wp-content\/uploads\/2022\/02\/Carta-Enciclica-Veritatis-Splendor-no54-64.pdf\" rel=\"attachment wp-att-2088\"><span style=\"color: #000000;\">Carta Enc\u00edclica Veritatis Splendor n\u00ba54-64<\/span><\/a><\/p>\n<p>[\/et_pb_accordion_item][et_pb_accordion_item title=\u00bb%22Luces en la sombra. El juego del Calamar%22. Isidro Catela\u00bb _builder_version=\u00bb4.15&#8243; _module_preset=\u00bbdefault\u00bb global_colors_info=\u00bb{}\u00bb open=\u00bboff\u00bb]<\/p>\n<p><span style=\"color: #000000;\"><a href=\"https:\/\/asociacioneuc.org\/wp-content\/uploads\/2022\/02\/Luces-en-las-sombras_Isidro-Catela.pdf\" rel=\"attachment wp-att-2090\" style=\"color: #000000; text-decoration: underline;\">Luces en las sombras_Isidro Catela<\/a><\/span><\/p>\n<p>[\/et_pb_accordion_item][et_pb_accordion_item title=\u00bb%22Por qu\u00e9 la posverdad no es lo mismo que las mentiras de toda la vida%22. Miguel \u00c1ngel Quintana Paz\u00bb _builder_version=\u00bb4.15&#8243; _module_preset=\u00bbdefault\u00bb global_colors_info=\u00bb{}\u00bb open=\u00bboff\u00bb]<\/p>\n<p><span style=\"color: #000000;\"><a href=\"https:\/\/asociacioneuc.org\/wp-content\/uploads\/2022\/02\/Por-que-la-posverdad-no-es-lo-mismo-que-las-mentiras-de-toda-la-vida_Miguel-Angel-Qintana-Paz.pdf\" rel=\"attachment wp-att-2091\" style=\"color: #000000; text-decoration: underline;\">Por qu\u00e9 la posverdad no es lo mismo que las mentiras de toda la vida_Miguel \u00c1ngel Qintana Paz<\/a><\/span><\/p>\n<p>[\/et_pb_accordion_item][\/et_pb_accordion][et_pb_text _builder_version=\u00bb4.15.1&#8243; _module_preset=\u00bbdefault\u00bb text_font=\u00bbMontserrat|800|||||||\u00bb custom_margin=\u00bb||0px|||\u00bb custom_padding=\u00bb0px|||||\u00bb global_colors_info=\u00bb{}\u00bb]<\/p>\n<p>Sociedad y Bien Com\u00fan<\/p>\n<p>[\/et_pb_text][et_pb_accordion icon_color=\u00bb#ff6600&#8243; _builder_version=\u00bb4.15&#8243; _module_preset=\u00bbdefault\u00bb background_color=\u00bb#ff6600&#8243; custom_margin=\u00bb22px|||||\u00bb link_option_url=\u00bbhttps:\/\/asociacioneuc.org\/wp-content\/uploads\/2021\/03\/75EUC_Genes_NicolasJouve.pdf\u00bb link_option_url_new_window=\u00bbon\u00bb locked=\u00bboff\u00bb global_colors_info=\u00bb{}\u00bb][et_pb_accordion_item title=\u00bb%22Bien com\u00fan, solidaridad y participaci\u00f3n%22. Libro: El pensamiento de Karol Wojtyla\u00bb open=\u00bbon\u00bb _builder_version=\u00bb4.15&#8243; _module_preset=\u00bbdefault\u00bb link_option_url=\u00bbhttps:\/\/asociacioneuc.org\/wp-content\/uploads\/2021\/03\/65EUCBiencomunWojtyla.pdf\u00bb link_option_url_new_window=\u00bbon\u00bb global_colors_info=\u00bb{}\u00bb]<\/p>\n<p><img src=\"https:\/\/asociacioneuc.org\/wp-content\/uploads\/2021\/03\/pdf-naranja-e1616760795694.jpg\" width=\"25\" height=\"25\" alt=\"\" class=\"wp-image-909 alignnone size-full\" \/> \u00a0<span>Buttiglione, 1992<\/span><\/p>\n<p>[\/et_pb_accordion_item][et_pb_accordion_item title=\u00bb%22El amor que busca entender%22 \u00bb _builder_version=\u00bb4.15&#8243; _module_preset=\u00bbdefault\u00bb link_option_url=\u00bbhttps:\/\/asociacioneuc.org\/wp-content\/uploads\/2021\/03\/65EUCCAFFARRAamorQueBuscaEntender.pdf\u00bb global_colors_info=\u00bb{}\u00bb open=\u00bboff\u00bb]<\/p>\n<p><img src=\"https:\/\/asociacioneuc.org\/wp-content\/uploads\/2021\/03\/pdf-naranja-e1616760795694.jpg\" width=\"25\" height=\"25\" alt=\"\" class=\"wp-image-909 alignnone size-full\" \/> <span>Di\u00e1logo con Carlos Cafarra, 2010<\/span><\/p>\n<p>[\/et_pb_accordion_item][et_pb_accordion_item title=\u00bb%22Justificaci\u00f3n teol\u00f3gica de la Doctrina Social de la Iglesia%22&#8243; _builder_version=\u00bb4.15&#8243; _module_preset=\u00bbdefault\u00bb link_option_url=\u00bbhttps:\/\/asociacioneuc.org\/wp-content\/uploads\/2021\/03\/65EUCCaffarraJustificacionteologicaDSI.pdf\u00bb global_colors_info=\u00bb{}\u00bb open=\u00bboff\u00bb]<\/p>\n<p><img src=\"https:\/\/asociacioneuc.org\/wp-content\/uploads\/2021\/03\/pdf-naranja-e1616760795694.jpg\" width=\"25\" height=\"25\" alt=\"\" class=\"wp-image-909 alignnone size-full\" \/> <span>Carlos Cafarra, Revista Cat\u00f3lica Internacional, 1981<\/span><\/p>\n<p>[\/et_pb_accordion_item][et_pb_accordion_item title=\u00bb%22Una econom\u00eda para la esperanza en un entorno de crisis: propuestas desde la Doctrina Social de la Iglesia\u00bb _builder_version=\u00bb4.15&#8243; _module_preset=\u00bbdefault\u00bb link_option_url=\u00bbhttps:\/\/asociacioneuc.org\/wp-content\/uploads\/2021\/03\/64EUCEconomiaesperanzaBarriocanal.pdf\u00bb global_colors_info=\u00bb{}\u00bb open=\u00bboff\u00bb]<\/p>\n<p><img src=\"https:\/\/asociacioneuc.org\/wp-content\/uploads\/2021\/03\/pdf-naranja-e1616760795694.jpg\" width=\"25\" height=\"25\" alt=\"\" class=\"wp-image-909 alignnone size-full\" \/> <span>Fernando Gim\u00e9nez Barriocanal, Congreso Cat\u00f3licos y Vida P\u00fablica 2008<\/span><\/p>\n<p>[\/et_pb_accordion_item][et_pb_accordion_item title=\u00bb%22Unos 842 millones de seres humanos pasan hambre y lo consentimos%22&#8243; _builder_version=\u00bb4.15&#8243; _module_preset=\u00bbdefault\u00bb link_option_url=\u00bbhttps:\/\/asociacioneuc.org\/wp-content\/uploads\/2021\/03\/64EUCRivasLaNuevaEspana.pdf\u00bb global_colors_info=\u00bb{}\u00bb open=\u00bboff\u00bb]<\/p>\n<p><img src=\"https:\/\/asociacioneuc.org\/wp-content\/uploads\/2021\/03\/pdf-naranja-e1616760795694.jpg\" width=\"25\" height=\"25\" alt=\"\" class=\"wp-image-909 alignnone size-full\" \/> \u00a0<span>Adolfo Rivas Fern\u00e1ndez, Revista La Nueva Espa\u00f1a, 2014<\/span><\/p>\n<p>[\/et_pb_accordion_item][et_pb_accordion_item title=\u00bb %22La individualidad de la persona como fuente de su dignidad%22&#8243; _builder_version=\u00bb4.15&#8243; _module_preset=\u00bbdefault\u00bb link_option_url=\u00bbhttps:\/\/asociacioneuc.org\/wp-content\/uploads\/2021\/03\/64EUCDignidadMarianoCrespo.pdf\u00bb global_colors_info=\u00bb{}\u00bb open=\u00bboff\u00bb]<\/p>\n<p><img src=\"https:\/\/asociacioneuc.org\/wp-content\/uploads\/2021\/03\/pdf-naranja-e1616760795694.jpg\" width=\"25\" height=\"25\" alt=\"\" class=\"wp-image-909 alignnone size-full\" \/>\u00a0 A<span>rt\u00edculo de Mariano Crespo, 2013<\/span><\/p>\n<p>[\/et_pb_accordion_item][\/et_pb_accordion][\/et_pb_column][\/et_pb_row][\/et_pb_section][et_pb_section fb_built=\u00bb1&#8243; fullwidth=\u00bbon\u00bb _builder_version=\u00bb4.15&#8243; _module_preset=\u00bbdefault\u00bb global_colors_info=\u00bb{}\u00bb][\/et_pb_section]<\/p>\n","protected":false},"excerpt":{"rendered":"<p>Anteriores EUC Audios El amor humano, ideolog\u00eda de g\u00e9nero D. Nicol\u00e1s Jouve de la Barreda,Conferencia en la Universidad de Alcal\u00e1, 18 noviembre 2016 D\u00aa Mar\u00eda Calvo Charro, 20 febrero 2012 D. Justo Aznar, D. Julio Tudela, D. Enrique Burguete, Observatorio de Bio\u00e9tica de la Universidad Cat\u00f3lica de Valencia, 2020 D. Nicol\u00e1s Jouve de la Barreda,Conferencia [&hellip;]<\/p>\n","protected":false},"author":2,"featured_media":0,"parent":0,"menu_order":0,"comment_status":"closed","ping_status":"closed","template":"","meta":{"_et_pb_use_builder":"on","_et_pb_old_content":"","_et_gb_content_width":""},"_links":{"self":[{"href":"https:\/\/asociacioneuc.org\/index.php\/wp-json\/wp\/v2\/pages\/2188"}],"collection":[{"href":"https:\/\/asociacioneuc.org\/index.php\/wp-json\/wp\/v2\/pages"}],"about":[{"href":"https:\/\/asociacioneuc.org\/index.php\/wp-json\/wp\/v2\/types\/page"}],"author":[{"embeddable":true,"href":"https:\/\/asociacioneuc.org\/index.php\/wp-json\/wp\/v2\/users\/2"}],"replies":[{"embeddable":true,"href":"https:\/\/asociacioneuc.org\/index.php\/wp-json\/wp\/v2\/comments?post=2188"}],"version-history":[{"count":67,"href":"https:\/\/asociacioneuc.org\/index.php\/wp-json\/wp\/v2\/pages\/2188\/revisions"}],"predecessor-version":[{"id":2776,"href":"https:\/\/asociacioneuc.org\/index.php\/wp-json\/wp\/v2\/pages\/2188\/revisions\/2776"}],"wp:attachment":[{"href":"https:\/\/asociacioneuc.org\/index.php\/wp-json\/wp\/v2\/media?parent=2188"}],"curies":[{"name":"wp","href":"https:\/\/api.w.org\/{rel}","templated":true}]}}