{"id":1111,"date":"2021-03-27T16:47:44","date_gmt":"2021-03-27T16:47:44","guid":{"rendered":"https:\/\/asociacioneuc.org\/?page_id=1111"},"modified":"2022-11-21T10:43:17","modified_gmt":"2022-11-21T10:43:17","slug":"listadocumentos","status":"publish","type":"page","link":"https:\/\/asociacioneuc.org\/index.php\/listadocumentos\/","title":{"rendered":"Lista de documentos"},"content":{"rendered":"<p>[et_pb_section fb_built=\u00bb1&#8243; custom_padding_last_edited=\u00bbon|tablet\u00bb admin_label=\u00bbPackages\u00bb _builder_version=\u00bb4.15&#8243; custom_padding=\u00bb16px||110px|0px||\u00bb custom_padding_tablet=\u00bb0px||0px|\u00bb custom_padding_phone=\u00bb\u00bb global_colors_info=\u00bb{}\u00bb][et_pb_row column_structure=\u00bb3_4,1_4&#8243; _builder_version=\u00bb4.15&#8243; _module_preset=\u00bbdefault\u00bb custom_padding=\u00bb44px|||||\u00bb global_colors_info=\u00bb{}\u00bb][et_pb_column type=\u00bb3_4&#8243; _builder_version=\u00bb4.15&#8243; _module_preset=\u00bbdefault\u00bb global_colors_info=\u00bb{}\u00bb][et_pb_text _builder_version=\u00bb4.15&#8243; _module_preset=\u00bbdefault\u00bb min_height=\u00bb20px\u00bb custom_padding=\u00bb||0px|||\u00bb global_colors_info=\u00bb{}\u00bb][\/et_pb_text][et_pb_text _builder_version=\u00bb4.15&#8243; text_font=\u00bb||||\u00bb text_text_color=\u00bb#1a1a1a\u00bb header_font=\u00bbOswald|on||on|\u00bb header_text_align=\u00bbcenter\u00bb header_font_size=\u00bb60px\u00bb header_line_height=\u00bb1.3em\u00bb module_alignment=\u00bbcenter\u00bb min_height=\u00bb48px\u00bb custom_margin=\u00bb-92px||-13px|||\u00bb custom_margin_tablet=\u00bb\u00bb custom_margin_phone=\u00bb-70px||-13px||false|false\u00bb custom_margin_last_edited=\u00bbon|phone\u00bb custom_padding=\u00bb0px||0px|||\u00bb animation_style=\u00bbslide\u00bb animation_direction=\u00bbtop\u00bb animation_intensity_slide=\u00bb10%\u00bb header_font_size_tablet=\u00bb50px\u00bb header_font_size_phone=\u00bb40px\u00bb header_font_size_last_edited=\u00bbon|phone\u00bb header_line_height_tablet=\u00bb\u00bb header_line_height_phone=\u00bb0.6em\u00bb header_line_height_last_edited=\u00bbon|phone\u00bb locked=\u00bboff\u00bb inline_fonts=\u00bbZeyada\u00bb global_colors_info=\u00bb{}\u00bb]<\/p>\n<h1><strong><span style=\"font-family: Zeyada;\">Lista de documentos<\/span><\/strong><\/h1>\n<p>[\/et_pb_text][et_pb_divider color=\u00bb#ff6600&#8243; divider_position=\u00bbcenter\u00bb divider_weight=\u00bb3px\u00bb disabled_on=\u00bboff|off|off\u00bb _builder_version=\u00bb4.15&#8243; max_width=\u00bb150px\u00bb module_alignment=\u00bbcenter\u00bb height=\u00bbfalse\u00bb custom_margin=\u00bb30px|||\u00bb custom_margin_tablet=\u00bb\u00bb custom_margin_phone=\u00bb17px||-22px||false|false\u00bb custom_margin_last_edited=\u00bbon|phone\u00bb animation_style=\u00bbslide\u00bb animation_direction=\u00bbtop\u00bb animation_delay=\u00bb100ms\u00bb animation_intensity_slide=\u00bb10%\u00bb locked=\u00bboff\u00bb global_colors_info=\u00bb{}\u00bb][\/et_pb_divider][\/et_pb_column][et_pb_column type=\u00bb1_4&#8243; _builder_version=\u00bb4.15&#8243; _module_preset=\u00bbdefault\u00bb global_colors_info=\u00bb{}\u00bb][et_pb_button button_url=\u00bb@ET-DC@eyJkeW5hbWljIjp0cnVlLCJjb250ZW50IjoicG9zdF9saW5rX3VybF9wYWdlIiwic2V0dGluZ3MiOnsicG9zdF9pZCI6IjQ3NiJ9fQ==@\u00bb button_text=\u00bbLista de conferencias\u00bb button_alignment=\u00bbcenter\u00bb disabled_on=\u00bbon|on|off\u00bb _builder_version=\u00bb4.11.1&#8243; _dynamic_attributes=\u00bbbutton_url\u00bb _module_preset=\u00bbdefault\u00bb custom_button=\u00bbon\u00bb button_text_size=\u00bb14px\u00bb button_text_color=\u00bb#ff6600&#8243; custom_margin=\u00bb||12px|||\u00bb global_colors_info=\u00bb{}\u00bb][\/et_pb_button][et_pb_button button_url=\u00bb@ET-DC@eyJkeW5hbWljIjp0cnVlLCJjb250ZW50IjoicG9zdF9saW5rX3VybF9wYWdlIiwic2V0dGluZ3MiOnsicG9zdF9pZCI6IjU0MSJ9fQ==@\u00bb button_text=\u00bbVolver a las charlas por temas\u00bb button_alignment=\u00bbcenter\u00bb disabled_on=\u00bbon|on|off\u00bb _builder_version=\u00bb4.11.1&#8243; _dynamic_attributes=\u00bbbutton_url\u00bb _module_preset=\u00bbdefault\u00bb custom_button=\u00bbon\u00bb button_text_size=\u00bb14px\u00bb button_text_color=\u00bb#ff6600&#8243; custom_margin=\u00bb|||2px||\u00bb custom_padding=\u00bb|||5px||\u00bb global_colors_info=\u00bb{}\u00bb][\/et_pb_button][\/et_pb_column][\/et_pb_row][et_pb_row column_structure=\u00bb1_2,1_2&#8243; _builder_version=\u00bb4.15&#8243; _module_preset=\u00bbdefault\u00bb custom_padding=\u00bb35px|||||\u00bb global_colors_info=\u00bb{}\u00bb][et_pb_column type=\u00bb1_2&#8243; _builder_version=\u00bb4.15&#8243; _module_preset=\u00bbdefault\u00bb global_colors_info=\u00bb{}\u00bb][et_pb_text _builder_version=\u00bb4.15&#8243; _module_preset=\u00bbdefault\u00bb text_font=\u00bbMontserrat|500|||||||\u00bb text_font_size=\u00bb14px\u00bb text_line_height=\u00bb1.9em\u00bb width=\u00bb100%\u00bb custom_margin=\u00bb-27px||-17px|||\u00bb custom_padding=\u00bb0px|||||\u00bb global_colors_info=\u00bb{}\u00bb]<\/p>\n<p><strong>80\u00b0 EUC: \u00bfTu verdad? \u00bfMi verdad? \u00a1La Verdad! (Valladolid 2022)<br \/><\/strong>&#8211; \u00abLa conciencia: Dios habla al coraz\u00f3n del hombre\u00bb (Mons. Jean-Louis Brugu\u00e8s. <em>Teologia y vida<\/em> n\u00ba55\/2, 2014, p.383-394)<strong><\/strong><\/p>\n<p>&#8211; Beato Rupert Mayer. Homil\u00eda en San Miguel de Munich el 20 de mayo de 1987, dentro del septenario por la beatificaci\u00f3n del padre Rupert Mayer.<\/p>\n<p><strong>79\u00b0 EUC: Verdad y Libertad: equilibrio en la balanza I <\/strong>(\u00c1vila 2022)<\/p>\n<p>&#8211; Enc\u00edclica \u00abVeritatis Splendor\u00bb n\u00ba54-64. San Juan Pablo II<\/p>\n<p>&#8211; \u00abLuces en la sombra. El juego del Calamar\u00bb (D. Isidro Catela, 2021)<\/p>\n<p>&#8211; \u00abPor qu\u00e9 la posverdad no es lo mismo que las mentiras de toda la vida\u00bb (D. Miguel \u00c1ngel Quintana Paz, 2017)<\/p>\n<p><strong>75\u00b0 EUC: Asombrados por la diferencia I\u00a0<\/strong>(\u00c1vila 2020)<br \/>&#8211; \u00ab\u00bfQu\u00e9 dictan nuestros genes?&#8230; No todo es cuesti\u00f3n de genes (D. Nicol\u00e1s Jouve de la Barreda, Conferencia en la Universidad de Alcal\u00e1, 18 noviembre 2016)<\/p>\n<p>&#8211; \u00abLa Ideolog\u00eda de g\u00e9nero y sus consecuencias sobre la relaci\u00f3n paterno-filial (D\u00aa Mar\u00eda Calvo Charro, 20 febrero 2012)<\/p>\n<p>&#8211; Comentario al art\u00edculo \u00abThe Vatican on gender theory and the responsabilities of Medicine\u00bb firmado por Timothy F. Murphy el 21 octubre 2019 (D. Justo Aznar, D. Julio Tudela, D. Enrique Burguete, Observatorio de Bio\u00e9tica de la Universidad Cat\u00f3lica de Valencia, 2020)<\/p>\n<p>&#8211; \u00abFundamentos antropol\u00f3gicos de la \u00e9tica de la sexualidad\u00bb (Carlos Caffarra, Instituto Berit de la Familia, 22 enero 1994)<\/p>\n<p><strong>74\u00b0 EUC: Una Espa\u00f1a por descubrir III\u00a0<\/strong>(Valladolid 2019)<br \/>&#8211; \u00abThanksgiving vs Columbus Day\u00bb (D\u00aa Mar\u00eda Elvira Roca Barea, El Mundo Tribuna, 12 octubre 2019)<\/p>\n<p>&#8211; \u00abVenezuela: Bol\u00edvar no, Espa\u00f1a s\u00ed\u00bb (D. Carlos Le\u00e1\u00f1ez Aristimu\u00f1o, El Mundo Tribuna, 10 octubre 2019)<br \/>&#8211; \u00ab\u00bfEs Espa\u00f1a un pa\u00eds atrasado? Las 63 expediciones cient\u00edficas que desmienten otra leyenda negra\u00bb (D. C\u00e9sar Cervera, Peri\u00f3dico ABC, 4 junio 2019)<br \/>&#8211; \u00abSaludo del papa Benedicto XVI en la Vigilia de oraci\u00f3n por la beatificaci\u00f3n del cardenal John Henry Newman\u00bb (Hyde Park Londres, 18 septiembre 2010)<br \/><strong><\/strong><strong> <\/strong><\/p>\n<p><strong>73\u00b0 EUC: Una Espa\u00f1a por descubrir II\u00a0<\/strong>(\u00c1vila 2019)<br \/>&#8211; \u00abEl ind\u00edgena americano, sujeto y proyecci\u00f3n de la modernidad catellana\u00bb, Isabel la cat\u00f3lica, Homenage en el V centenario de su muerte (Mar\u00eda Saavedra Inaraja, 2005)<br \/>&#8211; \u00abCentenario de la conquista de M\u00e9jico por Hern\u00e1n Cort\u00e9s\u00bb (Jes\u00fas Garc\u00eda Calero, ABC. Cultura, 29 de enero de 2019)<br \/>Documentos varios de D\u00aa Mar\u00eda Elvira Roca Barea (2016)<br \/>&#8211; \u00abPanorama de la evangelizaci\u00f3n Hispanoamericana (1492-1824)\u00bb Carthaginensia VII (Pedro Borges, 1991) 415-451.<br \/><strong><br \/>72\u00b0 EUC: Una Espa\u00f1a por descubrir I<\/strong>\u00a0(C\u00f3rdoba 2018)<br \/>&#8211; \u00abSeraf\u00edn Fanjul: Al-Andalus no es un modelo aceptable hoy para Europa\u00bb (junio 2017)<br \/>&#8211; \u00abHistoria y ficci\u00f3n\u00bb (septiembre 2018)<\/p>\n<p><strong>71\u00b0 EUC: Minor\u00edas creativas para una nueva Europa II\u00a0<\/strong>(\u00c1vila 2018)<br \/>&#8211; \u00abLas condiciones del pacto\u00bb (Ignacio S\u00e1nchez C\u00e1mara, 2018)<strong><a href=\"https:\/\/asociacioneuc.org\/Documentos\/docsEUCs\/71EUCDiosyelCesarNacionalista.pdf\"><br \/><\/a>&#8211; <\/strong>\u00abDios y el C\u00e9sar nacionalista\u00bb (Ignacio S\u00e1nchez C\u00e1mara, 2018)<br \/>&#8211; \u00abEl catolicismo ha conformado la esencia de Espa\u00f1a durante siglos\u00bb (Luis Su\u00e1rez, Entrevista en La Raz\u00f3n septiembre 2012)<strong><br \/><\/strong>&#8211; \u00abMar\u00eda Elvira Roca defiende el papel de Espa\u00f1a en Am\u00e9rica y desmonta bulos sobre Europa\u00bb.<br \/><strong><br \/>70\u00b0 EUC: Minor\u00edas creativas para una nueva Europa I\u00a0<\/strong>(Valencia 2017)<br \/>&#8211; Benito de Nursia<br \/>&#8211; Cisneros<br \/>&#8211; Familia y educaci\u00f3n (Teresa Cid y Eduardo Ortiz)<\/p>\n<p><strong>69\u00b0 EUC: Siglo XX, \u00bf\u00e9poca de cambios o cambio de \u00e9poca?\u00a0<\/strong>(\u00c1vila 2017)<br \/>&#8211; \u00abGilbert Keith Chesterton, profeta\u00bb (Alfa y Omega marzo 2012)<br \/>&#8211; \u00abEuropa y la Fe\u00bb (Juan Manuel de Prada, Magnificat enero 2017)<br \/>&#8211; \u00abCartas del diablo a su sobrino\u00bb (Juan Manuel de Prada, Magnificat noviembre 2016)<br \/>&#8211; \u00abFe, verdad y tolerancia\u00bb (Joseph Ratzinger, 2006)<\/p>\n<p><strong>68\u00b0 EUC: Intelectuales ante Dios I<\/strong>\u00a0(Salamanca 2016)<br \/>&#8211; \u00abJ\u00e9r\u00f4me Lejeune: una raz\u00f3n que ama\u00bb (Nicol\u00e1s Jouve de la Bareda, 2016)<br \/>&#8211; \u00abPadre de la gen\u00e9tica: J\u00e9r\u00f4me Lejeune\u00bb (Fundaci\u00f3n J\u00e9r\u00f4me Lejeune)<br \/>&#8211; \u00abPadre de la gen\u00e9tica moderna, J\u00e9r\u00f4me Lejeune: En el principio est\u00e1 la vida\u00bb (Clara Lejeune, 2011)<br \/>&#8211; \u00abAntonio Gaud\u00ed: Un hombre fascinado por la belleza\u00bb (Mar\u00eda Rodr\u00edguez Velasco, 29 octubre 2016)<br \/>&#8211; \u00abLa belleza es el resplandor de la verdad: Antonio Gaud\u00ed\u00bb<br \/>&#8211; \u00abCatequesis: El deseo de Dios\u00bb (Benedicto XVI, 7 noviembre 2012)<br \/>&#8211; \u00abHomilia durante la consagraci\u00f3n de la Iglesia de la Sagrada Familia y del altar\u00bb (Benedicto XVI, Barcelona 7 noviembre 2010)<\/p>\n<p><strong>67\u00b0 EUC: Llamados a amar II<\/strong>\u00a0(\u00c1vila 2016)<br \/>&#8211; \u00abCristo nos ense\u00f1a a amar: 30 preguntas sobre el amor\u00bb (Instituto Juan Pablo II, Humanitas)<br \/>&#8211; \u00bb Educaci\u00f3n de la sexualidad como educaci\u00f3n al amor\u00bb (Jos\u00e9 Noriega, Instituto Juan Pablo II, 27 abril 2006)<strong><br \/><\/strong>&#8211; \u00abLas mujeres y la cultura de la vida\u00bb (D\u00aa Mary Ann Glendon, Universidad de Harvard)<strong><br \/><\/strong>&#8211; \u00abLa experiencia del pudor y la educaci\u00f3n al amor\u00bb (D\u00aa Ester Penalba Pla, Julio 2013)<strong><br \/><\/strong>&#8211; \u00abCoraz\u00f3n\u00bb, extracto del libro <em>Coloquio Familiar<\/em>\u00a0(P. Tom\u00e1s Morales, Madrid 2013)<strong><\/strong><strong> <\/strong><\/p>\n<p><strong>66\u00b0 EUC: Llamados a amar I<\/strong>\u00a0(Valladolid 2015)<br \/>&#8211; \u00abAmor, sexualidad, virginidad\u00bb (Conferencia de Carlos Cafarra, 1994)<br \/>&#8211; \u00abLa tercera guerra mundial se libra en la familia\u00bb (Conferencia de Mons. Munilla en Toledo, 2015)<br \/>&#8211; Rese\u00f1a del Libro \u00abSexo con alma y cuerpo\u00bb de Mons Munilla (Alfa y Omega, 2014)<\/p>\n<p>&nbsp;<\/p>\n<p>[\/et_pb_text][et_pb_button button_url=\u00bb@ET-DC@eyJkeW5hbWljIjp0cnVlLCJjb250ZW50IjoicG9zdF9saW5rX3VybF9wYWdlIiwic2V0dGluZ3MiOnsicG9zdF9pZCI6IjQ3NiJ9fQ==@\u00bb button_text=\u00bbLista de conferencias\u00bb button_alignment=\u00bbcenter\u00bb disabled_on=\u00bbon|on|off\u00bb _builder_version=\u00bb4.11.1&#8243; _dynamic_attributes=\u00bbbutton_url\u00bb _module_preset=\u00bbdefault\u00bb custom_button=\u00bbon\u00bb button_text_size=\u00bb14px\u00bb button_text_color=\u00bb#ff6600&#8243; global_colors_info=\u00bb{}\u00bb][\/et_pb_button][et_pb_button button_url=\u00bb@ET-DC@eyJkeW5hbWljIjp0cnVlLCJjb250ZW50IjoicG9zdF9saW5rX3VybF9wYWdlIiwic2V0dGluZ3MiOnsicG9zdF9pZCI6IjU0MSJ9fQ==@\u00bb button_text=\u00bbVolver a las charlas por temas\u00bb button_alignment=\u00bbcenter\u00bb disabled_on=\u00bbon|on|off\u00bb _builder_version=\u00bb4.11.1&#8243; _dynamic_attributes=\u00bbbutton_url\u00bb _module_preset=\u00bbdefault\u00bb custom_button=\u00bbon\u00bb button_text_size=\u00bb14px\u00bb button_text_color=\u00bb#ff6600&#8243; global_colors_info=\u00bb{}\u00bb][\/et_pb_button][\/et_pb_column][et_pb_column type=\u00bb1_2&#8243; _builder_version=\u00bb4.15&#8243; _module_preset=\u00bbdefault\u00bb global_colors_info=\u00bb{}\u00bb][et_pb_text _builder_version=\u00bb4.15&#8243; _module_preset=\u00bbdefault\u00bb text_font=\u00bbMontserrat|500|||||||\u00bb text_font_size=\u00bb14px\u00bb text_line_height=\u00bb1.9em\u00bb width=\u00bb100%\u00bb custom_margin=\u00bb-41px|||||\u00bb custom_padding=\u00bb0px||0px|||\u00bb global_colors_info=\u00bb{}\u00bb]<\/p>\n<p><strong>65\u00b0 EUC: La pobreza tiene un rostro II<\/strong>\u00a0(\u00c1vila 2015)<strong><br \/><\/strong>&#8211; \u00abBien com\u00fan, solidaridad y participaci\u00f3n\u00bb. Libro: El pensamiento de Karol Wojtyla (Buttiglione, 1992)<br \/>&#8211; \u00abEl amor que busca entender\u00bb (Di\u00e1logo con Carlos Cafarra, 2010)<br \/>&#8211; \u00abJustificaci\u00f3n teol\u00f3gica de la Doctrina Social de la Iglesia\u00bb (Carlos Cafarra, Revista Cat\u00f3lica Internacional, 1981)<br \/><strong><br \/>64\u00b0 EUC: La pobreza tiene un rostro I<\/strong>\u00a0(Valladolid 2014)<strong><br \/><\/strong>&#8211; \u00abUna econom\u00eda para la esperanza en un entorno de crisis: propuestas desde la Doctrina Social de la Iglesia (Fernando Gim\u00e9nez Barriocanal, Congreso Cat\u00f3licos y Vida P\u00fablica 2008)<strong><br \/><\/strong>&#8211; \u00abUnos 842 millones de seres humanos pasan hambre y lo consentimos\u00bb (Adolfo Rivas Fern\u00e1ndez, Revista La Nueva Espa\u00f1a, 2014)<strong><br \/><\/strong>&#8211; \u00abLa individualidad de la persona como fuente de su dignidad\u00bb (art\u00edculo de Mariano Crespo, 2013)<\/p>\n<p><strong>63\u00b0 EUC: Del <em>Homo sapiens<\/em>\u00a0al\u00a0<em>Homo virtualis<\/em><\/strong>\u00a0<strong>II<\/strong>\u00a0(\u00c1vila 2014)<strong><br \/><\/strong>&#8211; \u00abLa Comunicaci\u00f3n al servicio de una aut\u00e9ntica cultura del encuentro\u00bb, Mensaje del Papa Francisco para la 48\u00aa Jornada de las Comunicaciones Sociales<br \/>&#8211; \u00abLa culpa fue del WhatsApp\u00bb (Art\u00edculo de Pilar Guembe y Carlos Go\u00f1i, octubre 2013)<\/p>\n<p><strong>62\u00b0 EUC: Del\u00a0<em>Homo sapiens<\/em>\u00a0al\u00a0<em>Homo virtualis<\/em><\/strong>\u00a0(\u00c1vila 2013)<br \/>&#8211; \u00abLas nuevas adicciones\u00bb (Semanario Cat\u00f3lico Alfa y Omega, n\u00ba 454, 9 Junio 2205)<br \/>&#8211; \u00abUsos de internet y factores asociados en adolescentes de la Comunidad de Madrid\u00bb (D\u00aa. Mercedes S\u00e1nchez-Mart\u00ednez y D. \u00c1ngel Otero Puime, enero 2009)<br \/>&#8211; \u00abEn las Redes Sociales hay hambre de Dios\u00bb (Di\u00e1logo con el obispo Adalberto Mart\u00ednez, presidente de comunicaciones del Celam, por Jos\u00e9 Antonio Varela Vidal, 22 Mayo 2013)<br \/>&#8211; \u00abInternet, periferia existencial &#8211; Nada de los humano es ajeno a la Iglesia\u00bb (P. Juan Antonio Ruiz J., L.C., 22 Mayo 2013)<br \/>&#8211; \u00abRedes Sociales: portales de verdad y de fe; nuevos espacios para la evangelizaci\u00f3n\u00bb (Mensaje de Benedicto XVI para la XLVII Jornada Mundial de las Comunicaciones Sociales, 24 Enero 2013)<br \/>&#8211; \u00ab\u00bfQu\u00e9 le est\u00e1 haciendo Internet a nuestros cerecros?\u00bb (Nicholas Carr, 2008)<br \/>&#8211; \u00ab\u00bfSomos adictos a WhatsApp?\u00bb (Noticia Paraula, 10 Marzo 2013)<\/p>\n<p><strong>61\u00b0 EUC: \u00bfReiventar lo humano? IV<\/strong>\u00a0(\u00c1vila 2013)<br \/>&#8211; \u00abAnalfabetismo afectivo y cultura del amor\u00bb (Mons. Livio Melina, Junio 2010)<br \/>&#8211; \u00abEl genio femenino, su proyecci\u00f3n\u00bb (D\u00aa Lydia Jim\u00e9nez Gonz\u00e1lez)<br \/>&#8211; \u00abCarta a los obispos de la Iglesia cat\u00f3lica sobre la colaboraci\u00f3n del hombre y de la mujer en la Iglesia y el mundo\u00bb (Congregaci\u00f3n para la Doctrina de la Fe, 31 Mayo 2004)<br \/>&#8211; \u00abCarta del Papa Juan Pablo II a las mujeres\u00bb (29 Junio 1995)<br \/>&#8211; \u00abLa evangelizaci\u00f3n de los j\u00f3venes ante la &#8216;emergencia educativa'\u00bb (Congreso Pastoral juvenil, Mons. D. Jos\u00e9 Ignacio Munilla, 2012) Aguirre)<\/p>\n<p><strong>60\u00b0 EUC: \u00bfReiventar lo humano? III<\/strong>\u00a0(\u00c1vila 2012)<br \/>&#8211; \u00abCastidad: la virtud cristiana menos popular de todas\u00bb (C.S.Lewis)<br \/>&#8211; \u00abEmotivismo pedag\u00f3gico\u00bb (D. Abilio de Gregorio)<br \/>&#8211; \u00abHombre o mujer: \u00bfrealidad o elecci\u00f3n? (Card. Caffarra, 21 Junio 2008)<br \/>&#8211; \u00abEducaci\u00f3n de la sexualidad como educaci\u00f3n al amor\u00bb (D. Jos\u00e9 Noriega, 27 Abril 2006)<\/p>\n<p><strong>59\u00b0 EUC: \u00bfReiventar lo humano? II<\/strong>\u00a0(\u00c1vila 2012)<br \/>&#8211; \u00abSi no soy hombre o mujer, entonces \u00bfqu\u00e9 soy?, Claves para entender la ideolog\u00eda de g\u00e9nero\u00bb (Revista Mundo cristiano, Febrero 2007)<br \/>&#8211; \u00abCerebro Femenino\u00bb (D\u00aa Natalia L\u00f3pez Moratalla, Catedr\u00e1tica de Biolog\u00eda Molecular en la Universidad de Navarra, 2 Junio 2011)<br \/>&#8211; \u00abHombres y mujeres, a m\u00e1s distancia que de Marte a Venus\u00bb (D\u00aa Natalia L\u00f3pez Moratalla, D\u00aa Mercedes Beunza, 2 Febrero 2012)<br \/>&#8211; \u00abEl ser humano, \u00bfnace o se hace?\u00bb (D. Jos\u00e9 Mar\u00eda Barrio Maestre, Universidad Complutense de Madrid)<\/p>\n<p><strong>58\u00b0 EUC: \u00bfReiventar lo humano? I<\/strong>\u00a0(\u00c1vila 2011)<br \/>&#8211; \u00abVar\u00f3n y mujer: \u00bfNaturaleza o cultura? (Jutta Burggraf, 2011)<br \/>&#8211; \u00abLa Ideolog\u00eda de g\u00e9nero. Entrevista con Aquilino Polaino\u00bb (Pilar Mu\u00f1oz y Rafael Nieto, 2009)<br \/>&#8211; \u00abUna ley para imponer la ideolog\u00eda de g\u00e9nero en la sociedad\u00bb (Benigno Blanco, Foro de la Familia, Revista Buenanueva, mayo 2011)<br \/>&#8211; Breve Bibliograf\u00eda de estudios sobre Ideolog\u00eda de g\u00e9nero<\/p>\n<p><strong>56\u00b0 EUC: \u00abUna verdad para vivir II: Intelectuales conversos del s.XX\u00bb\u00a0<\/strong>(\u00c1vila 2010)<strong><br \/><\/strong>&#8211; Breves biograf\u00edas de conversos: Robert Hugh Benson, Cristopher Dawson, Manuel Garc\u00eda Morente, Narciso Yepes, John Henry Newman<br \/>&#8211; Entrevista con el padre Ian Boyd, especialista en Chesterton (16 septiembre 2010)<\/p>\n<p><strong>Conferencias \u00abEntre Atenas y Jerusal\u00e9n\u00bb<\/strong>\u00a0(Ciclo de conferencias dadas en la UCM, 2012)<strong><br \/><\/strong>&#8211; \u201cLa relaci\u00f3n originaria entre filosof\u00eda y religi\u00f3n. Visi\u00f3n de Josef Pieper\u201d (D\u00aa. Sara Gallardo Gonz\u00e1lez)<br \/>&#8211; \u201cMax Scheler y la posibilidad de una \u2018teolog\u00eda fenomenol\u00f3gica'\u00bb (D\u00aa. Pilar Fern\u00e1ndez Beites)<strong> <\/strong><\/p>\n<p><strong>50 \u00b0 EUC:\u00a0<em>\u00abDe la Fe a la Raz\u00f3n\u00bb<\/em><\/strong>\u00a0(Valencia 2007)<br \/>&#8211; Publicaciones de Joseph Card. Ratzinger: \u00abLas patolog\u00edas de la religi\u00f3n y de la raz\u00f3n\u00bb (2004)<br \/>&#8211; \u00abPatolog\u00edas de la raz\u00f3n\u00bb (D. Eduardo Ortiz)<\/p>\n<p><strong>49\u00b0 EUC:\u00a0<em>\u00abDe la Raz\u00f3n a la Fe\u00bb<\/em><\/strong>\u00a0(Salamanca 2007)<br \/>&#8211; Benedicto XVI: \u00abPor una alianza entre fe y raz\u00f3n\u00bb (discurso en la Fiesta de Santo Tom\u00e1s, 28-01-2007)<\/p>\n<p><strong>51 \u00b0 EUC:\u00a0<em>\u00abEl Cristianismo \u00bfla religi\u00f3n verdadera?\u00bb<\/em><\/strong>\u00a0(\u00c1vila 2008)<br \/>&#8211; El acceso a Jes\u00fas: la cuesti\u00f3n de las fuentes (D. Jorge Juan Fern\u00e1ndez Sangrador)<\/p>\n<p><strong>53\u00b0 EUC: \u00abTom\u00e1s Morales, una pedagog\u00eda realista\u00bb<\/strong>\u00a0(Salamanca 2009)<br \/>&#8211; Extracto de textos del Padre Tom\u00e1s Morales<\/p>\n<p><strong>48\u00b0 EUC:\u00a0<em>\u00abJavier: Universidad y Misi\u00f3n\u00bb\u00a0<\/em><\/strong>(Javier 2006)<br \/>&#8211; \u00abEspiritualidad y educaci\u00f3n Ignaciana\u00bb (Extracto &#8211; Luis Ugalde, S.J., Caracas, 1999)<\/p>\n<p>[\/et_pb_text][\/et_pb_column][\/et_pb_row][\/et_pb_section][et_pb_section fb_built=\u00bb1&#8243; fullwidth=\u00bbon\u00bb _builder_version=\u00bb4.15&#8243; _module_preset=\u00bbdefault\u00bb global_colors_info=\u00bb{}\u00bb][\/et_pb_section]<\/p>\n","protected":false},"excerpt":{"rendered":"<p>Lista de documentos80\u00b0 EUC: \u00bfTu verdad? \u00bfMi verdad? \u00a1La Verdad! (Valladolid 2022)- \u00abLa conciencia: Dios habla al coraz\u00f3n del hombre\u00bb (Mons. Jean-Louis Brugu\u00e8s. Teologia y vida n\u00ba55\/2, 2014, p.383-394) &#8211; Beato Rupert Mayer. Homil\u00eda en San Miguel de Munich el 20 de mayo de 1987, dentro del septenario por la beatificaci\u00f3n del padre Rupert Mayer. [&hellip;]<\/p>\n","protected":false},"author":2,"featured_media":0,"parent":0,"menu_order":0,"comment_status":"closed","ping_status":"closed","template":"","meta":{"_et_pb_use_builder":"on","_et_pb_old_content":"","_et_gb_content_width":""},"_links":{"self":[{"href":"https:\/\/asociacioneuc.org\/index.php\/wp-json\/wp\/v2\/pages\/1111"}],"collection":[{"href":"https:\/\/asociacioneuc.org\/index.php\/wp-json\/wp\/v2\/pages"}],"about":[{"href":"https:\/\/asociacioneuc.org\/index.php\/wp-json\/wp\/v2\/types\/page"}],"author":[{"embeddable":true,"href":"https:\/\/asociacioneuc.org\/index.php\/wp-json\/wp\/v2\/users\/2"}],"replies":[{"embeddable":true,"href":"https:\/\/asociacioneuc.org\/index.php\/wp-json\/wp\/v2\/comments?post=1111"}],"version-history":[{"count":20,"href":"https:\/\/asociacioneuc.org\/index.php\/wp-json\/wp\/v2\/pages\/1111\/revisions"}],"predecessor-version":[{"id":2187,"href":"https:\/\/asociacioneuc.org\/index.php\/wp-json\/wp\/v2\/pages\/1111\/revisions\/2187"}],"wp:attachment":[{"href":"https:\/\/asociacioneuc.org\/index.php\/wp-json\/wp\/v2\/media?parent=1111"}],"curies":[{"name":"wp","href":"https:\/\/api.w.org\/{rel}","templated":true}]}}